{"id":81,"date":"2023-05-22T09:32:13","date_gmt":"2023-05-22T12:32:13","guid":{"rendered":"https:\/\/secretarias.fceqyn.unam.edu.ar\/secidi\/?page_id=81"},"modified":"2024-12-13T11:18:53","modified_gmt":"2024-12-13T14:18:53","slug":"jornadas-de-investigacion","status":"publish","type":"page","link":"https:\/\/secretarias.fceqyn.unam.edu.ar\/secidi\/jornadas-de-investigacion\/","title":{"rendered":"Jornadas de Investigaci\u00f3n"},"content":{"rendered":"\t\t<div data-elementor-type=\"wp-page\" data-elementor-id=\"81\" class=\"elementor elementor-81\" data-elementor-post-type=\"page\">\n\t\t\t\t\t\t<section data-particle_enable=\"false\" data-particle-mobile-disabled=\"false\" class=\"elementor-section elementor-top-section elementor-element elementor-element-3ed7a7c elementor-section-boxed elementor-section-height-default elementor-section-height-default\" data-id=\"3ed7a7c\" data-element_type=\"section\">\n\t\t\t\t\t\t<div class=\"elementor-container elementor-column-gap-default\">\n\t\t\t\t\t<div class=\"elementor-column elementor-col-100 elementor-top-column elementor-element elementor-element-7b63a59\" data-id=\"7b63a59\" data-element_type=\"column\">\n\t\t\t<div class=\"elementor-widget-wrap elementor-element-populated\">\n\t\t\t\t\t\t<div class=\"elementor-element elementor-element-75e3c3a elementor-widget elementor-widget-toggle\" data-id=\"75e3c3a\" data-element_type=\"widget\" data-widget_type=\"toggle.default\">\n\t\t\t\t<div class=\"elementor-widget-container\">\n\t\t\t<style>\/*! elementor - v3.20.0 - 20-03-2024 *\/\n.elementor-toggle{text-align:left}.elementor-toggle .elementor-tab-title{font-weight:700;line-height:1;margin:0;padding:15px;border-bottom:1px solid #d5d8dc;cursor:pointer;outline:none}.elementor-toggle .elementor-tab-title .elementor-toggle-icon{display:inline-block;width:1em}.elementor-toggle .elementor-tab-title .elementor-toggle-icon svg{margin-inline-start:-5px;width:1em;height:1em}.elementor-toggle .elementor-tab-title .elementor-toggle-icon.elementor-toggle-icon-right{float:right;text-align:right}.elementor-toggle .elementor-tab-title .elementor-toggle-icon.elementor-toggle-icon-left{float:left;text-align:left}.elementor-toggle .elementor-tab-title .elementor-toggle-icon .elementor-toggle-icon-closed{display:block}.elementor-toggle .elementor-tab-title .elementor-toggle-icon .elementor-toggle-icon-opened{display:none}.elementor-toggle .elementor-tab-title.elementor-active{border-bottom:none}.elementor-toggle .elementor-tab-title.elementor-active .elementor-toggle-icon-closed{display:none}.elementor-toggle .elementor-tab-title.elementor-active .elementor-toggle-icon-opened{display:block}.elementor-toggle .elementor-tab-content{padding:15px;border-bottom:1px solid #d5d8dc;display:none}@media (max-width:767px){.elementor-toggle .elementor-tab-title{padding:12px}.elementor-toggle .elementor-tab-content{padding:12px 10px}}.e-con-inner>.elementor-widget-toggle,.e-con>.elementor-widget-toggle{width:var(--container-widget-width);--flex-grow:var(--container-widget-flex-grow)}<\/style>\t\t<div class=\"elementor-toggle\">\n\t\t\t\t\t\t\t<div class=\"elementor-toggle-item\">\n\t\t\t\t\t<div id=\"elementor-tab-title-1231\" class=\"elementor-tab-title\" data-tab=\"1\" role=\"button\" aria-controls=\"elementor-tab-content-1231\" aria-expanded=\"false\">\n\t\t\t\t\t\t\t\t\t\t\t\t<span class=\"elementor-toggle-icon elementor-toggle-icon-left\" aria-hidden=\"true\">\n\t\t\t\t\t\t\t\t\t\t\t\t\t\t\t<span class=\"elementor-toggle-icon-closed\"><i class=\"fas fa-caret-right\"><\/i><\/span>\n\t\t\t\t\t\t\t\t<span class=\"elementor-toggle-icon-opened\"><i class=\"elementor-toggle-icon-opened fas fa-caret-up\"><\/i><\/span>\n\t\t\t\t\t\t\t\t\t\t\t\t\t<\/span>\n\t\t\t\t\t\t\t\t\t\t\t\t<a class=\"elementor-toggle-title\" tabindex=\"0\">Jornada FCEQyN 2023<\/a>\n\t\t\t\t\t<\/div>\n\n\t\t\t\t\t<div id=\"elementor-tab-content-1231\" class=\"elementor-tab-content elementor-clearfix\" data-tab=\"1\" role=\"region\" aria-labelledby=\"elementor-tab-title-1231\"><p><strong>JORNADAS CIENTIFICO TECNOL\u00d3GICAS 50\u00ba ANIVERSARIO UNIVERSIDAD NACIONAL DE MISIONES<\/strong><\/p><p>\u201cX\u00a0Jornadas\u00a0Cient\u00edfico-Tecnol\u00f3gicas, I\u00a0Jornadas\u00a0de Trabajos y Tesis de Posgrado y I\u00a0Jornadas\u00a0de Extensi\u00f3n y Vinculaci\u00f3n Tecnol\u00f3gica \u2013 50 Aniversario de la UNaM\u201d<\/p><p>Las Jornadas Cient\u00edfico Tecnol\u00f3gicas del 50\u00ba Aniversario de la Universidad Nacional de Misiones, se realizaran en la ciudad de Posadas, realizadas los d\u00edas 01, 02 y 03 de Noviembre de 2023 en la Facultad de Ciencias Exactas, Qu\u00edmicas y Naturales de la Ciudad de Posadas.\u00a0<\/p><p><strong>Link de Acceso al Sitio de las Jornadas \u00a0<\/strong><\/p><p><strong>Libro de Res\u00famenes Jornadas &#8211; <a href=\"http:\/\/secretarias.fceqyn.unam.edu.ar\/secidi\/wp-content\/uploads\/sites\/2\/2024\/12\/Libro-de-Resumenes-X-Jornadas-Cientifico-Tecnologicas-I-Jornadas-de-T-y-T-de-Posgrado-I-Jornadas-de-E-y-V.pdf\">Descargar<\/a><\/strong><\/p><\/div>\n\t\t\t\t<\/div>\n\t\t\t\t\t\t\t<div class=\"elementor-toggle-item\">\n\t\t\t\t\t<div id=\"elementor-tab-title-1232\" class=\"elementor-tab-title\" data-tab=\"2\" role=\"button\" aria-controls=\"elementor-tab-content-1232\" aria-expanded=\"false\">\n\t\t\t\t\t\t\t\t\t\t\t\t<span class=\"elementor-toggle-icon elementor-toggle-icon-left\" aria-hidden=\"true\">\n\t\t\t\t\t\t\t\t\t\t\t\t\t\t\t<span class=\"elementor-toggle-icon-closed\"><i class=\"fas fa-caret-right\"><\/i><\/span>\n\t\t\t\t\t\t\t\t<span class=\"elementor-toggle-icon-opened\"><i class=\"elementor-toggle-icon-opened fas fa-caret-up\"><\/i><\/span>\n\t\t\t\t\t\t\t\t\t\t\t\t\t<\/span>\n\t\t\t\t\t\t\t\t\t\t\t\t<a class=\"elementor-toggle-title\" tabindex=\"0\">Jornadas UNaM 2018<\/a>\n\t\t\t\t\t<\/div>\n\n\t\t\t\t\t<div id=\"elementor-tab-content-1232\" class=\"elementor-tab-content elementor-clearfix\" data-tab=\"2\" role=\"region\" aria-labelledby=\"elementor-tab-title-1232\"><p><strong>JORNADAS CIENTIFICO TECNOL\u00d3GICAS 45\u00ba ANIVERSARIO UNIVERSIDAD NACIONAL DE MISIONES Y CENTENARIO DE LA REFORMA UNIVERSITARIA<\/strong><\/p><div>Las Jornadas Cient\u00edfico Tecnol\u00f3gicas del 45\u00ba Aniversario de la Universidad Nacional de Misiones y Centenario de la Reforma Universitaria, se realizaran en el Campus Universitario de la ciudad de Posadas, entre el 9 y el 11 de mayo de 2018. El evento es\u00a0organizado por las Secretarias de Investigaci\u00f3n de las Facultades y la Secretaria General de Ciencia y Tecnolog\u00eda.<\/div><div>\u00a0<\/div><div><strong>Link de Acceso al Sitio de las Jornadas \u00a0<\/strong><a href=\"http:\/\/jct.unam.edu.ar\/\">http:\/\/jct.unam.edu.ar\/<\/a><\/div><div>\u00a0<\/div><div><strong>Afiche Jornadas 2018<\/strong> &#8211; <a href=\"https:\/\/secretarias.fceqyn.unam.edu.ar\/secidi\/wp-content\/uploads\/sites\/2\/2023\/02\/AFICHE_JORNADAS_2018.pdf\">Descargar<\/a><\/div><div><strong>Objetivos y Plazos de Prersentacion<\/strong> &#8211; <a href=\"https:\/\/secretarias.fceqyn.unam.edu.ar\/secidi\/wp-content\/uploads\/sites\/2\/2023\/02\/Jornadas_Cientifico_tecnologicas_1.pdf\">Descargar<\/a><\/div><div><strong>Libro de Res\u00famenes Jornadas &#8211;<\/strong> <a href=\"https:\/\/secretarias.fceqyn.unam.edu.ar\/secidi\/wp-content\/uploads\/sites\/2\/2023\/02\/Libro_resumenes_JCT_45ANIVERSARIO_UNaM_2018.pdf\">Descargar<\/a><\/div><\/div>\n\t\t\t\t<\/div>\n\t\t\t\t\t\t\t<div class=\"elementor-toggle-item\">\n\t\t\t\t\t<div id=\"elementor-tab-title-1233\" class=\"elementor-tab-title\" data-tab=\"3\" role=\"button\" aria-controls=\"elementor-tab-content-1233\" aria-expanded=\"false\">\n\t\t\t\t\t\t\t\t\t\t\t\t<span class=\"elementor-toggle-icon elementor-toggle-icon-left\" aria-hidden=\"true\">\n\t\t\t\t\t\t\t\t\t\t\t\t\t\t\t<span class=\"elementor-toggle-icon-closed\"><i class=\"fas fa-caret-right\"><\/i><\/span>\n\t\t\t\t\t\t\t\t<span class=\"elementor-toggle-icon-opened\"><i class=\"elementor-toggle-icon-opened fas fa-caret-up\"><\/i><\/span>\n\t\t\t\t\t\t\t\t\t\t\t\t\t<\/span>\n\t\t\t\t\t\t\t\t\t\t\t\t<a class=\"elementor-toggle-title\" tabindex=\"0\">Jornadas FCEQyN 2015<\/a>\n\t\t\t\t\t<\/div>\n\n\t\t\t\t\t<div id=\"elementor-tab-content-1233\" class=\"elementor-tab-content elementor-clearfix\" data-tab=\"3\" role=\"region\" aria-labelledby=\"elementor-tab-title-1233\"><h4 class=\"contentheading\">IX Jornadas Cient\u00edfico-Tecnol\u00f3gicas de la Facultad de Ciencias Exactas, Qu\u00edmicas y Naturales &#8211; UNaM<\/h4><p><img decoding=\"async\" class=\"aligncenter\" src=\"http:\/\/www.fceqyn.unam.edu.ar\/secip\/images\/logos\/Logo_Jornada_2015.JPG\" alt=\"Logo Jornada 2015\" width=\"225\" height=\"147\" \/><\/p><p><strong>A la Comunidad Universitaria<\/strong><\/p><p>Por la presente la Secretar\u00eda de Investigaci\u00f3n y Posgrado de la FCEQyN, los invita a participar de las IX Jornadas Cient\u00edfico-Tecnol\u00f3gicas\u00a0 de la Facultad de Ciencias Exactas, Qu\u00edmicas y Naturales de la Universidad Nacional de Misiones, a realizarse en el MUSEO JUAN YAPARI, Sarmiento 319, Posadas, Misiones, los d\u00edas 28, 29 y 30 de Octubre de 2015.<\/p><p><strong>Auspicios<\/strong><\/p><p><img fetchpriority=\"high\" decoding=\"async\" class=\"aligncenter\" src=\"http:\/\/www.fceqyn.unam.edu.ar\/secip\/images\/logos\/Auspicio16_Jornada_2015.JPG\" alt=\"Auspicio16 Jornada 2015\" width=\"552\" height=\"510\" \/><\/p><p><strong>Cursos Pre Jornadas de Posgrado:<\/strong> <a href=\"https:\/\/secretarias.fceqyn.unam.edu.ar\/secidi\/wp-content\/uploads\/sites\/2\/2023\/02\/CURSOS_PREJORNADA3.doc\">Descargar<\/a><\/p><p><strong>Cursos Post Jornadas de Posgrado:<\/strong> <a href=\"https:\/\/secretarias.fceqyn.unam.edu.ar\/secidi\/wp-content\/uploads\/sites\/2\/2023\/02\/CURSOS_POSJORNADA_.doc\">Descargar<\/a><\/p><p><strong>Documentos:<\/strong><\/p><ul><li>Disposici\u00f3n 947\/15 de Aprobaci\u00f3n de las IX Jornadas Cient\u00edfico Tecnol\u00f3gicas de la FCEQYN-UNaM &#8211; <a href=\"https:\/\/secretarias.fceqyn.unam.edu.ar\/secidi\/wp-content\/uploads\/sites\/2\/2023\/02\/Autorizacion-IX-JCT-FCEQyN-2015_Disp_947-15.pdf\">Descargar<\/a><\/li><li>Resoluci\u00f3n 223\/15\u00a0Aprobaci\u00f3n de las IX Jornadas Cient\u00edfico Tecnol\u00f3gicas de la FCEQYN-UNaM &#8211; <a href=\"https:\/\/secretarias.fceqyn.unam.edu.ar\/secidi\/wp-content\/uploads\/sites\/2\/2023\/02\/Resol_CD_223_15_Autoriz_Jornadas.pdf\">Descargar<\/a><\/li><li>Declaraci\u00f3n de Interes Provincial de la Camara de Representantes de la Pcia. de Mnes &#8211; <a href=\"https:\/\/secretarias.fceqyn.unam.edu.ar\/secidi\/wp-content\/uploads\/sites\/2\/2023\/02\/Declaracion_Interes_Provincial.pdf\">Descargar<\/a><\/li><li>Declaraci\u00f3n de Interes Municipal del Intendente de la Ciudad de Posadas &#8211; Mnes &#8211; <a href=\"https:\/\/secretarias.fceqyn.unam.edu.ar\/secidi\/wp-content\/uploads\/sites\/2\/2023\/02\/Declaracion_Interes_Municipal.pdf\">Descargar<\/a><\/li><li>Formulario de Inscripci\u00f3n &#8211; <a href=\"https:\/\/secretarias.fceqyn.unam.edu.ar\/secidi\/wp-content\/uploads\/sites\/2\/2023\/02\/Formulario_de_Inscripcion_Jornadas_2015.doc\">Descargar<\/a><\/li><li>Instrucciones para la Presentaci\u00f3n de los Res\u00famenes &#8211; <a href=\"https:\/\/secretarias.fceqyn.unam.edu.ar\/secidi\/wp-content\/uploads\/sites\/2\/2023\/02\/Instructivo-Resumenes_IX-JCT-FCEQyN-2015_.doc\">Descargar<\/a><\/li><li>Instrucciones para la Presentaci\u00f3n de los Res\u00famenes Extendidos &#8211; <a href=\"https:\/\/secretarias.fceqyn.unam.edu.ar\/secidi\/wp-content\/uploads\/sites\/2\/2023\/02\/Instructivo-Resumenes-Extendidos_IX-JCT-FCEQyN-2015_.doc\">Descargar<\/a><\/li><li>Instrucciones para Posters y Presentaciones Orales &#8211; <a href=\"https:\/\/secretarias.fceqyn.unam.edu.ar\/secidi\/wp-content\/uploads\/sites\/2\/2023\/02\/Instructivo-Posters-Presen_IX-JCT-FCEQyN-2015.doc\">Descargar<\/a><\/li><li>Premios y Menciones &#8211; <a href=\"https:\/\/secretarias.fceqyn.unam.edu.ar\/secidi\/wp-content\/uploads\/sites\/2\/2023\/02\/Premios_y_Menciones_Especiales_IX-JCT-FCEQyN-2015.doc\">Descargar<\/a><\/li><li>P\u00f3ster &#8211; <a href=\"https:\/\/secretarias.fceqyn.unam.edu.ar\/secidi\/wp-content\/uploads\/sites\/2\/2023\/02\/Afiche_jornada_2015.pdf\">Descargar<\/a><\/li><li>Cronograma Definitivo Jornada &#8211; <a href=\"https:\/\/secretarias.fceqyn.unam.edu.ar\/secidi\/wp-content\/uploads\/sites\/2\/2023\/02\/CRONOGRAMA_IXJCT_FCEQyN_UNaM_2015_2.pdf\">Descargar<\/a><\/li><li>Fe de Erratas Cronograma Jornada &#8211; <a href=\"https:\/\/secretarias.fceqyn.unam.edu.ar\/secidi\/wp-content\/uploads\/sites\/2\/2023\/02\/Fe_de_erratas_Mesa_redonda.pdf\">Descargar<\/a><\/li><li>Cronograma Presentaciones Orales &#8211; <a href=\"https:\/\/secretarias.fceqyn.unam.edu.ar\/secidi\/wp-content\/uploads\/sites\/2\/2023\/02\/CRONOGRAMA_DEFINITIVO_RESUMENES_ORALES_IX_JCT_2015.pdf\">Descargar<\/a><\/li><li>Cronograma Presentacion Posters &#8211; <a href=\"https:\/\/secretarias.fceqyn.unam.edu.ar\/secidi\/wp-content\/uploads\/sites\/2\/2023\/02\/Cronograma_Poster_Jornadas_2015.pdf\">Descargar<\/a><\/li><li>Programa Preliminar Jornada &#8211; <a href=\"https:\/\/secretarias.fceqyn.unam.edu.ar\/secidi\/wp-content\/uploads\/sites\/2\/2023\/02\/PROGRAMA_PRELIMINAR__IX_JCT_FCEQyN_UNaM_2015.pdf\">Descargar<\/a><\/li><li>Disposici\u00f3n 2115\/15 Comite Cientifico Jornadas &#8211; <a href=\"https:\/\/secretarias.fceqyn.unam.edu.ar\/secidi\/wp-content\/uploads\/sites\/2\/2023\/02\/Dispo_comite_cientIfico_Jornadas.pdf\">Descargar<\/a><\/li><li>Libro de Res\u00famenes Jornadas &#8211; <a href=\"https:\/\/secretarias.fceqyn.unam.edu.ar\/secidi\/wp-content\/uploads\/sites\/2\/2023\/02\/LIBRO_IXjornadas_FCEQyN_2015.pdf\">Descargar<\/a><\/li><\/ul><\/div>\n\t\t\t\t<\/div>\n\t\t\t\t\t\t\t<div class=\"elementor-toggle-item\">\n\t\t\t\t\t<div id=\"elementor-tab-title-1234\" class=\"elementor-tab-title\" data-tab=\"4\" role=\"button\" aria-controls=\"elementor-tab-content-1234\" aria-expanded=\"false\">\n\t\t\t\t\t\t\t\t\t\t\t\t<span class=\"elementor-toggle-icon elementor-toggle-icon-left\" aria-hidden=\"true\">\n\t\t\t\t\t\t\t\t\t\t\t\t\t\t\t<span class=\"elementor-toggle-icon-closed\"><i class=\"fas fa-caret-right\"><\/i><\/span>\n\t\t\t\t\t\t\t\t<span class=\"elementor-toggle-icon-opened\"><i class=\"elementor-toggle-icon-opened fas fa-caret-up\"><\/i><\/span>\n\t\t\t\t\t\t\t\t\t\t\t\t\t<\/span>\n\t\t\t\t\t\t\t\t\t\t\t\t<a class=\"elementor-toggle-title\" tabindex=\"0\">Jornada FCEQyN 2011<\/a>\n\t\t\t\t\t<\/div>\n\n\t\t\t\t\t<div id=\"elementor-tab-content-1234\" class=\"elementor-tab-content elementor-clearfix\" data-tab=\"4\" role=\"region\" aria-labelledby=\"elementor-tab-title-1234\"><h5 class=\"contentheading\">VIII Jornadas Cient\u00edfico-Tecnol\u00f3gicas de la Facultad de Ciencias Exactas, Qu\u00edmicas y Naturales &#8211; UNaM<\/h5><p>Por la presente la Secretar\u00eda de Investigaci\u00f3n y Posgrado de la FCEQyN, los invita a participar de las VIII Jornadas Cient\u00edfico-Tecnol\u00f3gicas de la Facultad de Ciencias Exactas, Qu\u00edmicas y Naturales de la Universidad Nacional de Misiones, a realizarse en el MUSEO JUAN YAPARI, Sarmiento 319, Posadas, Misiones, los d\u00edas 2, 3 y 4 de Noviembre de 2011.<\/p><p><strong>Documentos:<\/strong><\/p><ul><li>Programa Jornadas &#8211; <a href=\"http:\/\/www.fceqyn.unam.edu.ar\/secip\/files\/jornadas\/2011\/Programa_VII-Jor-Cientifico-Tec_2011.pdf\" target=\"_blank\" rel=\"noopener\">Descargar<\/a><\/li><li>Programa Presentaciones Orales &#8211; <a href=\"http:\/\/www.fceqyn.unam.edu.ar\/secip\/files\/jornadas\/2011\/Presentaciones-Orales_VII-Jor-Cientifico-Tec_2011.pdf\" target=\"_blank\" rel=\"noopener\">Descargar<\/a><\/li><li>Programa Presentaciones Tesis &#8211; <a href=\"http:\/\/www.fceqyn.unam.edu.ar\/secip\/files\/jornadas\/2011\/Presentaciones-Tesis_VII-Jor-Cientifico-Tec_2011.pdf\" target=\"_blank\" rel=\"noopener\">Descargar<\/a><\/li><li>Libro de Res\u00famenes Jornadas &#8211; <a href=\"http:\/\/www.fceqyn.unam.edu.ar\/secip\/files\/jornadas\/2011\/Libro_Resumenes_VII-Jor-Cientifico-Tec_2011.pdf\" target=\"_blank\" rel=\"noopener\">Descargar<\/a><\/li><li>Res. CD N\u00ba 1732 &#8211; Comit\u00e9 Cient\u00edfico &#8211; <a href=\"http:\/\/www.fceqyn.unam.edu.ar\/secip\/files\/jornadas\/2011\/Comite-Cientifico_VII-Jor_Res_1732-11.pdf\" target=\"_blank\" rel=\"noopener\">Descargar<\/a><\/li><li>Res. CD N\u00ba 1793 &#8211; Comit\u00e9 Cient\u00edfico Complemento 1732 &#8211; <a href=\"http:\/\/www.fceqyn.unam.edu.ar\/secip\/files\/jornadas\/2011\/Complemento_Res_1793-11.pdf\" target=\"_blank\" rel=\"noopener\">Descargar<\/a><\/li><li>Formulario de Inscripci\u00f3n &#8211; <a href=\"http:\/\/www.fceqyn.unam.edu.ar\/secip\/files\/jornadas\/2011\/Formulario_Insc_VII-Jor-Cientifico-Tec_2011.doc\" target=\"_blank\" rel=\"noopener\">Descargar<\/a><\/li><li>Instrucciones para la Presentaci\u00f3n de los Res\u00famenes &#8211; <a href=\"http:\/\/www.fceqyn.unam.edu.ar\/secip\/files\/jornadas\/2011\/Instructivo_VII-Jor-Cientifico-Tec_2011.doc\" target=\"_blank\" rel=\"noopener\">Descargar<\/a><\/li><li>Instrucciones para Posters y Presentaciones Orales &#8211; <a href=\"http:\/\/www.fceqyn.unam.edu.ar\/secip\/files\/jornadas\/2011\/Instructivo-Posters_VII-Jor-Cientifico-Tec_2011.doc\" target=\"_blank\" rel=\"noopener\">Descargar<\/a><\/li><li>P\u00f3ster &#8211; <a href=\"http:\/\/www.fceqyn.unam.edu.ar\/secip\/files\/jornadas\/2011\/Poster_VII-Jor-Cientifico-Tec_2011.pdf\" target=\"_blank\" rel=\"noopener\">Descargar<\/a><\/li><li>Programa &#8211; <a href=\"http:\/\/www.fceqyn.unam.edu.ar\/secip\/files\/jornadas\/2011\/Nuevo-Programa_VII-Jor-Cientifico-Tec_2011.pdf\" target=\"_blank\" rel=\"noopener\">Descargar<\/a><\/li><\/ul><\/div>\n\t\t\t\t<\/div>\n\t\t\t\t\t\t\t\t<\/div>\n\t\t\t\t<\/div>\n\t\t\t\t<\/div>\n\t\t\t\t\t<\/div>\n\t\t<\/div>\n\t\t\t\t\t<\/div>\n\t\t<\/section>\n\t\t\t\t<\/div>\n\t\t","protected":false},"excerpt":{"rendered":"<p>\/*! elementor &#8211; v3.20.0 &#8211; 20-03-2024 *\/ .elementor-toggle{text-align:left}.elementor-toggle .elementor-tab-title{font-weight:700;line-height:1;margin:0;padding:15px;border-bottom:1px solid #d5d8dc;cursor:pointer;outline:none}.elementor-toggle .elementor-tab-title .elementor-toggle-icon{display:inline-block;width:1em}.elementor-toggle .elementor-tab-title .elementor-toggle-icon svg{margin-inline-start:-5px;width:1em;height:1em}.elementor-toggle .elementor-tab-title .elementor-toggle-icon.elementor-toggle-icon-right{float:right;text-align:right}.elementor-toggle .elementor-tab-title .elementor-toggle-icon.elementor-toggle-icon-left{float:left;text-align:left}.elementor-toggle .elementor-tab-title .elementor-toggle-icon .elementor-toggle-icon-closed{display:block}.elementor-toggle .elementor-tab-title .elementor-toggle-icon .elementor-toggle-icon-opened{display:none}.elementor-toggle .elementor-tab-title.elementor-active{border-bottom:none}.elementor-toggle .elementor-tab-title.elementor-active .elementor-toggle-icon-closed{display:none}.elementor-toggle .elementor-tab-title.elementor-active .elementor-toggle-icon-opened{display:block}.elementor-toggle .elementor-tab-content{padding:15px;border-bottom:1px solid #d5d8dc;display:none}@media (max-width:767px){.elementor-toggle .elementor-tab-title{padding:12px}.elementor-toggle .elementor-tab-content{padding:12px 10px}}.e-con-inner&gt;.elementor-widget-toggle,.e-con&gt;.elementor-widget-toggle{width:var(&#8211;container-widget-width);&#8211;flex-grow:var(&#8211;container-widget-flex-grow)} Jornada FCEQyN 2023 JORNADAS CIENTIFICO TECNOL\u00d3GICAS 50\u00ba ANIVERSARIO UNIVERSIDAD NACIONAL DE MISIONES \u201cX\u00a0Jornadas\u00a0Cient\u00edfico-Tecnol\u00f3gicas, I\u00a0Jornadas\u00a0de Trabajos y Tesis [&hellip;]<\/p>\n","protected":false},"author":1,"featured_media":0,"parent":0,"menu_order":0,"comment_status":"closed","ping_status":"closed","template":"","meta":[],"_links":{"self":[{"href":"https:\/\/secretarias.fceqyn.unam.edu.ar\/secidi\/wp-json\/wp\/v2\/pages\/81"}],"collection":[{"href":"https:\/\/secretarias.fceqyn.unam.edu.ar\/secidi\/wp-json\/wp\/v2\/pages"}],"about":[{"href":"https:\/\/secretarias.fceqyn.unam.edu.ar\/secidi\/wp-json\/wp\/v2\/types\/page"}],"author":[{"embeddable":true,"href":"https:\/\/secretarias.fceqyn.unam.edu.ar\/secidi\/wp-json\/wp\/v2\/users\/1"}],"replies":[{"embeddable":true,"href":"https:\/\/secretarias.fceqyn.unam.edu.ar\/secidi\/wp-json\/wp\/v2\/comments?post=81"}],"version-history":[{"count":16,"href":"https:\/\/secretarias.fceqyn.unam.edu.ar\/secidi\/wp-json\/wp\/v2\/pages\/81\/revisions"}],"predecessor-version":[{"id":1050,"href":"https:\/\/secretarias.fceqyn.unam.edu.ar\/secidi\/wp-json\/wp\/v2\/pages\/81\/revisions\/1050"}],"wp:attachment":[{"href":"https:\/\/secretarias.fceqyn.unam.edu.ar\/secidi\/wp-json\/wp\/v2\/media?parent=81"}],"curies":[{"name":"wp","href":"https:\/\/api.w.org\/{rel}","templated":true}]}}