{"id":42,"date":"2023-05-22T08:53:45","date_gmt":"2023-05-22T11:53:45","guid":{"rendered":"https:\/\/secretarias.fceqyn.unam.edu.ar\/secidi\/?page_id=42"},"modified":"2025-11-03T14:13:06","modified_gmt":"2025-11-03T17:13:06","slug":"becas-de-investigacion","status":"publish","type":"page","link":"https:\/\/secretarias.fceqyn.unam.edu.ar\/secidi\/becas-de-investigacion\/","title":{"rendered":"Becas de Investigaci\u00f3n"},"content":{"rendered":"\t\t<div data-elementor-type=\"wp-page\" data-elementor-id=\"42\" class=\"elementor elementor-42\" data-elementor-post-type=\"page\">\n\t\t\t\t\t\t<section data-particle_enable=\"false\" data-particle-mobile-disabled=\"false\" class=\"elementor-section elementor-top-section elementor-element elementor-element-234e9d9 elementor-section-boxed elementor-section-height-default elementor-section-height-default\" data-id=\"234e9d9\" data-element_type=\"section\">\n\t\t\t\t\t\t<div class=\"elementor-container elementor-column-gap-default\">\n\t\t\t\t\t<div class=\"elementor-column elementor-col-100 elementor-top-column elementor-element elementor-element-9a3608b\" data-id=\"9a3608b\" data-element_type=\"column\">\n\t\t\t<div class=\"elementor-widget-wrap elementor-element-populated\">\n\t\t\t\t\t\t<div class=\"elementor-element elementor-element-833881c elementor-widget elementor-widget-toggle\" data-id=\"833881c\" data-element_type=\"widget\" data-widget_type=\"toggle.default\">\n\t\t\t\t<div class=\"elementor-widget-container\">\n\t\t\t<style>\/*! elementor - v3.20.0 - 20-03-2024 *\/\n.elementor-toggle{text-align:left}.elementor-toggle .elementor-tab-title{font-weight:700;line-height:1;margin:0;padding:15px;border-bottom:1px solid #d5d8dc;cursor:pointer;outline:none}.elementor-toggle .elementor-tab-title .elementor-toggle-icon{display:inline-block;width:1em}.elementor-toggle .elementor-tab-title .elementor-toggle-icon svg{margin-inline-start:-5px;width:1em;height:1em}.elementor-toggle .elementor-tab-title .elementor-toggle-icon.elementor-toggle-icon-right{float:right;text-align:right}.elementor-toggle .elementor-tab-title .elementor-toggle-icon.elementor-toggle-icon-left{float:left;text-align:left}.elementor-toggle .elementor-tab-title .elementor-toggle-icon .elementor-toggle-icon-closed{display:block}.elementor-toggle .elementor-tab-title .elementor-toggle-icon .elementor-toggle-icon-opened{display:none}.elementor-toggle .elementor-tab-title.elementor-active{border-bottom:none}.elementor-toggle .elementor-tab-title.elementor-active .elementor-toggle-icon-closed{display:none}.elementor-toggle .elementor-tab-title.elementor-active .elementor-toggle-icon-opened{display:block}.elementor-toggle .elementor-tab-content{padding:15px;border-bottom:1px solid #d5d8dc;display:none}@media (max-width:767px){.elementor-toggle .elementor-tab-title{padding:12px}.elementor-toggle .elementor-tab-content{padding:12px 10px}}.e-con-inner>.elementor-widget-toggle,.e-con>.elementor-widget-toggle{width:var(--container-widget-width);--flex-grow:var(--container-widget-flex-grow)}<\/style>\t\t<div class=\"elementor-toggle\">\n\t\t\t\t\t\t\t<div class=\"elementor-toggle-item\">\n\t\t\t\t\t<div id=\"elementor-tab-title-1371\" class=\"elementor-tab-title\" data-tab=\"1\" role=\"button\" aria-controls=\"elementor-tab-content-1371\" aria-expanded=\"false\">\n\t\t\t\t\t\t\t\t\t\t\t\t<span class=\"elementor-toggle-icon elementor-toggle-icon-left\" aria-hidden=\"true\">\n\t\t\t\t\t\t\t\t\t\t\t\t\t\t\t<span class=\"elementor-toggle-icon-closed\"><i class=\"fas fa-caret-right\"><\/i><\/span>\n\t\t\t\t\t\t\t\t<span class=\"elementor-toggle-icon-opened\"><i class=\"elementor-toggle-icon-opened fas fa-caret-up\"><\/i><\/span>\n\t\t\t\t\t\t\t\t\t\t\t\t\t<\/span>\n\t\t\t\t\t\t\t\t\t\t\t\t<a class=\"elementor-toggle-title\" tabindex=\"0\">Becas de Posgrado 2017<\/a>\n\t\t\t\t\t<\/div>\n\n\t\t\t\t\t<div id=\"elementor-tab-content-1371\" class=\"elementor-tab-content elementor-clearfix\" data-tab=\"1\" role=\"region\" aria-labelledby=\"elementor-tab-title-1371\"><p><strong>Convocatoria a Becas de Posgrado UNaM \u2013 FCEQyN 2017 para Exenci\u00f3n de Matricula <\/strong><\/p><p>La Universidad Nacional de Misiones y la FCEQyN convocan a presentaci\u00f3n de antecedentes a las Becas de Posgrado 2017 para Exenci\u00f3n de Matricula<strong>. <\/strong>Las bases de dicha convocatoria se encuentran disponibles:<\/p><p>Disposicion 1409\/17 &#8211; Autorizaci\u00f3n Llamado a Concurso &#8211; <a href=\"http:\/\/secretarias.fceqyn.unam.edu.ar\/secidi\/wp-content\/uploads\/sites\/2\/2023\/05\/Dispo_1409_17_Llamado_Concurso_1.pdf\" target=\"_blank\" rel=\"noopener\" data-wplink-edit=\"true\">Descargar<\/a><\/p><p>Bases y Requisitos &#8211; <a href=\"https:\/\/secretarias.fceqyn.unam.edu.ar\/secidi\/contactenos\/\" target=\"_blank\" rel=\"noopener\">Descargar<\/a><\/p><p>Periodo de Publicaci\u00f3n: Lunes 11 hasta viernes 22 de Septiembre 2017<\/p><p>Periodo de Presentaci\u00f3n de Antecedentes: Lunes 25 hasta viernes 29 de Septiembre 2017<\/p><p><strong>Resultados de la Convocatoria<\/strong><\/p><\/div>\n\t\t\t\t<\/div>\n\t\t\t\t\t\t\t<div class=\"elementor-toggle-item\">\n\t\t\t\t\t<div id=\"elementor-tab-title-1372\" class=\"elementor-tab-title\" data-tab=\"2\" role=\"button\" aria-controls=\"elementor-tab-content-1372\" aria-expanded=\"false\">\n\t\t\t\t\t\t\t\t\t\t\t\t<span class=\"elementor-toggle-icon elementor-toggle-icon-left\" aria-hidden=\"true\">\n\t\t\t\t\t\t\t\t\t\t\t\t\t\t\t<span class=\"elementor-toggle-icon-closed\"><i class=\"fas fa-caret-right\"><\/i><\/span>\n\t\t\t\t\t\t\t\t<span class=\"elementor-toggle-icon-opened\"><i class=\"elementor-toggle-icon-opened fas fa-caret-up\"><\/i><\/span>\n\t\t\t\t\t\t\t\t\t\t\t\t\t<\/span>\n\t\t\t\t\t\t\t\t\t\t\t\t<a class=\"elementor-toggle-title\" tabindex=\"0\">Becas UnaM 2017<\/a>\n\t\t\t\t\t<\/div>\n\n\t\t\t\t\t<div id=\"elementor-tab-content-1372\" class=\"elementor-tab-content elementor-clearfix\" data-tab=\"2\" role=\"region\" aria-labelledby=\"elementor-tab-title-1372\"><p><strong>BECAS PARA AUXILIARES DE INVESTIGACI\u00d3N DE LA UNIVERSDIAD NACIONAL DE MISIONES<\/strong><\/p><p>La Universidad Nacional de Misiones convoca a 100 Becas para AUXILIARES ALUMNOS DE GRADO para participar en los Proyectos de Investigaci\u00f3n que se desarrollan en sus diferentes Unidades Acad\u00e9micas (Facultades y Escuelas) a fin de facilitar su inserci\u00f3n en actividades de ciencia, tecnolog\u00eda e innovaci\u00f3n. Esta Convocatoria se enmarca dentro del Plan Estrat\u00e9gico de Ciencia y Tecnolog\u00eda de la UNaM, aprobado por <strong>Resoluci\u00f3n CS-UNaM 880-16.<\/strong><\/p><p>La Convocatoria estar\u00e1 abierta entre el 20 de febrero y el 07 de Abril de 2017.<\/p><ul><li>Reglamento de la Convocatoria \u00a0&#8211; <a href=\"https:\/\/secretarias.fceqyn.unam.edu.ar\/secidi\/wp-content\/uploads\/sites\/2\/2023\/02\/Reglamento_BecasdeInvestigacion_Auxiliaresalumnos.docx\">Descargar<\/a><\/li><li>Afiche Becas 2017 &#8211; <a href=\"https:\/\/secretarias.fceqyn.unam.edu.ar\/secidi\/wp-content\/uploads\/sites\/2\/2023\/02\/Folleto_Becadeinvestigacion.jpg\" target=\"_blank\" rel=\"noopener\">Descargar<\/a><\/li><li>Formularios de Presentacion y Modelo de Informe &#8211; <a href=\"https:\/\/secretarias.fceqyn.unam.edu.ar\/secidi\/wp-content\/uploads\/sites\/2\/2023\/02\/Formulario_para_becas_de_investigacion.docx\" target=\"_blank\" rel=\"noopener\">Descargar<\/a><\/li><\/ul><p>Instructivo de la Presentacion (1 Impreso + CD)<\/p><p>* 1 Impreso Formulario de Presentacion y Certifucado Analitico de Materias<\/p><p>* 1 CD ( Formulario de Presentacion, Cert. Analitico, CVar Directores, Documentacion Probatoria del alumno)<\/p><p><strong>\u00a0Resultados<\/strong><\/p><ul><li>Orden de Meritos &#8211; <a href=\"https:\/\/secretarias.fceqyn.unam.edu.ar\/secidi\/wp-content\/uploads\/sites\/2\/2023\/02\/ORDEN_DE_MERITO_BECAS_UNAM_2017_FCEQYN.pdf\">Descargar<\/a><\/li><li>Resolucion UNaM 807\/17 &#8211; <a href=\"https:\/\/secretarias.fceqyn.unam.edu.ar\/secidi\/wp-content\/uploads\/sites\/2\/2023\/02\/Resol_807_17_Becas_UNAM__EICyT_Grado_EXACTAS.pdf\">Descargar<\/a><\/li><li>Modelo Certificaci\u00f3n de Trabajo Mensual &#8211; <a href=\"https:\/\/secretarias.fceqyn.unam.edu.ar\/secidi\/wp-content\/uploads\/sites\/2\/2023\/02\/Modelo_Certificacion_Becas_UNaM_2017.doc\">Descargar<\/a><\/li><li>Comite Evaluador de Informes Finales 2017 y Resultados de la Evaluacion &#8211; <a href=\"https:\/\/secretarias.fceqyn.unam.edu.ar\/secidi\/wp-content\/uploads\/sites\/2\/2023\/02\/Disposicion_Evaluadores_INFORMES_FINALES_BECASEICyT_GRADO_2017_FCEQYN.pdf\">Descargar<\/a><\/li><\/ul><\/div>\n\t\t\t\t<\/div>\n\t\t\t\t\t\t\t<div class=\"elementor-toggle-item\">\n\t\t\t\t\t<div id=\"elementor-tab-title-1373\" class=\"elementor-tab-title\" data-tab=\"3\" role=\"button\" aria-controls=\"elementor-tab-content-1373\" aria-expanded=\"false\">\n\t\t\t\t\t\t\t\t\t\t\t\t<span class=\"elementor-toggle-icon elementor-toggle-icon-left\" aria-hidden=\"true\">\n\t\t\t\t\t\t\t\t\t\t\t\t\t\t\t<span class=\"elementor-toggle-icon-closed\"><i class=\"fas fa-caret-right\"><\/i><\/span>\n\t\t\t\t\t\t\t\t<span class=\"elementor-toggle-icon-opened\"><i class=\"elementor-toggle-icon-opened fas fa-caret-up\"><\/i><\/span>\n\t\t\t\t\t\t\t\t\t\t\t\t\t<\/span>\n\t\t\t\t\t\t\t\t\t\t\t\t<a class=\"elementor-toggle-title\" tabindex=\"0\">Becas UNaM-CEDIT 2015<\/a>\n\t\t\t\t\t<\/div>\n\n\t\t\t\t\t<div id=\"elementor-tab-content-1373\" class=\"elementor-tab-content elementor-clearfix\" data-tab=\"3\" role=\"region\" aria-labelledby=\"elementor-tab-title-1373\"><p><strong>Programa de Becas de Investigaci\u00f3n para alumnos CEDIT-UNaM<\/strong><br \/><strong>Convocatoria<\/strong><\/p><p>Los Proyectos de Investigaci\u00f3n de la <strong>Universidad Nacional de Misiones<\/strong> permiten la participaci\u00f3n de alumnos de las diferentes carreras de la Universidad con actividades que facilitan su inserci\u00f3n en las actividades de ciencia y tecnolog\u00eda y de esta manera le permiten tener una visi\u00f3n integrada del sistema cient\u00edfico tecnol\u00f3gico en donde las universidades desempe\u00f1an una labor de gran importancia a la hora de generar conocimiento que sustente el desarrollo cient\u00edfico del pa\u00eds. Estas actividades constituyen una parte sustantiva de la formaci\u00f3n de alumno permiti\u00e9ndole ampliar su experiencia universitaria con la mirada de la investigaci\u00f3n y el desarrollo tecnol\u00f3gico-social. Por tal motivo el <strong>Comit\u00e9 de Desarrollo e Innovaci\u00f3n Tecnol\u00f3gica (CEDIT)<\/strong> y la <strong>Universidad Nacional de Misiones<\/strong> a trav\u00e9s de su <strong>Secretar\u00eda General de Ciencia y Tecnolog\u00eda<\/strong> y <strong>Secretar\u00eda General de Bienestar Estudiantil<\/strong>\u00a0convocan a alumnos de carreras que se dictan en la Universidad Nacional de Misiones y se encuentren cursando asignaturas de 3\u00ba a\u00f1o en adelante a <strong>Becas de Auxiliares de Investigaci\u00f3n<\/strong> que se incorporar\u00e1n a los diferentes Proyectos Acreditados en las diferentes Unidades Acad\u00e9mica que componen la UNaM.<\/p><p><strong>Bases y Condiciones<\/strong> <a href=\"https:\/\/secretarias.fceqyn.unam.edu.ar\/secidi\/wp-content\/uploads\/sites\/2\/2023\/02\/Becas_Auxiliares_CEDIT_UNaM_2015.doc\">Descargar<\/a><\/p><p>Fecha Final de la Convocatoria:\u00a0<strong>10 de Abril de 2015<\/strong><\/p><p><strong>Resultados de la Convocatoria<\/strong>\u00a0<\/p><ul><li>Resoluci\u00f3n 1174\/15 Designaci\u00f3n de Becarios &#8211; <a href=\"https:\/\/secretarias.fceqyn.unam.edu.ar\/secidi\/wp-content\/uploads\/sites\/2\/2023\/02\/Res_1174_Becas_cedit_UNaM.pdf\">Descargar<\/a><\/li><li>Resoluci\u00f3n 1579\/15 Rectificativa Designaci\u00f3n de Becarios &#8211; <a href=\"https:\/\/secretarias.fceqyn.unam.edu.ar\/secidi\/wp-content\/uploads\/sites\/2\/2023\/02\/Rectificativa_UNaM_Cedit_1579_15.pdf\">Descargar<\/a><\/li><\/ul><hr \/><p>A todos Directores de Proyectos de Investigaci\u00f3n que poseen <strong>Becarios Rentados CEDIT UNAM<\/strong> que resultaron beneficiados en<strong> Convocatoria del Programa de Becas de Investigaci\u00f3n para Alumnos Convenio CEDIT-UNaM 2015<\/strong>.<\/p><p>Cargo: <strong>Auxiliar de Investigaci\u00f3n Alumno CEDIT UNaM<\/strong><\/p><p>Se les comunica que se est\u00e1n realizando los tr\u00e1mites para el correspondiente pago de dicha beca referente al proporcional que le corresponde a la UNAM correspondiente al Mes de Junio 2015, por tal motivo los Becarios deben:<\/p><ol><li>Presentar de forma Urgente Certificaci\u00f3n de Trabajo, en el sexto piso en la SECIP. El modelo se encuentra disponible m\u00e1s abajo en la p\u00e1gina de la SECIP.<\/li><li>Cuando informemos el pago v\u00eda email podr\u00e1n pasar a cobrar con su DNI por la Direcci\u00f3n de Operaciones Financieras y Presupuestarias en el Horario de 7:30 a 13:00 hs en el 2do Piso de la FCEQyN.<\/li><\/ol><p><strong>Modelo Certificaci\u00f3n de Trabajo Mensual<\/strong> &#8211; <a href=\"https:\/\/secretarias.fceqyn.unam.edu.ar\/secidi\/wp-content\/uploads\/sites\/2\/2023\/02\/Certificacion_Becarios_UNaM-CEDIT_2015.doc\">Descargar<\/a><\/p><\/div>\n\t\t\t\t<\/div>\n\t\t\t\t\t\t\t<div class=\"elementor-toggle-item\">\n\t\t\t\t\t<div id=\"elementor-tab-title-1374\" class=\"elementor-tab-title\" data-tab=\"4\" role=\"button\" aria-controls=\"elementor-tab-content-1374\" aria-expanded=\"false\">\n\t\t\t\t\t\t\t\t\t\t\t\t<span class=\"elementor-toggle-icon elementor-toggle-icon-left\" aria-hidden=\"true\">\n\t\t\t\t\t\t\t\t\t\t\t\t\t\t\t<span class=\"elementor-toggle-icon-closed\"><i class=\"fas fa-caret-right\"><\/i><\/span>\n\t\t\t\t\t\t\t\t<span class=\"elementor-toggle-icon-opened\"><i class=\"elementor-toggle-icon-opened fas fa-caret-up\"><\/i><\/span>\n\t\t\t\t\t\t\t\t\t\t\t\t\t<\/span>\n\t\t\t\t\t\t\t\t\t\t\t\t<a class=\"elementor-toggle-title\" tabindex=\"0\">Becas UNaM 2025<\/a>\n\t\t\t\t\t<\/div>\n\n\t\t\t\t\t<div id=\"elementor-tab-content-1374\" class=\"elementor-tab-content elementor-clearfix\" data-tab=\"4\" role=\"region\" aria-labelledby=\"elementor-tab-title-1374\"><p><strong>UNIVERSIDAD NACIONAL DE MISIONES \u2013 PLAN DE DESARROLLO INSTITUCIONAL 2018-2026<\/strong><\/p><p><strong>SGCYT &#8211; PLAN ESTRAT\u00c9GICO DE CIENCIA Y TECNOLOG\u00cdA 2018 \u2013 2022<\/strong><\/p><p><strong>PROGRAMA ESTRAT\u00c9GICO DE BECAS DE CIENCIA Y TECNOLOG\u00cdA DE LA UNAM<\/strong><\/p><p><strong>CONVOCATORIA BECAS EICYT UNAM 2025<\/strong><\/p><p>La <strong>UNIVERSIDAD NACIONAL DE MISIONES<\/strong> convoca a\u00a0 Becas para la participaci\u00f3n de ESTUDIANTES DE GRADO en Proyectos o Trabajos de Investigaci\u00f3n que se desarrollan en sus diferentes Unidades Acad\u00e9micas a fin de facilitar su inserci\u00f3n en actividades de ciencia, tecnolog\u00eda e innovaci\u00f3n. Esta Convocatoria se enmarca dentro del Plan Estrat\u00e9gico de Ciencia y Tecnolog\u00eda de la UNaM, aprobado por <strong>Resoluci\u00f3n CS-UNaM <\/strong>Resol. CS 104\/18.<\/p><p><img fetchpriority=\"high\" decoding=\"async\" class=\"alignnone size-full wp-image-1151 aligncenter\" src=\"http:\/\/secretarias.fceqyn.unam.edu.ar\/secidi\/wp-content\/uploads\/sites\/2\/2025\/05\/FLYER.jpeg\" alt=\"\" width=\"300\" height=\"300\" srcset=\"https:\/\/secretarias.fceqyn.unam.edu.ar\/secidi\/wp-content\/uploads\/sites\/2\/2025\/05\/FLYER.jpeg 300w, https:\/\/secretarias.fceqyn.unam.edu.ar\/secidi\/wp-content\/uploads\/sites\/2\/2025\/05\/FLYER-150x150.jpeg 150w\" sizes=\"(max-width: 300px) 100vw, 300px\" \/><\/p><p><strong>La Convocatoria estar\u00e1 abierta entre el 01 de Junio a el 30 de Junio de 2025.<\/strong><\/p><p><strong>Las becas entrar\u00e1n en vigencia a partir de .<\/strong><\/p><p>Podr\u00e1n solicitar la beca aquellos alumnos que:<\/p><p>Aquellos\u00a0estudiantes que se encuentren cursando materias del ciclo intermedio o espec\u00edfico de sus carreras de grado y pregrado, con un m\u00ednimo del 50% de materias aprobadas de su carrera.<\/p><p>Las becas se desarrollan a fin de facilitar la inserci\u00f3n de estudiantes de la universidad en actividades de ciencia, tecnolog\u00eda e innovaci\u00f3n.\u00a0<\/p><ul><li>Reglamento de la Convocatoria \u00a0&#8211; <a href=\"http:\/\/secretarias.fceqyn.unam.edu.ar\/secidi\/wp-content\/uploads\/sites\/2\/2025\/05\/Reglamento-Convocatoria-Becas-EICyT-UNaM-2025.pdf\">Reglamento <\/a><\/li><li><strong>Disposicion Convocatoria 2025 <a href=\"http:\/\/secretarias.fceqyn.unam.edu.ar\/secidi\/wp-content\/uploads\/sites\/2\/2025\/05\/Disp-Convocatoria-Becas-EICyT-UNaM-2025_.pdf\">Disp Convocatoria Becas EICyT UNaM 2025_<\/a><\/strong><\/li><li>Formularios de Presentaci\u00f3n &#8211; <a href=\"https:\/\/secretarias.fceqyn.unam.edu.ar\/secidi\/wp-content\/uploads\/sites\/2\/2025\/05\/modelo_memoria_tecnica-2025.docx\">Descargar<\/a><\/li><li>Padr\u00f3n Proyectos y Trabajos de Investigaci\u00f3n Vigentes 2025 &#8211; <a href=\"https:\/\/secretarias.fceqyn.unam.edu.ar\/secidi\/wp-content\/uploads\/sites\/2\/2025\/05\/Proy.-Vigentes-2025.xls\">Descargar<\/a><\/li><\/ul><p><strong>Instructivo de la Presentaci\u00f3n<\/strong><\/p><p>La gesti\u00f3n de la convocatoria ser\u00e1 totalmente on-line.\u00a0<a href=\"https:\/\/saspi.sgcyt.unam.edu.ar\/\">https:\/\/saspi.sgcyt.unam.edu.ar<\/a><\/p><p>No se aceptar\u00e1n solicitudes impresas. Los aspirantes deber\u00e1n realizar su presentaci\u00f3n a trav\u00e9s del Sistema SASPI mediante la solapa configurada al respecto.<\/p><ul><li>Requisitos para Solicitar la Beca &#8211;\u00a0 <a href=\"https:\/\/secretarias.fceqyn.unam.edu.ar\/secidi\/wp-content\/uploads\/sites\/2\/2023\/02\/Requisitos_para_solicitar_Becas.pdf\">Descargar<\/a><\/li><li>Manual de Usuario Sistema SASPI &#8211; <a href=\"https:\/\/secretarias.fceqyn.unam.edu.ar\/secidi\/wp-content\/uploads\/sites\/2\/2023\/02\/Manual_de_Usuario_SASPI__-_Solicitar_Beca.pdf\">Descargar<\/a><\/li><li>Manual de Usuario CVar &#8211;\u00a0 <a href=\"https:\/\/secretarias.fceqyn.unam.edu.ar\/secidi\/wp-content\/uploads\/sites\/2\/2023\/02\/5_-_Manual_de_CVar_.pdf\">Descargar<\/a><\/li><li>Instructivo Navegacion Sitio CVar &#8211;\u00a0 <a href=\"https:\/\/secretarias.fceqyn.unam.edu.ar\/secidi\/wp-content\/uploads\/sites\/2\/2023\/02\/6_-_Navegacion_sitio_CVar.pdf\">Descargar<\/a><\/li><\/ul><p><strong>Resultados de la Convocatoria:<\/strong><\/p><p>Orden de Merito: <a href=\"http:\/\/secretarias.fceqyn.unam.edu.ar\/secidi\/wp-content\/uploads\/sites\/2\/2025\/08\/Orden-de-Merito-Becas-EICyT-2025_Becas-Otorgadas.pdf\">Descargar<\/a><\/p><p><strong style=\"color: var( --e-global-color-text );font-family: var( --e-global-typography-text-font-family ), Sans-serif;font-size: 1rem\">Resultado Definitivos\u00a0<\/strong><\/p><p>Resultado Definitivos Resol UNaM 787-25 \u2013 <a href=\"http:\/\/secretarias.fceqyn.unam.edu.ar\/secidi\/wp-content\/uploads\/sites\/2\/2025\/08\/Resol-787-25-becas-EICyT-2025.pdf\">Descargar<\/a><\/p><p>Anexo I Ganadores &#8211; <a href=\"http:\/\/secretarias.fceqyn.unam.edu.ar\/secidi\/wp-content\/uploads\/sites\/2\/2025\/08\/Anexo-I-Resol-787-25-Titulares.pdf\">Descargar<\/a><br \/>Anexo II Suplentes &#8211; <a href=\"http:\/\/secretarias.fceqyn.unam.edu.ar\/secidi\/wp-content\/uploads\/sites\/2\/2025\/08\/Anexo-II-Resol-787-25-Suplentes.pdf\">Descargar<\/a><br \/>Anexo III Evaluadores &#8211; <a href=\"http:\/\/secretarias.fceqyn.unam.edu.ar\/secidi\/wp-content\/uploads\/sites\/2\/2025\/08\/Anexo-III-Resol-787-25-Evaluadores.pdf\">Descargar<\/a><\/p><p>Modelo de Certificaci\u00f3n Mensual &#8211; <a href=\"https:\/\/secretarias.fceqyn.unam.edu.ar\/secidi\/wp-content\/uploads\/sites\/2\/2025\/08\/Modelo_Certificacion_Becas_UNaM_2025.doc\">Descargar<\/a><\/p><\/div>\n\t\t\t\t<\/div>\n\t\t\t\t\t\t\t<div class=\"elementor-toggle-item\">\n\t\t\t\t\t<div id=\"elementor-tab-title-1375\" class=\"elementor-tab-title\" data-tab=\"5\" role=\"button\" aria-controls=\"elementor-tab-content-1375\" aria-expanded=\"false\">\n\t\t\t\t\t\t\t\t\t\t\t\t<span class=\"elementor-toggle-icon elementor-toggle-icon-left\" aria-hidden=\"true\">\n\t\t\t\t\t\t\t\t\t\t\t\t\t\t\t<span class=\"elementor-toggle-icon-closed\"><i class=\"fas fa-caret-right\"><\/i><\/span>\n\t\t\t\t\t\t\t\t<span class=\"elementor-toggle-icon-opened\"><i class=\"elementor-toggle-icon-opened fas fa-caret-up\"><\/i><\/span>\n\t\t\t\t\t\t\t\t\t\t\t\t\t<\/span>\n\t\t\t\t\t\t\t\t\t\t\t\t<a class=\"elementor-toggle-title\" tabindex=\"0\">Becas UNaM 2024<\/a>\n\t\t\t\t\t<\/div>\n\n\t\t\t\t\t<div id=\"elementor-tab-content-1375\" class=\"elementor-tab-content elementor-clearfix\" data-tab=\"5\" role=\"region\" aria-labelledby=\"elementor-tab-title-1375\"><p><strong>UNIVERSIDAD NACIONAL DE MISIONES \u2013 PLAN DE DESARROLLO INSTITUCIONAL 2018-2026<\/strong><\/p><p><strong>SGCYT &#8211; PLAN ESTRAT\u00c9GICO DE CIENCIA Y TECNOLOG\u00cdA 2018 \u2013 2022<\/strong><\/p><p><strong>PROGRAMA ESTRAT\u00c9GICO DE BECAS DE CIENCIA Y TECNOLOG\u00cdA DE LA UNAM<\/strong><\/p><p><strong>CONVOCATORIA BECAS EICYT UNAM 2024<\/strong><\/p><p>La <strong>UNIVERSIDAD NACIONAL DE MISIONES<\/strong> convoca a 100 Becas para la participaci\u00f3n de ESTUDIANTES DE GRADO en Proyectos o Trabajos de Investigaci\u00f3n que se desarrollan en sus diferentes Unidades Acad\u00e9micas a fin de facilitar su inserci\u00f3n en actividades de ciencia, tecnolog\u00eda e innovaci\u00f3n. Esta Convocatoria se enmarca dentro del Plan Estrat\u00e9gico de Ciencia y Tecnolog\u00eda de la UNaM, aprobado por <strong>Resoluci\u00f3n CS-UNaM <\/strong>Resol. CS 104\/18.<\/p><p><strong>La Convocatoria estar\u00e1 abierta entre el 12 de Abril a el 30 de Abril de 2024.<\/strong><\/p><p><strong>Las becas entrar\u00e1n en vigencia a partir de Junio de 2024.<\/strong><\/p><p>Podr\u00e1n solicitar la beca aquellos alumnos que:<\/p><p>Aquellos\u00a0estudiantes que se encuentren cursando materias del ciclo intermedio o espec\u00edfico de sus carreras de grado y pregrado, con un m\u00ednimo del 50% de materias aprobadas de su carrera.<\/p><p>Las becas se desarrollan a fin de facilitar la inserci\u00f3n de estudiantes de la universidad en actividades de ciencia, tecnolog\u00eda e innovaci\u00f3n.\u00a0<\/p><ul><li>Reglamento de la Convocatoria \u00a0&#8211; <a href=\"http:\/\/secretarias.fceqyn.unam.edu.ar\/secidi\/wp-content\/uploads\/sites\/2\/2024\/04\/Reglamento.pdf\">Reglamento<\/a><\/li><li><strong>Disposicion Convocatoria 2024 <a href=\"http:\/\/secretarias.fceqyn.unam.edu.ar\/secidi\/wp-content\/uploads\/sites\/2\/2024\/04\/Disp-SGCyT-042-24-Convocatoria-Becas-EICyT-UNaM-2024.pdf\">Disp-SGCyT 042-24<\/a><\/strong><\/li><li>Flyer Difusi\u00f3n Beca UNaM &#8211; <a href=\"http:\/\/secretarias.fceqyn.unam.edu.ar\/secidi\/wp-content\/uploads\/sites\/2\/2024\/04\/Flyer.pdf\">Descargar<\/a><\/li><li>Formularios de Presentaci\u00f3n &#8211; <a href=\"https:\/\/secretarias.fceqyn.unam.edu.ar\/secidi\/wp-content\/uploads\/sites\/2\/2024\/04\/modelo_memoria_tecnica.docx\">Descargar<\/a><\/li><li>Padr\u00f3n Proyectos y Trabajos de Investigaci\u00f3n Vigentes 2024 &#8211; <a href=\"https:\/\/secretarias.fceqyn.unam.edu.ar\/secidi\/wp-content\/uploads\/sites\/2\/2024\/04\/Proy.-Vigentes-2024-para-Becas-2024.xls\">Descargar<\/a><\/li><\/ul><p><strong>Instructivo de la Presentaci\u00f3n<\/strong><\/p><p>La gesti\u00f3n de la convocatoria ser\u00e1 totalmente on-line.\u00a0<a href=\"https:\/\/saspi.sgcyt.unam.edu.ar\/\">https:\/\/saspi.sgcyt.unam.edu.ar<\/a><\/p><p>No se aceptar\u00e1n solicitudes impresas. Los aspirantes deber\u00e1n realizar su presentaci\u00f3n a trav\u00e9s del Sistema SASPI mediante la solapa configurada al respecto.<\/p><ul><li>Requisitos para Solicitar la Beca &#8211;\u00a0 <a href=\"https:\/\/secretarias.fceqyn.unam.edu.ar\/secidi\/wp-content\/uploads\/sites\/2\/2023\/02\/Requisitos_para_solicitar_Becas.pdf\">Descargar<\/a><\/li><li>Manual de Usuario Sistema SASPI &#8211; <a href=\"https:\/\/secretarias.fceqyn.unam.edu.ar\/secidi\/wp-content\/uploads\/sites\/2\/2023\/02\/Manual_de_Usuario_SASPI__-_Solicitar_Beca.pdf\">Descargar<\/a><\/li><li>Manual de Usuario CVar &#8211;\u00a0 <a href=\"https:\/\/secretarias.fceqyn.unam.edu.ar\/secidi\/wp-content\/uploads\/sites\/2\/2023\/02\/5_-_Manual_de_CVar_.pdf\">Descargar<\/a><\/li><li>Instructivo Navegacion Sitio CVar &#8211;\u00a0 <a href=\"https:\/\/secretarias.fceqyn.unam.edu.ar\/secidi\/wp-content\/uploads\/sites\/2\/2023\/02\/6_-_Navegacion_sitio_CVar.pdf\">Descargar<\/a><\/li><\/ul><p><strong>Resultados de la Convocatoria:<\/strong><\/p><p>Orden de Merito: <a href=\"http:\/\/secretarias.fceqyn.unam.edu.ar\/secidi\/wp-content\/uploads\/sites\/2\/2024\/06\/Orde-de-Marito-Preadjudicacion.pdf\">Descargar<\/a><\/p><p><strong style=\"color: var( --e-global-color-text );font-family: var( --e-global-typography-text-font-family ), Sans-serif;font-size: 1rem\">Resultado Definitivos Resol UNaM 501-24 &#8211; <a href=\"http:\/\/secretarias.fceqyn.unam.edu.ar\/secidi\/wp-content\/uploads\/sites\/2\/2024\/07\/Resol.-APROBACION-501-2024-Becas-EICyT.pdf\">Descargar<\/a><\/strong><\/p><p>Modelo de Certificaci\u00f3n Mensual &#8211; <a href=\"https:\/\/secretarias.fceqyn.unam.edu.ar\/secidi\/wp-content\/uploads\/sites\/2\/2024\/10\/Modelo_Certificacion_Becas_UNaM_2024.doc\">Descargar<\/a><\/p><\/div>\n\t\t\t\t<\/div>\n\t\t\t\t\t\t\t<div class=\"elementor-toggle-item\">\n\t\t\t\t\t<div id=\"elementor-tab-title-1376\" class=\"elementor-tab-title\" data-tab=\"6\" role=\"button\" aria-controls=\"elementor-tab-content-1376\" aria-expanded=\"false\">\n\t\t\t\t\t\t\t\t\t\t\t\t<span class=\"elementor-toggle-icon elementor-toggle-icon-left\" aria-hidden=\"true\">\n\t\t\t\t\t\t\t\t\t\t\t\t\t\t\t<span class=\"elementor-toggle-icon-closed\"><i class=\"fas fa-caret-right\"><\/i><\/span>\n\t\t\t\t\t\t\t\t<span class=\"elementor-toggle-icon-opened\"><i class=\"elementor-toggle-icon-opened fas fa-caret-up\"><\/i><\/span>\n\t\t\t\t\t\t\t\t\t\t\t\t\t<\/span>\n\t\t\t\t\t\t\t\t\t\t\t\t<a class=\"elementor-toggle-title\" tabindex=\"0\">Becas UNaM 2023<\/a>\n\t\t\t\t\t<\/div>\n\n\t\t\t\t\t<div id=\"elementor-tab-content-1376\" class=\"elementor-tab-content elementor-clearfix\" data-tab=\"6\" role=\"region\" aria-labelledby=\"elementor-tab-title-1376\"><p><strong>UNIVERSIDAD NACIONAL DE MISIONES \u2013 PLAN DE DESARROLLO INSTITUCIONAL 2018-2026<\/strong><\/p><p><strong>SGCYT &#8211; PLAN ESTRAT\u00c9GICO DE CIENCIA Y TECNOLOG\u00cdA 2018 \u2013 2022<\/strong><\/p><p><strong>PROGRAMA ESTRAT\u00c9GICO DE BECAS DE CIENCIA Y TECNOLOG\u00cdA DE LA UNAM<\/strong><\/p><p><strong>CONVOCATORIA BECAS EICYT UNAM 2023<\/strong><\/p><p>La <strong>UNIVERSIDAD NACIONAL DE MISIONES<\/strong> convoca a 100 Becas para la participaci\u00f3n de ESTUDIANTES DE GRADO en Proyectos o Trabajos de Investigaci\u00f3n que se desarrollan en sus diferentes Unidades Acad\u00e9micas a fin de facilitar su inserci\u00f3n en actividades de ciencia, tecnolog\u00eda e innovaci\u00f3n. Esta Convocatoria se enmarca dentro del Plan Estrat\u00e9gico de Ciencia y Tecnolog\u00eda de la UNaM, aprobado por <strong>Resoluci\u00f3n CS-UNaM <\/strong>Resol. CS 104\/18.<\/p><p><strong>La Convocatoria estar\u00e1 abierta entre el 07 de noviembre y el 11 de Diciembre de 2022.<\/strong><\/p><p><strong>Las becas entrar\u00e1n en vigencia a partir de marzo de 2023.<\/strong><\/p><p>Podr\u00e1n solicitar la beca aquellos alumnos que:<\/p><p>Aquellos\u00a0estudiantes que se encuentren cursando materias del ciclo intermedio o espec\u00edfico de sus carreras de grado y pregrado, con un m\u00ednimo del 50% de materias aprobadas de su carrera.<\/p><p>Las becas se desarrollan a fin de facilitar la inserci\u00f3n de estudiantes de la universidad en actividades de ciencia, tecnolog\u00eda e innovaci\u00f3n.\u00a0<\/p><ul><li>Reglamento de la Convocatoria \u00a0&#8211; <a href=\"https:\/\/secretarias.fceqyn.unam.edu.ar\/secidi\/wp-content\/uploads\/sites\/2\/2023\/02\/Reglamento_Becas_EICyT_UNaM_2023.pdf\">Descargar<\/a><\/li><li><strong>Disposicion Convocatoria 2023 <\/strong><a href=\"https:\/\/secretarias.fceqyn.unam.edu.ar\/secidi\/wp-content\/uploads\/sites\/2\/2023\/02\/Disp_Convocatoria_Becas_EICyT_UNaM_2023.pdf\">DISP_SGCYT-S01:0000315\/2022<\/a><\/li><li>Difusi\u00f3n Beca UNaM<\/li><li>Formularios de Presentaci\u00f3n &#8211; <a href=\"https:\/\/secretarias.fceqyn.unam.edu.ar\/secidi\/wp-content\/uploads\/sites\/2\/2023\/02\/modelo_memoria_tecnica.docx\">Descargar<\/a><\/li><li>Padron Proyectos y TRabajos de Investigacion Vigentes 2022 &#8211; <a href=\"https:\/\/secretarias.fceqyn.unam.edu.ar\/secidi\/wp-content\/uploads\/sites\/2\/2023\/02\/Proy._y_Trabajos_Vigentes_2022.xls\">Descargar<\/a><\/li><\/ul><p><strong>Instructivo de la Presentaci\u00f3n<\/strong><\/p><p>La gesti\u00f3n de la convocatoria ser\u00e1 totalmente on-line.\u00a0<a href=\"https:\/\/saspi.sgcyt.unam.edu.ar\/\">https:\/\/saspi.sgcyt.unam.edu.ar<\/a><\/p><p>No se aceptar\u00e1n solicitudes impresas. Los aspirantes deber\u00e1n realizar su presentaci\u00f3n a trav\u00e9s del Sistema SASPI mediante la solapa configurada al respecto.<\/p><ul><li>Requisitos para Solicitar la Beca &#8211;\u00a0 <a href=\"https:\/\/secretarias.fceqyn.unam.edu.ar\/secidi\/wp-content\/uploads\/sites\/2\/2023\/02\/Requisitos_para_solicitar_Becas.pdf\">Descargar<\/a><\/li><li>Manual de Usuario Sistema SASPI &#8211; <a href=\"https:\/\/secretarias.fceqyn.unam.edu.ar\/secidi\/wp-content\/uploads\/sites\/2\/2023\/02\/Manual_de_Usuario_SASPI__-_Solicitar_Beca.pdf\">Descargar<\/a><\/li><li>Manual de Usuario CVar &#8211;\u00a0 <a href=\"https:\/\/secretarias.fceqyn.unam.edu.ar\/secidi\/wp-content\/uploads\/sites\/2\/2023\/02\/5_-_Manual_de_CVar_.pdf\">Descargar<\/a><\/li><li>Instructivo Navegacion Sitio CVar &#8211;\u00a0 <a href=\"https:\/\/secretarias.fceqyn.unam.edu.ar\/secidi\/wp-content\/uploads\/sites\/2\/2023\/02\/6_-_Navegacion_sitio_CVar.pdf\">Descargar<\/a><\/li><\/ul><p><strong>Resultados de la Convocatoria<\/strong><\/p><p>Resoluci\u00f3n Rectoral 355\/23\u00a0 Anexo I Ganadores &#8211; <a href=\"http:\/\/secretarias.fceqyn.unam.edu.ar\/secidi\/wp-content\/uploads\/sites\/2\/2023\/05\/Resol-355-23-y-anexo-I-Becas-EICyT-2022.pdf\">Descargar<\/a><\/p><p>Resoluci\u00f3n Rectoral 355\/23\u00a0 Anexo II Evaluadores &#8211; <a href=\"http:\/\/secretarias.fceqyn.unam.edu.ar\/secidi\/wp-content\/uploads\/sites\/2\/2023\/05\/Resol-355-23-y-anexo-II-Becas-EICyT-2022.pdf\">Descargar<\/a><\/p><p>Modelo de Certificaci\u00f3n Mensual &#8211; <a href=\"https:\/\/secretarias.fceqyn.unam.edu.ar\/secidi\/wp-content\/uploads\/sites\/2\/2023\/05\/Modelo_Certificacion_Becas_UNaM_2023.doc\">Descargar<\/a><\/p><\/div>\n\t\t\t\t<\/div>\n\t\t\t\t\t\t\t<div class=\"elementor-toggle-item\">\n\t\t\t\t\t<div id=\"elementor-tab-title-1377\" class=\"elementor-tab-title\" data-tab=\"7\" role=\"button\" aria-controls=\"elementor-tab-content-1377\" aria-expanded=\"false\">\n\t\t\t\t\t\t\t\t\t\t\t\t<span class=\"elementor-toggle-icon elementor-toggle-icon-left\" aria-hidden=\"true\">\n\t\t\t\t\t\t\t\t\t\t\t\t\t\t\t<span class=\"elementor-toggle-icon-closed\"><i class=\"fas fa-caret-right\"><\/i><\/span>\n\t\t\t\t\t\t\t\t<span class=\"elementor-toggle-icon-opened\"><i class=\"elementor-toggle-icon-opened fas fa-caret-up\"><\/i><\/span>\n\t\t\t\t\t\t\t\t\t\t\t\t\t<\/span>\n\t\t\t\t\t\t\t\t\t\t\t\t<a class=\"elementor-toggle-title\" tabindex=\"0\">Becas UNaM 2022<\/a>\n\t\t\t\t\t<\/div>\n\n\t\t\t\t\t<div id=\"elementor-tab-content-1377\" class=\"elementor-tab-content elementor-clearfix\" data-tab=\"7\" role=\"region\" aria-labelledby=\"elementor-tab-title-1377\"><p><strong>UNIVERSIDAD NACIONAL DE MISIONES \u2013 PLAN DE DESARROLLO INSTITUCIONAL 2018-2026 <\/strong><\/p><p><strong>SGCYT &#8211; PLAN ESTRAT\u00c9GICO DE CIENCIA Y TECNOLOG\u00cdA 2018 \u2013 2022 <\/strong><\/p><p><strong>PROGRAMA ESTRAT\u00c9GICO DE BECAS DE CIENCIA Y TECNOLOG\u00cdA DE LA UNAM <\/strong><\/p><p>\u00a0<strong>CONVOCATORIA BECAS EICYT UNAM 2022<\/strong><\/p><p>La Universidad Nacional de Misiones convoca a 100 Becas para la participaci\u00f3n de ESTUDIANTES DE GRADO en Proyectos o Trabajos de Investigaci\u00f3n que se desarrollan en sus diferentes Unidades Acad\u00e9micas a fin de facilitar su inserci\u00f3n en actividades de ciencia, tecnolog\u00eda e innovaci\u00f3n.<\/p><p>Esta Convocatoria se enmarca dentro del Plan Estrat\u00e9gico de Ciencia y Tecnolog\u00eda de la UNaM, aprobado por Resoluci\u00f3n CS-UNaM Resol. CS 104\/18.<\/p><p><strong>La Convocatoria estar\u00e1 abierta entre el 01 de Octubre y el 31 de Octubre de 2021. <\/strong><\/p><p><strong>Las becas entrar\u00e1n en vigencia a partir de febrero de 2022.<\/strong><\/p><p>Podr\u00e1n solicitar la beca aquellos alumnos que:<\/p><p>1) Aquellos estudiantes que se encuentren cursando materias del ciclo intermedio o espec\u00edfico de sus carreras de grado y pregrado, con un m\u00ednimo del 50% de materias aprobadas de su carrera.<\/p><p>2) No superen los 35 a\u00f1os de edad al 31 de diciembre del 2021.<\/p><p>Las becas se desarrollan a fin de facilitar la inserci\u00f3n de estudiantes de la universidad en actividades de ciencia, tecnolog\u00eda e innovaci\u00f3n.\u00a0<\/p><ul><li>Reglamento de la Convocatoria \u00a0&#8211; <a href=\"https:\/\/secretarias.fceqyn.unam.edu.ar\/secidi\/wp-content\/uploads\/sites\/2\/2023\/02\/Reglamento_Becas_EICyT_2022.pdf\">Descargar<\/a><\/li><li>Difusi\u00f3n Beca UNaM &#8211; <a href=\"https:\/\/secretarias.fceqyn.unam.edu.ar\/secidi\/wp-content\/uploads\/sites\/2\/2023\/02\/Difusion_Becas_2022.docx\">Descargar<\/a><\/li><li>Formularios de Presentaci\u00f3n<\/li><li>Padron Proyectos de Investigacion Vigentes 2021 &#8211; <a href=\"https:\/\/secretarias.fceqyn.unam.edu.ar\/secidi\/wp-content\/uploads\/sites\/2\/2023\/02\/Proyectos_Vigentes_2021.pdf\">Descargar<\/a><\/li><li>Padron Trabajos de Investigacion Vigentes 2021 &#8211; <a href=\"https:\/\/secretarias.fceqyn.unam.edu.ar\/secidi\/wp-content\/uploads\/sites\/2\/2023\/02\/Trabajos_Vigentes_2021.pdf\">Descargar<\/a><\/li><\/ul><p><strong>Instructivo de la Presentaci\u00f3n<\/strong><\/p><p>La gesti\u00f3n de la convocatoria ser\u00e1 totalmente on-line. <a href=\"https:\/\/saspi.sgcyt.unam.edu.ar\/\">https:\/\/saspi.sgcyt.unam.edu.ar<\/a><\/p><p>No se aceptar\u00e1n solicitudes impresas. Los aspirantes deber\u00e1n realizar su presentaci\u00f3n a trav\u00e9s del Sistema SASPI mediante la solapa configurada al respecto.<\/p><ul><li>Requisitos para Solicitar la Beca &#8211; <a href=\"https:\/\/secretarias.fceqyn.unam.edu.ar\/secidi\/wp-content\/uploads\/sites\/2\/2023\/02\/1_-_Requisitos_para_solicitar_Becas.pdf\">Descargar<\/a><\/li><li>Manual de Usuario Sistema SASPI &#8211; <a href=\"https:\/\/secretarias.fceqyn.unam.edu.ar\/secidi\/wp-content\/uploads\/sites\/2\/2023\/02\/Manual_de_Usuario_SASPI__-_Solicitar_Beca-1.pdf\">Descargar<\/a><\/li><li>Manual de Usuario CVar &#8211; <a href=\"https:\/\/secretarias.fceqyn.unam.edu.ar\/secidi\/wp-content\/uploads\/sites\/2\/2023\/02\/5_-_Manual_de_CVar_-1.pdf\">Descargar<\/a><\/li><li>Instructivo Navegacion Sitio CVar &#8211; <a href=\"https:\/\/secretarias.fceqyn.unam.edu.ar\/secidi\/wp-content\/uploads\/sites\/2\/2023\/02\/6_-_Navegacion_sitio_CVar-1.pdf\">Descargar<\/a><\/li><\/ul><p><strong>\u00a0RESULTADOS<\/strong><\/p><p>*\u00a0RESOLUCION RECTORAL 075-2022 &#8211; OTORGAMIENTO BECAS EICyT &#8211; GRADO &#8211; 2022 &#8211; <a href=\"https:\/\/secretarias.fceqyn.unam.edu.ar\/secidi\/wp-content\/uploads\/sites\/2\/2023\/02\/Res_075_22_GANADORES_Beca_UNaM_2022.pdf\">Descargar<\/a><\/p><p>* Modelo Certificaci\u00f3n de Trabajo Mensual &#8211; <a href=\"https:\/\/secretarias.fceqyn.unam.edu.ar\/secidi\/wp-content\/uploads\/sites\/2\/2023\/02\/Modelo_Certificacion_Becas_UNaM_2022.doc\">Descargar<\/a><\/p><\/div>\n\t\t\t\t<\/div>\n\t\t\t\t\t\t\t<div class=\"elementor-toggle-item\">\n\t\t\t\t\t<div id=\"elementor-tab-title-1378\" class=\"elementor-tab-title\" data-tab=\"8\" role=\"button\" aria-controls=\"elementor-tab-content-1378\" aria-expanded=\"false\">\n\t\t\t\t\t\t\t\t\t\t\t\t<span class=\"elementor-toggle-icon elementor-toggle-icon-left\" aria-hidden=\"true\">\n\t\t\t\t\t\t\t\t\t\t\t\t\t\t\t<span class=\"elementor-toggle-icon-closed\"><i class=\"fas fa-caret-right\"><\/i><\/span>\n\t\t\t\t\t\t\t\t<span class=\"elementor-toggle-icon-opened\"><i class=\"elementor-toggle-icon-opened fas fa-caret-up\"><\/i><\/span>\n\t\t\t\t\t\t\t\t\t\t\t\t\t<\/span>\n\t\t\t\t\t\t\t\t\t\t\t\t<a class=\"elementor-toggle-title\" tabindex=\"0\">Becas UNaM 2020<\/a>\n\t\t\t\t\t<\/div>\n\n\t\t\t\t\t<div id=\"elementor-tab-content-1378\" class=\"elementor-tab-content elementor-clearfix\" data-tab=\"8\" role=\"region\" aria-labelledby=\"elementor-tab-title-1378\"><p><strong>UNIVERSIDAD NACIONAL DE MISIONES \u2013 PLAN DE DESARROLLO INSTITUCIONAL 2018-2026 <\/strong><\/p><p><strong>SGCYT &#8211; PLAN ESTRAT\u00c9GICO DE CIENCIA Y TECNOLOG\u00cdA 2018 \u2013 2022 <\/strong><\/p><p><strong>PROGRAMA ESTRAT\u00c9GICO DE BECAS DE CIENCIA Y TECNOLOG\u00cdA DE LA UNAM <\/strong><\/p><p>\u00a0<strong>CONVOCATORIA BECAS EICYT UNAM 2020<\/strong><\/p><p>La Universidad Nacional de Misiones convoca a 100 Becas para la participaci\u00f3n de ESTUDIANTES DE GRADO en Proyectos o Trabajos de Investigaci\u00f3n que se desarrollan en sus diferentes Unidades Acad\u00e9micas a fin de facilitar su inserci\u00f3n en actividades de ciencia, tecnolog\u00eda e innovaci\u00f3n.<\/p><p>Esta Convocatoria se enmarca dentro del Plan Estrat\u00e9gico de Ciencia y Tecnolog\u00eda de la UNaM, aprobado por Resoluci\u00f3n CS-UNaM Resol. CS 104\/18.<\/p><p><strong>La Convocatoria estar\u00e1 abierta entre el 25 de mayo y el 25 de junio de 2020. <\/strong><\/p><p>Podr\u00e1n solicitar la beca aquellos alumnos que:<\/p><p>1) Aquellos estudiantes que se encuentren cursando materias del ciclo intermedio o espec\u00edfico de sus carreras de grado y pregrado, con un m\u00ednimo del 50% de materias aprobadas de su carrera.<\/p><p>2) No superen los 35 a\u00f1os de edad al 31 de diciembre del 2020.<\/p><p>Las becas se desarrollan a fin de facilitar la inserci\u00f3n de estudiantes de la universidad en actividades de ciencia, tecnolog\u00eda e innovaci\u00f3n.\u00a0<\/p><ul><li>Reglamento de la Convocatoria \u00a0&#8211; <a href=\"https:\/\/secretarias.fceqyn.unam.edu.ar\/secidi\/wp-content\/uploads\/sites\/2\/2023\/02\/Reglamento_Becas_EICyT_2020.pdf\">Descargar<\/a><\/li><li>Difusi\u00f3n Beca UNaM &#8211; <a href=\"https:\/\/secretarias.fceqyn.unam.edu.ar\/secidi\/wp-content\/uploads\/sites\/2\/2023\/02\/Difusion_Becas_2020_2.pdf\">Descargar<\/a><\/li><li>Formularios de Presentaci\u00f3n &#8211; <a href=\"https:\/\/secretarias.fceqyn.unam.edu.ar\/secidi\/wp-content\/uploads\/sites\/2\/2023\/02\/Formulario_Becas_2020.docx\">Descargar<\/a><\/li><li>Padron Proyectos de Investigacion Vigentes 2020 &#8211; <a href=\"https:\/\/secretarias.fceqyn.unam.edu.ar\/secidi\/wp-content\/uploads\/sites\/2\/2023\/02\/Proy._Vigentes_2020.pdf\">Descargar<\/a><\/li><li>Padron Trabajos de Investigacion Vigentes 2020 &#8211; <a href=\"https:\/\/secretarias.fceqyn.unam.edu.ar\/secidi\/wp-content\/uploads\/sites\/2\/2023\/02\/Trabajos._Vigentes2020.pdf\">Descargar<\/a><\/li><\/ul><p><strong>Instructivo de la Presentaci\u00f3n<\/strong><\/p><p>La gesti\u00f3n de la convocatoria ser\u00e1 totalmente on-line. <a href=\"https:\/\/saspi.sgcyt.unam.edu.ar\/\">https:\/\/saspi.sgcyt.unam.edu.ar<\/a><\/p><p>No se aceptar\u00e1n solicitudes impresas. Los aspirantes deber\u00e1n realizar su presentaci\u00f3n a trav\u00e9s del Sistema SASPI mediante la solapa configurada al respecto.<\/p><ul><li>Requisitos para Solicitar la Beca &#8211; <a href=\"https:\/\/secretarias.fceqyn.unam.edu.ar\/secidi\/wp-content\/uploads\/sites\/2\/2023\/02\/1_-_Requisitos_para_solicitar_Becas-1.pdf\">Descargar<\/a><\/li><li>Manual de Usuario Sistema SASPI \u2013 <a href=\"https:\/\/secretarias.fceqyn.unam.edu.ar\/secidi\/wp-content\/uploads\/sites\/2\/2023\/02\/3_-_Manual_de_Usuario_SASPI__-_Solicitar_Beca_1.pdf\">Descargar<\/a><\/li><li>Manual de Usuario CVar &#8211; <a href=\"https:\/\/secretarias.fceqyn.unam.edu.ar\/secidi\/wp-content\/uploads\/sites\/2\/2023\/02\/5_-_Manual_de_CVar_-2.pdf\">Descargar<\/a><\/li><li>Instructivo Navegacion Sitio CVar &#8211; <a href=\"https:\/\/secretarias.fceqyn.unam.edu.ar\/secidi\/wp-content\/uploads\/2023\/02\/6_-_Navegacion_sitio_CVar-2.pdf\">Descargar<\/a><\/li><\/ul><p><strong>RESULTADOS<\/strong><\/p><p>\u00a0*NOMINA DE ORDEN DE MERITO\u00a0&#8211; <a href=\"https:\/\/secretarias.fceqyn.unam.edu.ar\/secidi\/wp-content\/uploads\/sites\/2\/2023\/02\/orden_de_merito_-_EICyT_-_FCQyN__2020.pdf\">Descargar<\/a><\/p><p>*\u00a0ORDEN DE MERITO FINAL &#8211; <a href=\"https:\/\/secretarias.fceqyn.unam.edu.ar\/secidi\/wp-content\/uploads\/sites\/2\/2023\/02\/Becas_EICyT_2020_-_Orde_de_merito_-_FCEQyN.pdf\">Descargar<\/a><\/p><p>* RESOLUCION 673-2020 &#8211; OTORGAMIENTO BECAS EICyT &#8211; GRADO &#8211; 2020 &#8211; <a href=\"https:\/\/secretarias.fceqyn.unam.edu.ar\/secidi\/wp-content\/uploads\/sites\/2\/2023\/02\/RESOLUCION_673-2020_-_OTORGAMIENTO_BECAS_EICyT_-_GRADO_-_2020_compressed.pdf\">Descargar<\/a><\/p><p>* Modelo Certificaci\u00f3n de Trabajo Mensual &#8211; <a href=\"https:\/\/secretarias.fceqyn.unam.edu.ar\/secidi\/wp-content\/uploads\/sites\/2\/2023\/02\/Modelo_Certificacion_Becas_UNaM_2020.doc\">Descargar<\/a><\/p><p>*Modelo de Informe Final &#8211; <a href=\"https:\/\/secretarias.fceqyn.unam.edu.ar\/secidi\/wp-content\/uploads\/sites\/2\/2023\/02\/Informe_de_Beca_UNaM.doc\">Descargar<\/a><\/p><\/div>\n\t\t\t\t<\/div>\n\t\t\t\t\t\t\t<div class=\"elementor-toggle-item\">\n\t\t\t\t\t<div id=\"elementor-tab-title-1379\" class=\"elementor-tab-title\" data-tab=\"9\" role=\"button\" aria-controls=\"elementor-tab-content-1379\" aria-expanded=\"false\">\n\t\t\t\t\t\t\t\t\t\t\t\t<span class=\"elementor-toggle-icon elementor-toggle-icon-left\" aria-hidden=\"true\">\n\t\t\t\t\t\t\t\t\t\t\t\t\t\t\t<span class=\"elementor-toggle-icon-closed\"><i class=\"fas fa-caret-right\"><\/i><\/span>\n\t\t\t\t\t\t\t\t<span class=\"elementor-toggle-icon-opened\"><i class=\"elementor-toggle-icon-opened fas fa-caret-up\"><\/i><\/span>\n\t\t\t\t\t\t\t\t\t\t\t\t\t<\/span>\n\t\t\t\t\t\t\t\t\t\t\t\t<a class=\"elementor-toggle-title\" tabindex=\"0\">Becas UNaM 2019<\/a>\n\t\t\t\t\t<\/div>\n\n\t\t\t\t\t<div id=\"elementor-tab-content-1379\" class=\"elementor-tab-content elementor-clearfix\" data-tab=\"9\" role=\"region\" aria-labelledby=\"elementor-tab-title-1379\"><p><strong>BECAS PARA AUXILIARES DE INVESTIGACI\u00d3N DE LA UNIVERSDIAD NACIONAL DE MISIONES<\/strong><\/p><p>La Universidad Nacional de Misiones convoca a 100 Becas para AXULIARES ALUMNOS DE GRADO para participar en Proyectos de Investigaci\u00f3n que se desarrollan en sus diferentes Unidades Acad\u00e9micas (Facultades y Escuelas) a fin de facilitar su inserci\u00f3n en actividades de ciencia, tecnolog\u00eda e innovaci\u00f3n. Esta Convocatoria se enmarca dentro del Plan Estrat\u00e9gico de Ciencia y Tecnolog\u00eda de la UNaM, aprobado por<span class=\"apple-converted-space\"><strong>Resoluci\u00f3n CS-UNaM Resol. CS 104\/18.<\/strong><\/span><\/p><p><strong>La Convocatoria estar\u00e1 abierta entre el 13 de marzo y el 22 de abril de 2019.<\/strong><\/p><p>Podr\u00e1n solicitar la beca aquellos alumnos que:<\/p><p>1) se encuentren cursando materias del ciclo intermedio o espec\u00edfico de sus carreras,<br \/>2) no superen los 30 a\u00f1os de edad al 31 de diciembre del a\u00f1o de la convocatoria (inclusive),<br \/>3) acrediten un m\u00ednimo del 50% de materias aprobadas de su carrera.<\/p><p>Las becas se desarrollan a fin de facilitar la inserci\u00f3n de estudiantes de la universidad en actividades de ciencia, tecnolog\u00eda e innovaci\u00f3n.\u00a0<\/p><ul><li>Reglamento de la Convocatoria \u00a0&#8211; <a href=\"https:\/\/secretarias.fceqyn.unam.edu.ar\/secidi\/wp-content\/uploads\/sites\/2\/2023\/02\/Reglamento.pdf\">Descarga<\/a><\/li><li>Difusi\u00f3n Beca UNaM &#8211; <a href=\"https:\/\/secretarias.fceqyn.unam.edu.ar\/secidi\/wp-content\/uploads\/sites\/2\/2023\/02\/Difusion_Becas_2019.pdf\">Descargar<\/a><\/li><li>Formularios de Presentaci\u00f3n &#8211; <a href=\"https:\/\/secretarias.fceqyn.unam.edu.ar\/secidi\/wp-content\/uploads\/sites\/2\/2023\/02\/Formulario_Becas_2019.doc\">Descargar<\/a><\/li><\/ul><p><strong>Instructivo de la Presentacion (1 Impreso + CD)<\/strong><\/p><p>* 1 Impreso Formulario de Presentacion y Certifucado Analitico de Materias<\/p><p>* 1 CD ( Formulario de Presentacion, Cert. Analitico, CVar Directores, Documentacion Probatoria del alumno)<\/p><p><strong>RESULTADO CONVOCATORIA<\/strong><\/p><p>NOMINA DE ORDEN DE MERITO <a href=\"https:\/\/secretarias.fceqyn.unam.edu.ar\/secidi\/wp-content\/uploads\/sites\/2\/2023\/02\/Resultados_Becas_UNaM_2019.pdf\">Descargar<\/a><\/p><p>* Ganadores &#8211; Resolucion 380\/19 \u00a0&#8211; <a href=\"https:\/\/secretarias.fceqyn.unam.edu.ar\/secidi\/wp-content\/uploads\/sites\/2\/2023\/02\/RESOLUCION_No_380_OTORGAMIENTO_EICyT_FCEQyN.pdf\">Descargar<\/a><\/p><p>* Modelo Certificaci\u00f3n de Trabajo Mensual\u00a0&#8211; <a href=\"https:\/\/secretarias.fceqyn.unam.edu.ar\/secidi\/wp-content\/uploads\/sites\/2\/2023\/02\/Modelo_Certificacion_Becas_UNaM_2019.doc\">Descargar<\/a><\/p><p>*Modelo de Informe Final &#8211; <a href=\"https:\/\/secretarias.fceqyn.unam.edu.ar\/secidi\/wp-content\/uploads\/sites\/2\/2023\/02\/Informe_de_Beca_UNaM-1.doc\">Descargar<\/a><\/p><\/div>\n\t\t\t\t<\/div>\n\t\t\t\t\t\t\t<div class=\"elementor-toggle-item\">\n\t\t\t\t\t<div id=\"elementor-tab-title-13710\" class=\"elementor-tab-title\" data-tab=\"10\" role=\"button\" aria-controls=\"elementor-tab-content-13710\" aria-expanded=\"false\">\n\t\t\t\t\t\t\t\t\t\t\t\t<span class=\"elementor-toggle-icon elementor-toggle-icon-left\" aria-hidden=\"true\">\n\t\t\t\t\t\t\t\t\t\t\t\t\t\t\t<span class=\"elementor-toggle-icon-closed\"><i class=\"fas fa-caret-right\"><\/i><\/span>\n\t\t\t\t\t\t\t\t<span class=\"elementor-toggle-icon-opened\"><i class=\"elementor-toggle-icon-opened fas fa-caret-up\"><\/i><\/span>\n\t\t\t\t\t\t\t\t\t\t\t\t\t<\/span>\n\t\t\t\t\t\t\t\t\t\t\t\t<a class=\"elementor-toggle-title\" tabindex=\"0\">Becas UNaM 2018<\/a>\n\t\t\t\t\t<\/div>\n\n\t\t\t\t\t<div id=\"elementor-tab-content-13710\" class=\"elementor-tab-content elementor-clearfix\" data-tab=\"10\" role=\"region\" aria-labelledby=\"elementor-tab-title-13710\"><p><strong>BECAS PARA AUXILIARES DE INVESTIGACI\u00d3N DE LA UNIVERSDIAD NACIONAL DE MISIONES<\/strong><\/p><p>La Universidad Nacional de Misiones convoca a 100 Becas para AXULIARES ALUMNOS DE GRADO para participar en Proyectos de Investigaci\u00f3n que se desarrollan en sus diferentes Unidades Acad\u00e9micas (Facultades y Escuelas) a fin de facilitar su inserci\u00f3n en actividades de ciencia, tecnolog\u00eda e innovaci\u00f3n. Esta Convocatoria se enmarca dentro del Plan Estrat\u00e9gico de Ciencia y Tecnolog\u00eda de la UNaM, aprobado por <strong>Resoluci\u00f3n CS-UNaM 880-16.<\/strong><\/p><p><strong>La Convocatoria estar\u00e1 abierta entre el 09 de marzo y el 13 de abril de 2018.<\/strong>\u00a0<\/p><p>Podr\u00e1n solicitar la beca aquellos alumnos que:<\/p><p>1) se encuentren cursando materias del ciclo intermedio o espec\u00edfico de sus carreras,<br \/>2) no superen los 30 a\u00f1os de edad al 31 de diciembre del a\u00f1o de la convocatoria (inclusive),<br \/>3) acrediten un m\u00ednimo del 50% de materias aprobadas de su carrera.<\/p><p>Las becas se desarrollan a fin de facilitar la inserci\u00f3n de estudiantes de la universidad en actividades de ciencia, tecnolog\u00eda e innovaci\u00f3n. Esta Convocatoria se enmarca dentro del Plan Estrat\u00e9gico de Ciencia y Tecnolog\u00eda de la UNaM, aprobado por Resoluci\u00f3n CS-UNaM 880-16.<\/p><ul><li>Reglamento de la Convocatoria \u00a0&#8211; <a href=\"https:\/\/secretarias.fceqyn.unam.edu.ar\/secidi\/wp-content\/uploads\/sites\/2\/2023\/02\/Reglamento-1.pdf\">Descargar<\/a><\/li><li>Difusion Beca UNaM &#8211; <a href=\"https:\/\/secretarias.fceqyn.unam.edu.ar\/secidi\/wp-content\/uploads\/sites\/2\/2023\/02\/Difusion_Becas_2018.pdf\">Descargar<\/a><\/li><li>Formularios de Presentacion &#8211; <a href=\"https:\/\/secretarias.fceqyn.unam.edu.ar\/secidi\/wp-content\/uploads\/sites\/2\/2023\/02\/Plan_de_Beca_UNaM.doc\">Descargar<\/a><\/li><li>Modelo de Informe- <a href=\"https:\/\/secretarias.fceqyn.unam.edu.ar\/secidi\/wp-content\/uploads\/sites\/2\/2023\/02\/Informe_de_Beca_UNaM-2.doc\">Descargar<\/a><\/li><\/ul><p><strong>Instructivo de la Presentacion (1 Impreso + CD)<\/strong><\/p><p>* 1 Impreso Formulario de Presentacion y Certifucado Analitico de Materias<\/p><p>* 1 CD ( Formulario de Presentacion, Cert. Analitico, CVar Directores, Documentacion Probatoria del alumno)<\/p><p><strong>\u00a0RESULTADOS<\/strong><\/p><p>* Comision Evaluadora, Actas y Orden de Merito &#8211; <a href=\"https:\/\/secretarias.fceqyn.unam.edu.ar\/secidi\/wp-content\/uploads\/sites\/2\/2023\/02\/RESOLUCION_Y__ACTAS_ORDEN_MERITO__FCEQyN.pdf\">Descargar<\/a><\/p><p>* Ganadores &#8211; Resolucion 966\/18 \u00a0&#8211; <a href=\"https:\/\/secretarias.fceqyn.unam.edu.ar\/secidi\/wp-content\/uploads\/sites\/2\/2023\/02\/GANADORES_RESOLUCION_966-18_BECAS_EICyT-2018.pdf\">Descargar<\/a><\/p><p>* Modelo Certificaci\u00f3n de Trabajo Mensual &#8211; <a href=\"https:\/\/secretarias.fceqyn.unam.edu.ar\/secidi\/wp-content\/uploads\/sites\/2\/2023\/02\/Modelo_Certificacion_Becas_UNaM_2018.doc\">Descargar<\/a><\/p><\/div>\n\t\t\t\t<\/div>\n\t\t\t\t\t\t\t<div class=\"elementor-toggle-item\">\n\t\t\t\t\t<div id=\"elementor-tab-title-13711\" class=\"elementor-tab-title\" data-tab=\"11\" role=\"button\" aria-controls=\"elementor-tab-content-13711\" aria-expanded=\"false\">\n\t\t\t\t\t\t\t\t\t\t\t\t<span class=\"elementor-toggle-icon elementor-toggle-icon-left\" aria-hidden=\"true\">\n\t\t\t\t\t\t\t\t\t\t\t\t\t\t\t<span class=\"elementor-toggle-icon-closed\"><i class=\"fas fa-caret-right\"><\/i><\/span>\n\t\t\t\t\t\t\t\t<span class=\"elementor-toggle-icon-opened\"><i class=\"elementor-toggle-icon-opened fas fa-caret-up\"><\/i><\/span>\n\t\t\t\t\t\t\t\t\t\t\t\t\t<\/span>\n\t\t\t\t\t\t\t\t\t\t\t\t<a class=\"elementor-toggle-title\" tabindex=\"0\">Becas SECIP 2013<\/a>\n\t\t\t\t\t<\/div>\n\n\t\t\t\t\t<div id=\"elementor-tab-content-13711\" class=\"elementor-tab-content elementor-clearfix\" data-tab=\"11\" role=\"region\" aria-labelledby=\"elementor-tab-title-13711\"><p><strong>A Alumnos, Graduados y\u00a0 Docentes-Investigadores Directores de Proyectos<\/strong><\/p><p>Llamado a Concurso para Becas de la Secretaria de Investigaci\u00f3n y Posgrado para la cobertura de las categor\u00edas con afectaci\u00f3n a los distintos proyectos de investigaci\u00f3n de la SECIP:<\/p><ul><li>Cargo: Auxiliar de Investigaci\u00f3n (Alumno) &#8211; Dedicaci\u00f3n Simple<\/li><li>Cargo: Investigador en Formaci\u00f3n (Graduado) &#8211; Dedicaci\u00f3n Simple<\/li><\/ul><p>Autorizado por Disposici\u00f3n Decano N\u00ba 862\/13 &#8211; Expte. N\u00ba 1798-Q\/13<\/p><p><strong>Publicaci\u00f3n:<\/strong><\/p><ul><li>Desde: Lunes 05 de Agosto del 2013<\/li><li>Hasta: Viernes 09 de Agosto del 2013<\/li><\/ul><p><strong>Inscripci\u00f3n:<\/strong><\/p><ul><li>Desde: Lunes 12 de Agosto de 2013\u00a0<\/li><li>Hasta: Viernes 16 de Agosto de 2013<\/li><li>Horario: Lunes a Viernes desde 07,30 hs hasta 12,30 hs y de 15,00 hs a 17,00 hs<\/li><li>Lugar: Secretar\u00eda de Investigaci\u00f3n y Posgrado (SECIP) &#8211; (FCEQyN) &#8211; F\u00e9lix de Azara 1552 (Ex-174) &#8211; 6to. Piso &#8211; Posadas (Mnes) &#8211; \u00a0C. Postal 3300<\/li><\/ul><p><strong>Requisitos Generales del Llamado:<\/strong><\/p><ol><li>Ser argentino\/a o tener m\u00e1s de cuatro (4) a\u00f1os de ejercicio de la ciudadan\u00eda.<\/li><li>Presentar formulario de antecedentes debidamente cumplimentado en la SECIP con la documentaci\u00f3n probatoria declarada en dicho formulario.<\/li><li>Presentar plan de tareas firmados por el postulante y aval firmado por el director\/a del proyecto\/programa de investigaci\u00f3n.<\/li><li>Presentar certificado anal\u00edtico de materias rendidas (incluidos aplazos) en el caso de los estudiantes; y titulo y certificado anal\u00edtico de materias en el caso de los profesionales\/graduados.<\/li><li>Las becas s\u00f3lo ser\u00e1n compatibles con un beneficios de ayuda econ\u00f3mica (becas de comedor, etc.) para ello se deber\u00e1 completar formulario de declaraci\u00f3n jurada.\u00a0<\/li><\/ol><p><strong>Jurado:<\/strong><\/p><p>Ser\u00e1n jurados para las evaluaciones de los antecedentes de los postulantes, los miembros del Consejo de Investigaci\u00f3n y Desarrollo Tecnol\u00f3gico (CIDET).<\/p><p><strong>Publicaci\u00f3n del Orden de Meritos:<\/strong><\/p><p>Los dict\u00e1menes de los jurados ser\u00e1n publicados durante tres (3) d\u00edas en fecha a determinar, una vez que culmine el estudio y evaluaci\u00f3n de los antecedentes de los postulantes.<\/p><p><strong>Documentos:<\/strong><\/p><ul><li>Disposici\u00f3n N\u00ba 862\/13 &#8211; Anexo con Requisitos\u00a0 &#8211; <a href=\"https:\/\/secretarias.fceqyn.unam.edu.ar\/secidi\/wp-content\/uploads\/sites\/2\/2023\/02\/Becas-SECIP_Disp_862-13.pdf\">Descargas<\/a><\/li><li>Formulario Presentaci\u00f3n Antecedentes &#8211; <a href=\"https:\/\/secretarias.fceqyn.unam.edu.ar\/secidi\/wp-content\/uploads\/sites\/2\/2023\/02\/Form-Pres-Antecedentes_Becas-SECIP_2013.doc\">Descargar<\/a><\/li><li>Declaraci\u00f3n Jurada &#8211; <a href=\"https:\/\/secretarias.fceqyn.unam.edu.ar\/secidi\/wp-content\/uploads\/sites\/2\/2023\/02\/Declaracion-Jurada_Becas-SECIP_2013.doc\">Descargar<\/a><\/li><li>Modelo Aval &#8211; <a href=\"https:\/\/secretarias.fceqyn.unam.edu.ar\/secidi\/wp-content\/uploads\/sites\/2\/2023\/02\/Modelo-Aval_Becas-SECIP_2013.doc\">Descargar<\/a><\/li><\/ul><hr \/><p><strong>Resultados:<\/strong><\/p><ul><li>Designaciones Disp. Decano 1579\/13 de Fecha 14\/11\/13 &#8211; <a href=\"https:\/\/secretarias.fceqyn.unam.edu.ar\/secidi\/wp-content\/uploads\/sites\/2\/2023\/02\/Becas-SECIP_Disp_1579-13.pdf\">Descargar<\/a><\/li><li>Anexo I (A) &#8211; Auxiliar de Investigaci\u00f3n (Alumno) Rentado &#8211; <a href=\"https:\/\/secretarias.fceqyn.unam.edu.ar\/secidi\/wp-content\/uploads\/sites\/2\/2023\/02\/Anexo_IA_Alu-Rentado_Disp_1579-13.pdf\">Descargar<\/a><\/li><li>Anexo II (A) &#8211; Auxiliar de Investigaci\u00f3n (Alumno) Ad Honorem &#8211; <a href=\"https:\/\/secretarias.fceqyn.unam.edu.ar\/secidi\/wp-content\/uploads\/sites\/2\/2023\/02\/Anexo_IIA_Alu-AdHon_Disp_1579-13.pdf\">Descargar<\/a><\/li><li>Anexo I (B) &#8211; Investigador en Formaci\u00f3n (Graduado) Rentado &#8211; <a href=\"https:\/\/secretarias.fceqyn.unam.edu.ar\/secidi\/wp-content\/uploads\/sites\/2\/2023\/02\/Anexo_IB_Grad-Rentado_Disp_1579-13.pdf\">Descargar<\/a><\/li><li>Anexo II (B) &#8211; Investigador en Formaci\u00f3n (Graduado) Ad Honorem &#8211; <a href=\"https:\/\/secretarias.fceqyn.unam.edu.ar\/secidi\/wp-content\/uploads\/sites\/2\/2023\/02\/Anexo_IIB_Grad-AdHon_Disp_1579-13.pdf\">Descargar<\/a><\/li><\/ul><p><strong>\u00a01er Reconducci\u00f3n (Febrero &#8211; Mayo 2014)<\/strong><\/p><ul><li>Disp. Decano 396\/14 de Fecha 10\/04\/14 &#8211; <a href=\"https:\/\/secretarias.fceqyn.unam.edu.ar\/secidi\/wp-content\/uploads\/sites\/2\/2023\/02\/1er-Reconducion_Becas_2013_Disp_396-14.pdf\">Descargar<\/a><\/li><li>Anexo I (A) &#8211; Auxiliar de Investigaci\u00f3n (Alumno) Rentado &#8211; <a href=\"https:\/\/secretarias.fceqyn.unam.edu.ar\/secidi\/wp-content\/uploads\/sites\/2\/2023\/02\/Anexo_IA_Alu-Rentado_Disp_396-14.pdf\">Descargar<\/a><\/li><li>Anexo II (A) &#8211; Auxiliar de Investigaci\u00f3n (Alumno) Ad Honorem &#8211; <a href=\"https:\/\/secretarias.fceqyn.unam.edu.ar\/secidi\/wp-content\/uploads\/sites\/2\/2023\/02\/Anexo_IIA_Alu-AdHon_Disp_396-14.pdf\">Descargar<\/a><\/li><li>Anexo I (B) &#8211; Investigador en Formaci\u00f3n (Graduado) Rentado &#8211; <a href=\"https:\/\/secretarias.fceqyn.unam.edu.ar\/secidi\/wp-content\/uploads\/sites\/2\/2023\/02\/Anexo_IB_Grad-Rentado_Disp_396-14.pdf\">Descargar<\/a><\/li><li>Anexo II (B) &#8211; Investigador en Formaci\u00f3n (Graduado) Ad Honorem &#8211; <a href=\"https:\/\/secretarias.fceqyn.unam.edu.ar\/secidi\/wp-content\/uploads\/sites\/2\/2023\/02\/Anexo_IIB_Grad-AdHon_Disp_396-14.pdf\">Descargar<\/a><\/li><\/ul><p><strong>\u00a0\u00a02da Reconducci\u00f3n (Junio &#8211; Julio 2014)<\/strong><\/p><ul><li>Disp. Decano 1638\/14 de Fecha 06\/10\/14 &#8211; <a href=\"https:\/\/secretarias.fceqyn.unam.edu.ar\/secidi\/wp-content\/uploads\/sites\/2\/2023\/02\/2da-Reconducion-Becas-2013_Disp_1638-14.pdf\">Descargar<\/a><\/li><li>Anexo I (A) &#8211; Auxiliar de Investigaci\u00f3n (Alumno) Rentado &#8211; <a href=\"https:\/\/secretarias.fceqyn.unam.edu.ar\/secidi\/wp-content\/uploads\/sites\/2\/2023\/02\/Anexo_IA_Alu-Rentado_Disp_1638-14.pdf\">Descargar<\/a><\/li><li>Anexo II (A) &#8211; Auxiliar de Investigaci\u00f3n (Alumno) Ad Honorem &#8211; <a href=\"https:\/\/secretarias.fceqyn.unam.edu.ar\/secidi\/wp-content\/uploads\/sites\/2\/2023\/02\/Anexo_IIA_Alu-AdHon_Disp_1638-14.pdf\">Descargar<\/a><\/li><li>Anexo I (B) &#8211; Investigador en Formaci\u00f3n (Graduado) Rentado &#8211; <a href=\"https:\/\/secretarias.fceqyn.unam.edu.ar\/secidi\/wp-content\/uploads\/sites\/2\/2023\/02\/Anexo_IB_Grad-Rentado_Disp_1638-14.pdf\">Descargar<\/a><\/li><li>Anexo II (B) &#8211; Investigador en Formaci\u00f3n (Graduado) Ad Honorem &#8211; <a href=\"https:\/\/secretarias.fceqyn.unam.edu.ar\/secidi\/wp-content\/uploads\/sites\/2\/2023\/02\/Anexo_IIB_Grad-AdHon_Disp_1638-14.pdf\">Descargar<\/a><\/li><li>Modelo Certificaci\u00f3n de Trabajo Mensual &#8211; <a href=\"https:\/\/secretarias.fceqyn.unam.edu.ar\/secidi\/wp-content\/uploads\/sites\/2\/2023\/02\/Certificado-Becas-SECIP_2013.doc\">Descargar<\/a><\/li><\/ul><\/div>\n\t\t\t\t<\/div>\n\t\t\t\t\t\t\t<div class=\"elementor-toggle-item\">\n\t\t\t\t\t<div id=\"elementor-tab-title-13712\" class=\"elementor-tab-title\" data-tab=\"12\" role=\"button\" aria-controls=\"elementor-tab-content-13712\" aria-expanded=\"false\">\n\t\t\t\t\t\t\t\t\t\t\t\t<span class=\"elementor-toggle-icon elementor-toggle-icon-left\" aria-hidden=\"true\">\n\t\t\t\t\t\t\t\t\t\t\t\t\t\t\t<span class=\"elementor-toggle-icon-closed\"><i class=\"fas fa-caret-right\"><\/i><\/span>\n\t\t\t\t\t\t\t\t<span class=\"elementor-toggle-icon-opened\"><i class=\"elementor-toggle-icon-opened fas fa-caret-up\"><\/i><\/span>\n\t\t\t\t\t\t\t\t\t\t\t\t\t<\/span>\n\t\t\t\t\t\t\t\t\t\t\t\t<a class=\"elementor-toggle-title\" tabindex=\"0\">Becas SECIP 2011<\/a>\n\t\t\t\t\t<\/div>\n\n\t\t\t\t\t<div id=\"elementor-tab-content-13712\" class=\"elementor-tab-content elementor-clearfix\" data-tab=\"12\" role=\"region\" aria-labelledby=\"elementor-tab-title-13712\"><p><strong>A Alumnos, Graduados y Docentes-Investigadores Directores de Proyectos<\/strong><\/p><p>Llamado a concurso para becas de la secretaria de investigaci\u00f3n y posgrado para la cobertura de las categor\u00edas c\/afectaci\u00f3n a los distintos Proyectos de Investigaci\u00f3n de la SECIP:<\/p><ul><li>Cargo: Auxiliar de Investigaci\u00f3n (Alumno) &#8211; Dedicaci\u00f3n Simple<\/li><li>Cargo: Investigador en Formaci\u00f3n (Graduado) &#8211; Dedicaci\u00f3n Simple<\/li><\/ul><p>Autorizado por Disposici\u00f3n Decano N\u00ba 885\/11 &#8211; Expte. N\u00ba 1131-Q\/11<\/p><p><strong>Publicaci\u00f3n<\/strong><\/p><ul><li>Desde: Mi\u00e9rcoles 27 de Julio del 2011<\/li><li>Hasta: Viernes 05 de Agosto del 2011<\/li><\/ul><p><strong>Inscripci\u00f3n<\/strong><\/p><ul><li>Desde: Lunes 08 de Agosto del 2011<\/li><li>Hasta: Viernes 12 de Agosto de 2011<\/li><li>Horario: Lunes a Viernes desde 07,30 horas hasta 12,30 horas &#8211; Martes y Jueves de 15,00 a 19,00 horas<\/li><li>Lugar: Secretar\u00eda de Investigaci\u00f3n y Posgrado (SECIP) &#8211; (FCEQyN) &#8211; F\u00e9lix de Azara 1552 (Ex-174) &#8211; 6to. Piso &#8211; Posadas (Mnes.) &#8211; C. Postal 3300<\/li><\/ul><p><strong>Requisitos Generales del Llamado<\/strong><\/p><ul><li>Ser argentino\/a o tener m\u00e1s de cuatro (4) a\u00f1os de ejercicio de la ciudadan\u00eda.<\/li><li>Presentar formulario de antecedentes debidamente cumplimentado en la SECIP con la documentaci\u00f3n probatoria declarada en dicho formulario.<\/li><li>Presentar plan de tareas firmados por el postulante y aval firmado por el director\/a del proyecto\/programa de investigaci\u00f3n.<\/li><li>Presentar certificado anal\u00edtico de materias rendidas (incluidos aplazos) en el caso de los estudiantes; y titulo y certificado anal\u00edtico de materias en el caso de los profesionales\/graduados.<\/li><li>Las becas s\u00f3lo ser\u00e1n compatibles con un beneficios de ayuda econ\u00f3mica (becas de comedor, etc.) para ello se deber\u00e1 completar formulario de declaraci\u00f3n jurada.<\/li><\/ul><p><strong>Jurado<\/strong><\/p><p>Ser\u00e1n jurados para las evaluaciones de los antecedentes de los postulantes, los miembros del Consejo de Investigaci\u00f3n y Desarrollo Tecnol\u00f3gico (CIDET).<\/p><p><strong>Publicaci\u00f3n del Orden de Meritos<\/strong><\/p><p>Los dict\u00e1menes de los jurados ser\u00e1n publicados durante tres (3) d\u00edas en fecha a determinar, una vez que culmine el estudio y evaluaci\u00f3n de los antecedentes de los postulantes.<\/p><hr \/><p><strong>Resultados<\/strong><\/p><ul><li>Designaciones Disp. Decano 1179\/11 de Fecha 20\/09\/11 &#8211; <a href=\"https:\/\/secretarias.fceqyn.unam.edu.ar\/secidi\/wp-content\/uploads\/sites\/2\/2023\/02\/Anexo_IA_Alu-Rentado_Disp_1179-11.pdf\">Descargar<\/a><\/li><li>Anexo I (A) &#8211; Auxiliar de Investigaci\u00f3n (Alumno) Rentado &#8211; <a href=\"https:\/\/secretarias.fceqyn.unam.edu.ar\/secidi\/wp-content\/uploads\/sites\/2\/2023\/02\/Anexo_IA_Alu-Rentado_Disp_1179-11-1.pdf\">Descargar<\/a><\/li><li>Anexo I (B) &#8211; Auxiliar de Investigaci\u00f3n (Alumno) Ad Honorem &#8211; <a href=\"https:\/\/secretarias.fceqyn.unam.edu.ar\/secidi\/wp-content\/uploads\/sites\/2\/2023\/02\/Anexo_IB_Alu-AdHon_Disp_1179-11.pdf\">Descargar<\/a><\/li><li>Anexo II (A) &#8211; Investigador en Formaci\u00f3n (Graduado) Rentado &#8211; <a href=\"https:\/\/secretarias.fceqyn.unam.edu.ar\/secidi\/wp-content\/uploads\/sites\/2\/2023\/02\/Anexo_IIA_Grad-Rentado_Disp_1179-11.pdf\">Descargar<\/a><\/li><li>Anexo II (B) &#8211; Investigador en Formaci\u00f3n (Graduado) Ad Honorem &#8211; <a href=\"https:\/\/secretarias.fceqyn.unam.edu.ar\/secidi\/wp-content\/uploads\/sites\/2\/2023\/02\/Anexo_IIB_Grad-AdHon_Disp_1179-11.pdf\">Descargar<\/a><\/li><\/ul><p><strong>Reconducciones<\/strong><\/p><ul><li>Designaciones Disp. Decano 760\/12 de Fecha 19\/06\/12 &#8211; <a href=\"https:\/\/secretarias.fceqyn.unam.edu.ar\/secidi\/wp-content\/uploads\/sites\/2\/2023\/02\/1er-Reconducion_Becas_2011_Disp_760-12.pdf\">Descargar<\/a><\/li><li>Anexo I (A) &#8211; Auxiliar de Investigaci\u00f3n (Alumno) Rentado &#8211; <a href=\"https:\/\/secretarias.fceqyn.unam.edu.ar\/secidi\/wp-content\/uploads\/sites\/2\/2023\/02\/Anexo_IA_Alu-Rentado_Disp_760-12.pdf\">Descargar<\/a><\/li><li>Anexo I (B) &#8211; Auxiliar de Investigaci\u00f3n (Alumno) Ad Honorem &#8211; <a href=\"https:\/\/secretarias.fceqyn.unam.edu.ar\/secidi\/wp-content\/uploads\/sites\/2\/2023\/02\/Anexo_IB_Alu-AdHon_Disp_760-12.pdf\">Descargar<\/a><\/li><li>Anexo II (A) &#8211; Investigador en Formaci\u00f3n (Graduado) Rentado &#8211; <a href=\"https:\/\/secretarias.fceqyn.unam.edu.ar\/secidi\/wp-content\/uploads\/sites\/2\/2023\/02\/Anexo_IIA_Grad-Rentado_Disp_760-12.pdf\">Descargar<\/a><\/li><li>Anexo II (B) &#8211; Investigador en Formaci\u00f3n (Graduado) Ad Honorem &#8211; <a href=\"https:\/\/secretarias.fceqyn.unam.edu.ar\/secidi\/wp-content\/uploads\/sites\/2\/2023\/02\/Anexo_IIB_Grad-AdHon_Disp_760-12.pdf\">Descargar<\/a><\/li><\/ul><\/div>\n\t\t\t\t<\/div>\n\t\t\t\t\t\t\t<div class=\"elementor-toggle-item\">\n\t\t\t\t\t<div id=\"elementor-tab-title-13713\" class=\"elementor-tab-title\" data-tab=\"13\" role=\"button\" aria-controls=\"elementor-tab-content-13713\" aria-expanded=\"false\">\n\t\t\t\t\t\t\t\t\t\t\t\t<span class=\"elementor-toggle-icon elementor-toggle-icon-left\" aria-hidden=\"true\">\n\t\t\t\t\t\t\t\t\t\t\t\t\t\t\t<span class=\"elementor-toggle-icon-closed\"><i class=\"fas fa-caret-right\"><\/i><\/span>\n\t\t\t\t\t\t\t\t<span class=\"elementor-toggle-icon-opened\"><i class=\"elementor-toggle-icon-opened fas fa-caret-up\"><\/i><\/span>\n\t\t\t\t\t\t\t\t\t\t\t\t\t<\/span>\n\t\t\t\t\t\t\t\t\t\t\t\t<a class=\"elementor-toggle-title\" tabindex=\"0\">Becas SECIP 2011<\/a>\n\t\t\t\t\t<\/div>\n\n\t\t\t\t\t<div id=\"elementor-tab-content-13713\" class=\"elementor-tab-content elementor-clearfix\" data-tab=\"13\" role=\"region\" aria-labelledby=\"elementor-tab-title-13713\"><p><strong>A Alumnos, Graduados y Docentes-Investigadores Directores de Proyectos<\/strong><\/p><p>Llamado a concurso para becas de la secretaria de investigaci\u00f3n y posgrado para la cobertura de las categor\u00edas c\/afectaci\u00f3n a los distintos Proyectos de Investigaci\u00f3n de la SECIP:<\/p><ul><li>Cargo: Auxiliar de Investigaci\u00f3n (Alumno) &#8211; Dedicaci\u00f3n Simple<\/li><li>Cargo: Investigador en Formaci\u00f3n (Graduado) &#8211; Dedicaci\u00f3n Simple<\/li><\/ul><p>Autorizado por Disposici\u00f3n Decano N\u00ba 885\/11 &#8211; Expte. N\u00ba 1131-Q\/11<\/p><p><strong>Publicaci\u00f3n<\/strong><\/p><ul><li>Desde: Mi\u00e9rcoles 27 de Julio del 2011<\/li><li>Hasta: Viernes 05 de Agosto del 2011<\/li><\/ul><p><strong>Inscripci\u00f3n<\/strong><\/p><ul><li>Desde: Lunes 08 de Agosto del 2011<\/li><li>Hasta: Viernes 12 de Agosto de 2011<\/li><li>Horario: Lunes a Viernes desde 07,30 horas hasta 12,30 horas &#8211; Martes y Jueves de 15,00 a 19,00 horas<\/li><li>Lugar: Secretar\u00eda de Investigaci\u00f3n y Posgrado (SECIP) &#8211; (FCEQyN) &#8211; F\u00e9lix de Azara 1552 (Ex-174) &#8211; 6to. Piso &#8211; Posadas (Mnes.) &#8211; C. Postal 3300<\/li><\/ul><p><strong>Requisitos Generales del Llamado<\/strong><\/p><ul><li>Ser argentino\/a o tener m\u00e1s de cuatro (4) a\u00f1os de ejercicio de la ciudadan\u00eda.<\/li><li>Presentar formulario de antecedentes debidamente cumplimentado en la SECIP con la documentaci\u00f3n probatoria declarada en dicho formulario.<\/li><li>Presentar plan de tareas firmados por el postulante y aval firmado por el director\/a del proyecto\/programa de investigaci\u00f3n.<\/li><li>Presentar certificado anal\u00edtico de materias rendidas (incluidos aplazos) en el caso de los estudiantes; y titulo y certificado anal\u00edtico de materias en el caso de los profesionales\/graduados.<\/li><li>Las becas s\u00f3lo ser\u00e1n compatibles con un beneficios de ayuda econ\u00f3mica (becas de comedor, etc.) para ello se deber\u00e1 completar formulario de declaraci\u00f3n jurada.<\/li><\/ul><p><strong>Jurado<\/strong><\/p><p>Ser\u00e1n jurados para las evaluaciones de los antecedentes de los postulantes, los miembros del Consejo de Investigaci\u00f3n y Desarrollo Tecnol\u00f3gico (CIDET).<\/p><p><strong>Publicaci\u00f3n del Orden de Meritos<\/strong><\/p><p>Los dict\u00e1menes de los jurados ser\u00e1n publicados durante tres (3) d\u00edas en fecha a determinar, una vez que culmine el estudio y evaluaci\u00f3n de los antecedentes de los postulantes.<\/p><hr \/><p><strong>Resultados<\/strong><\/p><ul><li>Designaciones Disp. Decano 1179\/11 de Fecha 20\/09\/11 &#8211; <a href=\"https:\/\/secretarias.fceqyn.unam.edu.ar\/secidi\/wp-content\/uploads\/sites\/2\/2023\/02\/Anexo_IA_Alu-Rentado_Disp_1179-11.pdf\">Descargar<\/a><\/li><li>Anexo I (A) &#8211; Auxiliar de Investigaci\u00f3n (Alumno) Rentado &#8211; <a href=\"https:\/\/secretarias.fceqyn.unam.edu.ar\/secidi\/wp-content\/uploads\/sites\/2\/2023\/02\/Anexo_IA_Alu-Rentado_Disp_1179-11-1.pdf\">Descargar<\/a><\/li><li>Anexo I (B) &#8211; Auxiliar de Investigaci\u00f3n (Alumno) Ad Honorem &#8211; <a href=\"https:\/\/secretarias.fceqyn.unam.edu.ar\/secidi\/wp-content\/uploads\/sites\/2\/2023\/02\/Anexo_IB_Alu-AdHon_Disp_1179-11.pdf\">Descargar<\/a><\/li><li>Anexo II (A) &#8211; Investigador en Formaci\u00f3n (Graduado) Rentado &#8211; <a href=\"https:\/\/secretarias.fceqyn.unam.edu.ar\/secidi\/wp-content\/uploads\/sites\/2\/2023\/02\/Anexo_IIA_Grad-Rentado_Disp_1179-11.pdf\">Descargar<\/a><\/li><li>Anexo II (B) &#8211; Investigador en Formaci\u00f3n (Graduado) Ad Honorem &#8211; <a href=\"https:\/\/secretarias.fceqyn.unam.edu.ar\/secidi\/wp-content\/uploads\/sites\/2\/2023\/02\/Anexo_IIB_Grad-AdHon_Disp_1179-11.pdf\">Descargar<\/a><\/li><\/ul><p><strong>Reconducciones<\/strong><\/p><ul><li>Designaciones Disp. Decano 760\/12 de Fecha 19\/06\/12 &#8211; <a href=\"https:\/\/secretarias.fceqyn.unam.edu.ar\/secidi\/wp-content\/uploads\/sites\/2\/2023\/02\/1er-Reconducion_Becas_2011_Disp_760-12.pdf\">Descargar<\/a><\/li><li>Anexo I (A) &#8211; Auxiliar de Investigaci\u00f3n (Alumno) Rentado &#8211; <a href=\"https:\/\/secretarias.fceqyn.unam.edu.ar\/secidi\/wp-content\/uploads\/sites\/2\/2023\/02\/Anexo_IA_Alu-Rentado_Disp_760-12.pdf\">Descargar<\/a><\/li><li>Anexo I (B) &#8211; Auxiliar de Investigaci\u00f3n (Alumno) Ad Honorem &#8211; <a href=\"https:\/\/secretarias.fceqyn.unam.edu.ar\/secidi\/wp-content\/uploads\/sites\/2\/2023\/02\/Anexo_IB_Alu-AdHon_Disp_760-12.pdf\">Descargar<\/a><\/li><li>Anexo II (A) &#8211; Investigador en Formaci\u00f3n (Graduado) Rentado &#8211; <a href=\"https:\/\/secretarias.fceqyn.unam.edu.ar\/secidi\/wp-content\/uploads\/sites\/2\/2023\/02\/Anexo_IIA_Grad-Rentado_Disp_760-12.pdf\">Descargar<\/a><\/li><li>Anexo II (B) &#8211; Investigador en Formaci\u00f3n (Graduado) Ad Honorem &#8211; <a href=\"https:\/\/secretarias.fceqyn.unam.edu.ar\/secidi\/wp-content\/uploads\/sites\/2\/2023\/02\/Anexo_IIB_Grad-AdHon_Disp_760-12.pdf\">Descargar<\/a><\/li><\/ul><\/div>\n\t\t\t\t<\/div>\n\t\t\t\t\t\t\t<div class=\"elementor-toggle-item\">\n\t\t\t\t\t<div id=\"elementor-tab-title-13714\" class=\"elementor-tab-title\" data-tab=\"14\" role=\"button\" aria-controls=\"elementor-tab-content-13714\" aria-expanded=\"false\">\n\t\t\t\t\t\t\t\t\t\t\t\t<span class=\"elementor-toggle-icon elementor-toggle-icon-left\" aria-hidden=\"true\">\n\t\t\t\t\t\t\t\t\t\t\t\t\t\t\t<span class=\"elementor-toggle-icon-closed\"><i class=\"fas fa-caret-right\"><\/i><\/span>\n\t\t\t\t\t\t\t\t<span class=\"elementor-toggle-icon-opened\"><i class=\"elementor-toggle-icon-opened fas fa-caret-up\"><\/i><\/span>\n\t\t\t\t\t\t\t\t\t\t\t\t\t<\/span>\n\t\t\t\t\t\t\t\t\t\t\t\t<a class=\"elementor-toggle-title\" tabindex=\"0\">Becas EVC - CIN 2024<\/a>\n\t\t\t\t\t<\/div>\n\n\t\t\t\t\t<div id=\"elementor-tab-content-13714\" class=\"elementor-tab-content elementor-clearfix\" data-tab=\"14\" role=\"region\" aria-labelledby=\"elementor-tab-title-13714\"><p><strong>Convocatoria 2024<\/strong><\/p><p><strong>Programa de Becas de Est\u00edmulo a las Vocaciones Cient\u00edficas (Becas EVC)<\/strong><\/p><p><img decoding=\"async\" class=\"alignnone size-medium wp-image-827\" src=\"http:\/\/secretarias.fceqyn.unam.edu.ar\/secidi\/wp-content\/uploads\/sites\/2\/2024\/05\/FLYER-300x76.jpg\" alt=\"Descargar\" width=\"300\" height=\"76\" srcset=\"https:\/\/secretarias.fceqyn.unam.edu.ar\/secidi\/wp-content\/uploads\/sites\/2\/2024\/05\/FLYER-300x76.jpg 300w, https:\/\/secretarias.fceqyn.unam.edu.ar\/secidi\/wp-content\/uploads\/sites\/2\/2024\/05\/FLYER-1024x259.jpg 1024w, https:\/\/secretarias.fceqyn.unam.edu.ar\/secidi\/wp-content\/uploads\/sites\/2\/2024\/05\/FLYER-768x194.jpg 768w, https:\/\/secretarias.fceqyn.unam.edu.ar\/secidi\/wp-content\/uploads\/sites\/2\/2024\/05\/FLYER.jpg 1255w\" sizes=\"(max-width: 300px) 100vw, 300px\" \/><\/p><p>Est\u00e1 abierta la convocatoria del Programa de Becas de Est\u00edmulo a las Vocaciones Cient\u00edficas\u00a0<a href=\"http:\/\/evc.cin.edu.ar\/\">http:\/\/evc.cin.edu.ar\/<\/a>\u00a0que promueve el Consejo Interuniversitario Nacional a trav\u00e9s del Programa Estrat\u00e9gico de Investigaci\u00f3n y Desarrollo (PEID).<\/p><p>Esta destinado a alumnos avanzados que puedan desarrollar un programa de actividades anual en el marco de un proyecto de investigaci\u00f3n acreditado y vigente en la UNaM.<\/p><p>Toda la informaci\u00f3n esta disponible para su descarga.<\/p><p><strong>Apertura 29 de Abril 2024<\/strong><\/p><p><strong>Cierre 17 de mayo 2024<\/strong><\/p><p><strong>Documentaci\u00f3n<\/strong><\/p><p>Cronograma &#8211; <a href=\"http:\/\/secretarias.fceqyn.unam.edu.ar\/secidi\/wp-content\/uploads\/sites\/2\/2024\/05\/CRONOGRAMA.pdf\">Descargar<\/a>\u00a0<\/p><p>Reglamento 2024 &#8211;\u00a0 <a href=\"http:\/\/secretarias.fceqyn.unam.edu.ar\/secidi\/wp-content\/uploads\/sites\/2\/2024\/05\/REGLAMENTO.pdf\">Descargar<\/a>\u00a0\u00a0<a href=\"http:\/\/www.fceqyn.unam.edu.ar\/secip\/files\/becas\/2020\/CIN_2020\/Reglamento_convocatoria_2020.pdf\"><br \/><\/a><\/p><p>Modificaci\u00f3n Reglamento BEVC RP N\u00b0 420\/20 &#8211; <a href=\"https:\/\/secretarias.fceqyn.unam.edu.ar\/secidi\/wp-content\/uploads\/sites\/2\/2023\/02\/146_Resol._P._420-20.pdf\">Descargar<\/a><\/p><p>Bases 2024 &#8211; <a href=\"http:\/\/secretarias.fceqyn.unam.edu.ar\/secidi\/wp-content\/uploads\/sites\/2\/2024\/05\/BASES.pdf\">Descargar<\/a><a href=\"http:\/\/www.fceqyn.unam.edu.ar\/secip\/files\/becas\/2020\/CIN_2020\/Bases_convocatoria_2020.pdf\"><br \/><\/a><\/p><p>Instructivo Postulantes- <a href=\"https:\/\/secretarias.fceqyn.unam.edu.ar\/secidi\/wp-content\/uploads\/sites\/2\/2023\/02\/A_-_INSTRUCTIVO_PARA_POSTULANTES_2020.pdf\">Descargar<\/a><\/p><p>Formulario Presentacion Antecedentes Academicos &#8211;\u00a0Descargar<\/p><p>Certificaci\u00f3n Rendimiento Acad\u00e9mico &#8211;\u00a0Descargar<\/p><p>Lista de Control para cargar en Sistema on Line &#8211; <a href=\"https:\/\/secretarias.fceqyn.unam.edu.ar\/secidi\/wp-content\/uploads\/sites\/2\/2023\/02\/ARCHIVOS_A_SUBIR__LISTA_DE_CONTROL_2021.doc\">Descargar<\/a><\/p><p><strong>Instructivo de la Presentaci\u00f3n en la SECIP<\/strong><\/p><p><strong>Todo lo presentado\u00a0Enviar una copia por email a la siguiente direcci\u00f3n\u00a0<\/strong><strong><span id=\"cloak1573\"><a href=\"mailto:secip.fceqyn@gmail.com\">secip@live.com<\/a><\/span><\/strong><strong>, (El Formulario y todo lo cargado al Sistema de Inscripci\u00f3n on line, incluido el Cvar de el\/los Directores)<\/strong><\/p><p><span style=\"text-decoration: underline\"><strong>Resultado Definitivos <\/strong><\/span><\/p><p><strong style=\"color: var( --e-global-color-text );font-family: var( --e-global-typography-text-font-family ), Sans-serif;font-size: 1rem\">Resol P501-24 Ganadores UNaM &#8211; <a href=\"http:\/\/secretarias.fceqyn.unam.edu.ar\/secidi\/wp-content\/uploads\/sites\/2\/2024\/09\/GANADORES-Y-SUPLENTES-UNAM_Resol-P-501-24-becas-c_f-P.pdf\">Descargar<\/a><\/strong><\/p><p><strong style=\"color: var( --e-global-color-text );font-family: var( --e-global-typography-text-font-family ), Sans-serif;font-size: 1rem\">Resol P501-24 Evaluadores UNaM &#8211; <a href=\"http:\/\/secretarias.fceqyn.unam.edu.ar\/secidi\/wp-content\/uploads\/sites\/2\/2024\/09\/EVALUDORES_Resol-P-501-24-becas-c_f-P.pdf\">Descargar<\/a><\/strong><\/p><p><strong>Resolucion UNaM 858\/2024 &#8211; <a href=\"http:\/\/secretarias.fceqyn.unam.edu.ar\/secidi\/wp-content\/uploads\/sites\/2\/2024\/10\/Resol-0858-24-y-anexos-Becas-CIN-UNaM.pdf\">Descargar<\/a><\/strong><\/p><p><strong style=\"color: var( --e-global-color-text );font-family: var( --e-global-typography-text-font-family ), Sans-serif;font-size: 1rem\">Resol P501-24 Rechazados UNaM &#8211; <a href=\"http:\/\/secretarias.fceqyn.unam.edu.ar\/secidi\/wp-content\/uploads\/sites\/2\/2024\/09\/Rechazados-UNaM_Resol-P-501-24-becas-c_f-P.pdf\">Descargar<\/a><\/strong><\/p><p><strong style=\"color: var( --e-global-color-text );font-family: var( --e-global-typography-text-font-family ), Sans-serif;font-size: 1rem\">Resol 1003\/25 Unam Pago Complementario &#8211; <a href=\"http:\/\/secretarias.fceqyn.unam.edu.ar\/secidi\/wp-content\/uploads\/sites\/2\/2025\/11\/Resol-1003-25-Pago-complementario-EVC-2024.pdf\">Descargar<\/a><\/strong><\/p><p><strong>Modelo Certificaci\u00f3n de Trabajo Mensual &#8211;\u00a0<a href=\"https:\/\/secretarias.fceqyn.unam.edu.ar\/secidi\/wp-content\/uploads\/sites\/2\/2025\/03\/Certificado_Becas_EVC2024.doc\">Descargar<\/a><\/strong><\/p><\/div>\n\t\t\t\t<\/div>\n\t\t\t\t\t\t\t<div class=\"elementor-toggle-item\">\n\t\t\t\t\t<div id=\"elementor-tab-title-13715\" class=\"elementor-tab-title\" data-tab=\"15\" role=\"button\" aria-controls=\"elementor-tab-content-13715\" aria-expanded=\"false\">\n\t\t\t\t\t\t\t\t\t\t\t\t<span class=\"elementor-toggle-icon elementor-toggle-icon-left\" aria-hidden=\"true\">\n\t\t\t\t\t\t\t\t\t\t\t\t\t\t\t<span class=\"elementor-toggle-icon-closed\"><i class=\"fas fa-caret-right\"><\/i><\/span>\n\t\t\t\t\t\t\t\t<span class=\"elementor-toggle-icon-opened\"><i class=\"elementor-toggle-icon-opened fas fa-caret-up\"><\/i><\/span>\n\t\t\t\t\t\t\t\t\t\t\t\t\t<\/span>\n\t\t\t\t\t\t\t\t\t\t\t\t<a class=\"elementor-toggle-title\" tabindex=\"0\">Becas EVC - CIN 2022<\/a>\n\t\t\t\t\t<\/div>\n\n\t\t\t\t\t<div id=\"elementor-tab-content-13715\" class=\"elementor-tab-content elementor-clearfix\" data-tab=\"15\" role=\"region\" aria-labelledby=\"elementor-tab-title-13715\"><p><strong>Convocatoria 2022<\/strong><\/p><p><strong>Programa de Becas de Est\u00edmulo a las Vocaciones Cient\u00edficas (Becas EVC)<\/strong><\/p><p>Est\u00e1 abierta la convocatoria del Programa de Becas de Est\u00edmulo a las Vocaciones Cient\u00edficas\u00a0<a href=\"http:\/\/evc.cin.edu.ar\/\">http:\/\/evc.cin.edu.ar\/<\/a>\u00a0que promueve el Consejo Interuniversitario Nacional a trav\u00e9s del Programa Estrat\u00e9gico de Investigaci\u00f3n y Desarrollo (PEID).<\/p><p>Esta destinado a alumnos avanzados que puedan desarrollar un programa de actividades anual en el marco de un proyecto de investigaci\u00f3n acreditado y vigente en la UNaM.<\/p><p>Toda la informaci\u00f3n esta disponible para su descarga.<\/p><p><strong>Apertura 01 de Noviembre 2022<\/strong><\/p><p><strong>Cierre 02 de Diciembre 2022<\/strong><\/p><p><strong>Documentaci\u00f3n<\/strong><\/p><p>Cronograma &#8211; <strong><a href=\"http:\/\/secretarias.fceqyn.unam.edu.ar\/secidi\/wp-content\/uploads\/sites\/2\/2023\/08\/CRONOGRAMA_MODIFICADO_PROGRAMA_DE_BECAS_EVC_2022.pdf\">Descargar<\/a><\/strong><\/p><p>Flyer Becas 2022 &#8211; <a href=\"http:\/\/secretarias.fceqyn.unam.edu.ar\/secidi\/wp-content\/uploads\/sites\/2\/2023\/08\/534_afiche_becas_EVC_2022.pdf\">Descargar<\/a><\/p><p>Reglamento 2022 &#8211; <a href=\"http:\/\/secretarias.fceqyn.unam.edu.ar\/secidi\/wp-content\/uploads\/sites\/2\/2023\/08\/917_REGLAMENTO-EVC-CIN-2022.pdf\">Descargar<\/a><a href=\"http:\/\/www.fceqyn.unam.edu.ar\/secip\/files\/becas\/2020\/CIN_2020\/Reglamento_convocatoria_2020.pdf\"><br \/><\/a><\/p><p>Modificaci\u00f3n Reglamento BEVC RP N\u00b0 420\/20 &#8211; <a href=\"https:\/\/secretarias.fceqyn.unam.edu.ar\/secidi\/wp-content\/uploads\/sites\/2\/2023\/02\/146_Resol._P._420-20.pdf\">Descargar<\/a><\/p><p>Bases 2022 &#8211; <a href=\"http:\/\/secretarias.fceqyn.unam.edu.ar\/secidi\/wp-content\/uploads\/sites\/2\/2023\/08\/119_BASES-EVC-CIN-2022-1.pdf\">Descargar<\/a><a href=\"http:\/\/www.fceqyn.unam.edu.ar\/secip\/files\/becas\/2020\/CIN_2020\/Bases_convocatoria_2020.pdf\"><br \/><\/a><\/p><p>Instructivo Postulantes- <a href=\"https:\/\/secretarias.fceqyn.unam.edu.ar\/secidi\/wp-content\/uploads\/sites\/2\/2023\/02\/A_-_INSTRUCTIVO_PARA_POSTULANTES_2020.pdf\">Descargar<\/a><\/p><p>Formulario Presentacion Antecedentes Academicos &#8211;\u00a0Descargar<\/p><p>Certificaci\u00f3n Rendimiento Acad\u00e9mico &#8211;\u00a0Descargar<\/p><p>Lista de Control para cargar en Sistema on Line &#8211; <a href=\"https:\/\/secretarias.fceqyn.unam.edu.ar\/secidi\/wp-content\/uploads\/sites\/2\/2023\/02\/ARCHIVOS_A_SUBIR__LISTA_DE_CONTROL_2021.doc\">Descargar<\/a><\/p><p><strong>Instructivo de la Presentaci\u00f3n en la SECIP<\/strong><\/p><p><strong>Todo lo presentado\u00a0Enviar una copia por email a la siguiente direcci\u00f3n\u00a0<\/strong><strong><span id=\"cloak1573\"><a href=\"mailto:secip.fceqyn@gmail.com\">secip@live.com<\/a><\/span><\/strong><strong>, (El Formulario y todo lo cargado al Sistema de Inscripci\u00f3n on line, incluido el Cvar de el\/los Directores)<\/strong><\/p><p><strong style=\"color: var( --e-global-color-text );font-family: var( --e-global-typography-text-font-family ), Sans-serif;font-size: 1rem\">Resultado Definitivos Resol P480-23 &#8211; <strong><a href=\"http:\/\/secretarias.fceqyn.unam.edu.ar\/secidi\/wp-content\/uploads\/sites\/2\/2023\/08\/Resol-P-480-23-fceqyn.pdf\">Descargar<\/a><\/strong><\/strong><\/p><p><strong style=\"color: var( --e-global-color-text );font-family: var( --e-global-typography-text-font-family ), Sans-serif;font-size: 1rem\">Resultados Resolucion UNaM 1099-23 &#8211;\u00a0<a href=\"http:\/\/secretarias.fceqyn.unam.edu.ar\/secidi\/wp-content\/uploads\/sites\/2\/2023\/09\/Resol-UNaM-1099_23-Becas-CIN-2022.pdf\">Descargar<\/a><\/strong><\/p><p><strong>Modelo Certificaci\u00f3n de Trabajo Mensual &#8211; <a href=\"https:\/\/secretarias.fceqyn.unam.edu.ar\/secidi\/wp-content\/uploads\/sites\/2\/2023\/08\/Certificado_Becas_EVC2022.doc\">Descargar<\/a><\/strong><\/p><\/div>\n\t\t\t\t<\/div>\n\t\t\t\t\t\t\t<div class=\"elementor-toggle-item\">\n\t\t\t\t\t<div id=\"elementor-tab-title-13716\" class=\"elementor-tab-title\" data-tab=\"16\" role=\"button\" aria-controls=\"elementor-tab-content-13716\" aria-expanded=\"false\">\n\t\t\t\t\t\t\t\t\t\t\t\t<span class=\"elementor-toggle-icon elementor-toggle-icon-left\" aria-hidden=\"true\">\n\t\t\t\t\t\t\t\t\t\t\t\t\t\t\t<span class=\"elementor-toggle-icon-closed\"><i class=\"fas fa-caret-right\"><\/i><\/span>\n\t\t\t\t\t\t\t\t<span class=\"elementor-toggle-icon-opened\"><i class=\"elementor-toggle-icon-opened fas fa-caret-up\"><\/i><\/span>\n\t\t\t\t\t\t\t\t\t\t\t\t\t<\/span>\n\t\t\t\t\t\t\t\t\t\t\t\t<a class=\"elementor-toggle-title\" tabindex=\"0\">Becas EVC - CIN 2021<\/a>\n\t\t\t\t\t<\/div>\n\n\t\t\t\t\t<div id=\"elementor-tab-content-13716\" class=\"elementor-tab-content elementor-clearfix\" data-tab=\"16\" role=\"region\" aria-labelledby=\"elementor-tab-title-13716\"><p><strong>Convocatoria 2021<\/strong><\/p><p><strong>Programa de Becas de Est\u00edmulo a las Vocaciones Cient\u00edficas (Becas EVC)<\/strong><\/p><p>Est\u00e1 abierta la convocatoria del Programa de Becas de Est\u00edmulo a las Vocaciones Cient\u00edficas\u00a0<a href=\"http:\/\/evc.cin.edu.ar\/\">http:\/\/evc.cin.edu.ar\/<\/a>\u00a0que promueve el Consejo Interuniversitario Nacional a trav\u00e9s del Programa Estrat\u00e9gico de Investigaci\u00f3n y Desarrollo (PEID).<\/p><p>Esta destinado a alumnos avanzados que puedan desarrollar un programa de actividades anual en el marco de un proyecto de investigaci\u00f3n acreditado y vigente en la UNaM.<\/p><p>Toda la informaci\u00f3n esta disponible para su descarga.<\/p><p><strong>Apertura 01 de Noviembre 2021<\/strong><\/p><p><strong>Cierre 03 de Diciembre 2021<\/strong><\/p><p><strong>Documentaci\u00f3n<\/strong><\/p><p>Cronograma &#8211; <a href=\"https:\/\/secretarias.fceqyn.unam.edu.ar\/secidi\/wp-content\/uploads\/sites\/2\/2023\/02\/283_CRONOGRAMA_PROGRAMA_DE_BECAS_EVC_2021_para_publicar.pdf\">Descargar<\/a><\/p><p>Flyer Becas 2021 &#8211; <a href=\"https:\/\/secretarias.fceqyn.unam.edu.ar\/secidi\/wp-content\/uploads\/sites\/2\/2023\/02\/334_afiche_becas_EVC_2021_.pdf\">Descargar<\/a><\/p><p>Reglamento 2021 &#8211; <a href=\"https:\/\/secretarias.fceqyn.unam.edu.ar\/secidi\/wp-content\/uploads\/sites\/2\/2023\/02\/912_REGLAMENTO_2021v2ok.pdf\">Descargar<\/a><a href=\"http:\/\/www.fceqyn.unam.edu.ar\/secip\/files\/becas\/2020\/CIN_2020\/Reglamento_convocatoria_2020.pdf\"><br \/><\/a><\/p><p>Modificaci\u00f3n Reglamento BEVC RP N\u00b0 420\/20 &#8211; <a href=\"https:\/\/secretarias.fceqyn.unam.edu.ar\/secidi\/wp-content\/uploads\/sites\/2\/2023\/02\/146_Resol._P._420-20.pdf\">Descargar<\/a><\/p><p>Bases 2020 &#8211; <a href=\"https:\/\/secretarias.fceqyn.unam.edu.ar\/secidi\/wp-content\/uploads\/sites\/2\/2023\/02\/951_BASES_EVC_2021.pdf\">Descargar<\/a><a href=\"http:\/\/www.fceqyn.unam.edu.ar\/secip\/files\/becas\/2020\/CIN_2020\/Bases_convocatoria_2020.pdf\"><br \/><\/a><\/p><p>Instructivo Postulantes- <a href=\"https:\/\/secretarias.fceqyn.unam.edu.ar\/secidi\/wp-content\/uploads\/sites\/2\/2023\/02\/A_-_INSTRUCTIVO_PARA_POSTULANTES_2020.pdf\">Descargar<\/a><\/p><p>Formulario Presentacion Antecedentes Academicos &#8211;\u00a0Descargar<\/p><p>Certificaci\u00f3n Rendimiento Acad\u00e9mico &#8211;\u00a0Descargar<\/p><p>Lista de Control para cargar en Sistema on Line &#8211; <a href=\"https:\/\/secretarias.fceqyn.unam.edu.ar\/secidi\/wp-content\/uploads\/sites\/2\/2023\/02\/ARCHIVOS_A_SUBIR__LISTA_DE_CONTROL_2021.doc\">Descargar<\/a><\/p><p><strong>Instructivo de la Presentaci\u00f3n en la SECIP<\/strong><\/p><p><strong>Todo lo presentado\u00a0Enviar una copia por email a la siguiente direcci\u00f3n\u00a0<\/strong><strong><span id=\"cloak1573\"><a href=\"mailto:secip.fceqyn@gmail.com\">secip@live.com<\/a><\/span><\/strong><strong>, (El Formulario y todo lo cargado al Sistema de Inscripci\u00f3n on line, incluido el Cvar de el\/los Directores)<\/strong><\/p><p><strong>Resultado Provisorio Becas 2021 &#8211; <a href=\"https:\/\/secretarias.fceqyn.unam.edu.ar\/secidi\/wp-content\/uploads\/sites\/2\/2023\/02\/RESULTADOS_PROVISORIOS_DE_LA_EVALUACION_REGIONAL_-_BEVC_2021.pdf\">Descargar<\/a><\/strong><\/p><p><strong>Resultado Definitivos Resol P452-22 &#8211; <a href=\"https:\/\/secretarias.fceqyn.unam.edu.ar\/secidi\/wp-content\/uploads\/sites\/2\/2023\/02\/Resultados_Resol_P452-22_FCEQYN.pdf\">Descargar<\/a><\/strong><\/p><p><strong>Modelo Certificaci\u00f3n de Trabajo Mensual &#8211; <a href=\"https:\/\/secretarias.fceqyn.unam.edu.ar\/secidi\/wp-content\/uploads\/sites\/2\/2023\/02\/Certificado_Becas_EVC2021.doc\">Descargar<\/a><\/strong><\/p><p><strong>Modelo de Informe Final<\/strong> &#8211; <a href=\"https:\/\/secretarias.fceqyn.unam.edu.ar\/secidi\/wp-content\/uploads\/sites\/2\/2023\/09\/Modelo_Final_CIN_2021.doc\">Descargar<\/a><\/p><\/div>\n\t\t\t\t<\/div>\n\t\t\t\t\t\t\t<div class=\"elementor-toggle-item\">\n\t\t\t\t\t<div id=\"elementor-tab-title-13717\" class=\"elementor-tab-title\" data-tab=\"17\" role=\"button\" aria-controls=\"elementor-tab-content-13717\" aria-expanded=\"false\">\n\t\t\t\t\t\t\t\t\t\t\t\t<span class=\"elementor-toggle-icon elementor-toggle-icon-left\" aria-hidden=\"true\">\n\t\t\t\t\t\t\t\t\t\t\t\t\t\t\t<span class=\"elementor-toggle-icon-closed\"><i class=\"fas fa-caret-right\"><\/i><\/span>\n\t\t\t\t\t\t\t\t<span class=\"elementor-toggle-icon-opened\"><i class=\"elementor-toggle-icon-opened fas fa-caret-up\"><\/i><\/span>\n\t\t\t\t\t\t\t\t\t\t\t\t\t<\/span>\n\t\t\t\t\t\t\t\t\t\t\t\t<a class=\"elementor-toggle-title\" tabindex=\"0\">Becas EVC - CIN 2020<\/a>\n\t\t\t\t\t<\/div>\n\n\t\t\t\t\t<div id=\"elementor-tab-content-13717\" class=\"elementor-tab-content elementor-clearfix\" data-tab=\"17\" role=\"region\" aria-labelledby=\"elementor-tab-title-13717\"><p><strong>Convocatoria 2020<\/strong><\/p><p><strong>Programa de Becas de Est\u00edmulo a las Vocaciones Cient\u00edficas (Becas EVC)<\/strong><\/p><p>Est\u00e1 abierta la convocatoria del Programa de Becas de Est\u00edmulo a las Vocaciones Cient\u00edficas\u00a0<a href=\"http:\/\/evc.cin.edu.ar\/\">http:\/\/evc.cin.edu.ar\/<\/a>\u00a0que promueve el Consejo Interuniversitario Nacional a trav\u00e9s del Programa Estrat\u00e9gico de Investigaci\u00f3n y Desarrollo (PEID).<\/p><p>Esta destinado a alumnos avanzados que puedan desarrollar un programa de actividades anual en el marco de un proyecto de investigaci\u00f3n acreditado y vigente en la UNaM.<\/p><p>Toda la informaci\u00f3n esta disponible para su descarga.<\/p><p>Apertura 02 de Septiembre 2020<\/p><p>Cierre 26 de Octubre 2020<\/p><p><strong>Documentaci\u00f3n<\/strong><\/p><p>Cronograma &#8211; <a href=\"https:\/\/secretarias.fceqyn.unam.edu.ar\/secidi\/wp-content\/uploads\/sites\/2\/2023\/02\/Cronograma_convocatoria_2020.pdf\">Descargar<\/a><\/p><p>Flyer Becas 2020 &#8211; <a href=\"https:\/\/secretarias.fceqyn.unam.edu.ar\/secidi\/wp-content\/uploads\/sites\/2\/2023\/02\/afiche_becas_EVC_2020.pdf\">Descargar<\/a><\/p><p>Reglamento 2020 &#8211; <a href=\"https:\/\/secretarias.fceqyn.unam.edu.ar\/secidi\/wp-content\/uploads\/sites\/2\/2023\/02\/Reglamento_convocatoria_2020.pdf\">Descargar<\/a><a href=\"http:\/\/www.fceqyn.unam.edu.ar\/secip\/files\/becas\/2020\/CIN_2020\/Reglamento_convocatoria_2020.pdf\"><br \/><\/a><\/p><p>Modificaci\u00f3n Reglamento BEVC RP N\u00b0 420\/20 &#8211; <a href=\"https:\/\/secretarias.fceqyn.unam.edu.ar\/secidi\/wp-content\/uploads\/sites\/2\/2023\/02\/146_Resol._P._420-20-1.pdf\">Descargar<\/a><\/p><p>Bases 2020 &#8211; <a href=\"https:\/\/secretarias.fceqyn.unam.edu.ar\/secidi\/wp-content\/uploads\/sites\/2\/2023\/02\/Bases_convocatoria_2020.pdf\">Descargar<\/a><\/p><p>Instructivo Postulantes &#8211; <a href=\"https:\/\/secretarias.fceqyn.unam.edu.ar\/secidi\/wp-content\/uploads\/sites\/2\/2023\/02\/A_-_INSTRUCTIVO_PARA_POSTULANTES_2020-1.pdf\">Descargar<\/a><\/p><p>Formulario Presentacion Antecedentes Academicos &#8211; <a href=\"https:\/\/secretarias.fceqyn.unam.edu.ar\/secidi\/wp-content\/uploads\/sites\/2\/2023\/02\/A_-_ANTECEDENTES_ACADEMICOS_DEL_POSTULANTE_Y_PLAN_DE_TRABAJO_-_2020.pdf\">Descargar<\/a><\/p><p>Certificaci\u00f3n Rendimiento Acad\u00e9mico &#8211; <a href=\"https:\/\/secretarias.fceqyn.unam.edu.ar\/secidi\/wp-content\/uploads\/sites\/2\/2023\/02\/A_-_CERTIFICACION_RENDIMIENTO_ACADEMICO_-_2020.pdf\">Descargar<\/a><\/p><p>Lista de Control para cargar en Sistema on Line &#8211; <a href=\"https:\/\/secretarias.fceqyn.unam.edu.ar\/secidi\/wp-content\/uploads\/sites\/2\/2023\/02\/A_-_ARCHIVOS_A_SUBIR_-_LISTA_DE_CONTROL_-_2020.pdf\">Descargar<\/a><\/p><p><strong>Instructivo de la Presentaci\u00f3n en la SECIP<\/strong><\/p><p><strong>Todo lo presentado Enviar una copia por email a la siguiente direcci\u00f3n\u00a0<span id=\"cloak42539\"><a href=\"mailto:secip.fceqyn@gmail.com\">secip.fceqyn@gmail.com<\/a><\/span>, (El Formulario y todo lo cargado al Sistema de Inscripci\u00f3n on line, incluido el Cvar de el\/los Directores)<\/strong><\/p><p><strong>RESULTADOS<\/strong><\/p><p>Resultados\u00a0Provisorios Postulantes EVC-CIN\/20<strong> &#8211; <a href=\"https:\/\/secretarias.fceqyn.unam.edu.ar\/secidi\/wp-content\/uploads\/sites\/2\/2023\/02\/RESULTADOS_PROVISORIOS_DE_LA_EVALUACION_2020.pdf\">Descargar<\/a><br \/><\/strong><\/p><p>Informaci\u00f3n e Instructivo de Reconsideraci\u00f3n<strong> &#8211; <a href=\"https:\/\/secretarias.fceqyn.unam.edu.ar\/secidi\/wp-content\/uploads\/sites\/2\/2023\/02\/INFORME_BECAS_EVC_2020_2019_2018_AL_09_04_21_v2.pdf\">Descargar<\/a><\/strong><\/p><p><strong>Resultados Finales: <a href=\"https:\/\/secretarias.fceqyn.unam.edu.ar\/secidi\/wp-content\/uploads\/sites\/2\/2023\/02\/Resol_CE_1612_21.pdf\">Res. CE N\u00ba 1612-21<\/a><\/strong> y <strong><a href=\"https:\/\/secretarias.fceqyn.unam.edu.ar\/secidi\/wp-content\/uploads\/sites\/2\/2023\/02\/Adjudicados.pdf\">Anexo Adjudicados<\/a><\/strong><\/p><p>Modelo Certificaci\u00f3n de Trabajo Mensual \u00a0&#8211; <a href=\"https:\/\/secretarias.fceqyn.unam.edu.ar\/secidi\/wp-content\/uploads\/sites\/2\/2023\/02\/Certificado_Becas_EVC2020.doc\">Descargar<\/a><\/p><p><strong>Modelo de Informe Final &#8211;<\/strong> <a href=\"https:\/\/secretarias.fceqyn.unam.edu.ar\/secidi\/wp-content\/uploads\/sites\/2\/2023\/02\/Modelo_Final_CIN_2020.doc\">Descargar<\/a><\/p><\/div>\n\t\t\t\t<\/div>\n\t\t\t\t\t\t\t<div class=\"elementor-toggle-item\">\n\t\t\t\t\t<div id=\"elementor-tab-title-13718\" class=\"elementor-tab-title\" data-tab=\"18\" role=\"button\" aria-controls=\"elementor-tab-content-13718\" aria-expanded=\"false\">\n\t\t\t\t\t\t\t\t\t\t\t\t<span class=\"elementor-toggle-icon elementor-toggle-icon-left\" aria-hidden=\"true\">\n\t\t\t\t\t\t\t\t\t\t\t\t\t\t\t<span class=\"elementor-toggle-icon-closed\"><i class=\"fas fa-caret-right\"><\/i><\/span>\n\t\t\t\t\t\t\t\t<span class=\"elementor-toggle-icon-opened\"><i class=\"elementor-toggle-icon-opened fas fa-caret-up\"><\/i><\/span>\n\t\t\t\t\t\t\t\t\t\t\t\t\t<\/span>\n\t\t\t\t\t\t\t\t\t\t\t\t<a class=\"elementor-toggle-title\" tabindex=\"0\">Becas EVC - CIN 2019<\/a>\n\t\t\t\t\t<\/div>\n\n\t\t\t\t\t<div id=\"elementor-tab-content-13718\" class=\"elementor-tab-content elementor-clearfix\" data-tab=\"18\" role=\"region\" aria-labelledby=\"elementor-tab-title-13718\"><p><strong>Convocatoria 2019<\/strong><\/p><p><strong>Programa de Becas de Est\u00edmulo a las Vocaciones Cient\u00edficas (Becas EVC)<\/strong><\/p><p>Est\u00e1 abierta la convocatoria del Programa de Becas de Est\u00edmulo a las Vocaciones Cient\u00edficas <a href=\"http:\/\/evc.cin.edu.ar\/\">http:\/\/evc.cin.edu.ar\/<\/a> que promueve el Consejo Interuniversitario Nacional a trav\u00e9s del Programa Estrat\u00e9gico de Investigaci\u00f3n y Desarrollo (PEID).<\/p><p>Esta destinado a alumnos avanzados que puedan desarrollar un programa de actividades anual en el marco de un proyecto de investigaci\u00f3n acreditado y vigente en la UNaM.<\/p><p>Toda la informaci\u00f3n esta disponible para su descarga.<\/p><p>Apertura 02 de Septiembre 2019<\/p><p>Cierre 04 de Octubre 2019<\/p><p><strong>Documentaci\u00f3n<\/strong><\/p><p>Cronograma &#8211; <a href=\"https:\/\/secretarias.fceqyn.unam.edu.ar\/secidi\/wp-content\/uploads\/sites\/2\/2023\/02\/Cronograma_BECAS_EVC_CIN_2019.doc\">Descargar<\/a><\/p><p>Flyer Becas 2019 &#8211; <a href=\"https:\/\/secretarias.fceqyn.unam.edu.ar\/secidi\/wp-content\/uploads\/sites\/2\/2023\/02\/Afiche_becas_EVC_2019.pdf\">Descargar<\/a><\/p><p>Reglamento 2019 &#8211; <a href=\"https:\/\/secretarias.fceqyn.unam.edu.ar\/secidi\/wp-content\/uploads\/sites\/2\/2023\/02\/REGLAMENTO_BECAS_EVC_2019.doc\">Descargar<\/a><\/p><p>Bases 2019 &#8211; <a href=\"https:\/\/secretarias.fceqyn.unam.edu.ar\/secidi\/wp-content\/uploads\/sites\/2\/2023\/02\/BASES_EVC_2019.doc\">Descargar<\/a><\/p><p>Formularios de Presentaci\u00f3n- <a href=\"https:\/\/secretarias.fceqyn.unam.edu.ar\/secidi\/wp-content\/uploads\/sites\/2\/2023\/02\/ANTECEDENTES__ACADEMICOS__POSTULANTE_Y_PLAN_DE_TRABAJO_2019.doc\">Descargar<\/a><\/p><p>Certificaci\u00f3n Rendimiento Acad\u00e9mico &#8211; <a href=\"https:\/\/secretarias.fceqyn.unam.edu.ar\/secidi\/wp-content\/uploads\/sites\/2\/2023\/02\/CERTIFICACION_RENDIMIENTO_ACADEMICO_2019.doc\">Descargar<\/a><\/p><p>Lista de Control para cargar en Sistema on Line &#8211; <a href=\"https:\/\/secretarias.fceqyn.unam.edu.ar\/secidi\/wp-content\/uploads\/sites\/2\/2023\/02\/ARCHIVOS_A_SUBIR__LISTA_DE_CONTROL_2019.doc\">Descargar<\/a><\/p><p><strong>Instructivo de la Presentacion (1 Impreso + CD)<\/strong><\/p><p>* 1 Impreso del Formulario y todo lo cargado al Sistema de Inscripci\u00f3n on line, a excepci\u00f3n del Cvar de el\/los Directores<\/p><p>* 1 CD con todo lo cargado al sistema de inscripci\u00f3n on line (Formulario de Presentaci\u00f3n, Cert. Anal\u00edtico, CVar Directores, Documentaci\u00f3n Probatoria del alumno)<\/p><p>\u00a0<strong>RESULTADOS<\/strong><\/p><p><strong>Admisi\u00f3n Provisoria Postulantes EVC-CIN\/19 &#8211; <\/strong><a href=\"https:\/\/secretarias.fceqyn.unam.edu.ar\/secidi\/wp-content\/uploads\/sites\/2\/2023\/02\/AdmisionProvisoria_convocatoria_10-1.xls\">Descargar<\/a><\/p><p><strong>Resultados\u00a0Provisorios Postulantes EVC-CIN\/19 &#8211; <\/strong><a href=\"https:\/\/secretarias.fceqyn.unam.edu.ar\/secidi\/wp-content\/uploads\/sites\/2\/2023\/02\/RESULTADOS_PROVISORIOS_EVALUACION_2019_-_SIN_BONAERENSE.pdf\">Descargar<\/a><strong><br \/><\/strong><\/p><p><strong>Resultados Finales\u00a0\u00a0EVC-CIN\/19 &#8211; <\/strong><a href=\"https:\/\/secretarias.fceqyn.unam.edu.ar\/secidi\/wp-content\/uploads\/sites\/2\/2023\/02\/UNAM_GANADORES_Resol._CE_No1518_20.pdf\">Descargar<\/a><\/p><p><strong>Disposicion de Reemplazos Finales &#8211; <\/strong><a href=\"https:\/\/secretarias.fceqyn.unam.edu.ar\/secidi\/wp-content\/uploads\/sites\/2\/2023\/02\/ResolyDispo_Reemplazos_2019.pdf\">Descargar<\/a><\/p><p><strong>NOMINA DE EVALUADORES UNAM-FCEQYN BECA CIN 2019<\/strong> &#8211; <a href=\"https:\/\/secretarias.fceqyn.unam.edu.ar\/secidi\/wp-content\/uploads\/sites\/2\/2023\/02\/Evaluadores_UNaM_Becas_EVC-CIN_2019_firmado.pdf\">Descargar<\/a><\/p><p><strong>Modelo Certificaci\u00f3n de Trabajo Mensual \u00a0&#8211; <\/strong><a href=\"https:\/\/secretarias.fceqyn.unam.edu.ar\/secidi\/wp-content\/uploads\/sites\/2\/2023\/02\/Certificado_Becas_EVC2019.doc\">Descargar<\/a><\/p><p><strong>Modelo de Informe Final &#8211; <\/strong><a href=\"https:\/\/secretarias.fceqyn.unam.edu.ar\/secidi\/wp-content\/uploads\/sites\/2\/2023\/02\/Modelo_Final_CIN_2019.doc\">Descargar<\/a><\/p><\/div>\n\t\t\t\t<\/div>\n\t\t\t\t\t\t\t<div class=\"elementor-toggle-item\">\n\t\t\t\t\t<div id=\"elementor-tab-title-13719\" class=\"elementor-tab-title\" data-tab=\"19\" role=\"button\" aria-controls=\"elementor-tab-content-13719\" aria-expanded=\"false\">\n\t\t\t\t\t\t\t\t\t\t\t\t<span class=\"elementor-toggle-icon elementor-toggle-icon-left\" aria-hidden=\"true\">\n\t\t\t\t\t\t\t\t\t\t\t\t\t\t\t<span class=\"elementor-toggle-icon-closed\"><i class=\"fas fa-caret-right\"><\/i><\/span>\n\t\t\t\t\t\t\t\t<span class=\"elementor-toggle-icon-opened\"><i class=\"elementor-toggle-icon-opened fas fa-caret-up\"><\/i><\/span>\n\t\t\t\t\t\t\t\t\t\t\t\t\t<\/span>\n\t\t\t\t\t\t\t\t\t\t\t\t<a class=\"elementor-toggle-title\" tabindex=\"0\">Becas EVC - CIN 2018<\/a>\n\t\t\t\t\t<\/div>\n\n\t\t\t\t\t<div id=\"elementor-tab-content-13719\" class=\"elementor-tab-content elementor-clearfix\" data-tab=\"19\" role=\"region\" aria-labelledby=\"elementor-tab-title-13719\"><p><strong>Convocatoria 2018<\/strong><\/p><p><strong>Programa de Becas de Est\u00edmulo a las Vocaciones Cient\u00edficas (Becas EVC)<\/strong><\/p><p>Est\u00e1 abierta la convocatoria del Programa de Becas de Est\u00edmulo a las Vocaciones Cient\u00edficas <a href=\"http:\/\/evc.cin.edu.ar\/\">http:\/\/evc.cin.edu.ar\/<\/a> que promueve el Consejo Interuniversitario Nacional a trav\u00e9s del Programa Estrat\u00e9gico de Investigaci\u00f3n y Desarrollo (PEID).<\/p><p>Esta destinado a alumnos avanzados que puedan desarrollar un programa de actividades anual en el marco de un proyecto de investigaci\u00f3n acreditado y vigente en la UNaM.<\/p><p>Toda la informaci\u00f3n esta disponible para su descarga.<\/p><p>Apertura 04 de Junio 2018<\/p><p>Cierre 02 de Julio 2018<\/p><p><strong>Documentaci\u00f3n<\/strong><\/p><p>Convocatoria 2018 \u2013 <a href=\"http:\/\/secretarias.fceqyn.unam.edu.ar\/secidi\/wp-content\/uploads\/sites\/2\/2023\/02\/afiche_becas_2018.pdf\">Descargar<\/a><\/p><p>Cronograma &#8211; <a href=\"http:\/\/secretarias.fceqyn.unam.edu.ar\/secidi\/wp-content\/uploads\/sites\/2\/2023\/02\/Cronograma_BECAS_EVC_2018_para_publicar.pdf\">Descargar<\/a><\/p><p>Flyer Becas 2018 &#8211;<\/p><p>Reglamento 2018 &#8211; <a href=\"http:\/\/secretarias.fceqyn.unam.edu.ar\/secidi\/wp-content\/uploads\/sites\/2\/2023\/02\/REGLAMENTO_BEVC_2018.pdf\">Descargar<\/a><\/p><p>Instructivo 2018 &#8211; <a href=\"http:\/\/secretarias.fceqyn.unam.edu.ar\/secidi\/wp-content\/uploads\/sites\/2\/2023\/02\/INSTRUCTIVO_PARA_POSTULANTES_2018.pdf\">Descargar<\/a><\/p><p>Bases 2018 &#8211; <a href=\"http:\/\/secretarias.fceqyn.unam.edu.ar\/secidi\/wp-content\/uploads\/sites\/2\/2023\/02\/BASES_PARA_LA_CONVOCATORIA_BEVC_2018.pdf\">Descargar<\/a><\/p><p><strong>Instructivo de la Presentacion (1 Impreso + CD)<\/strong><\/p><p>* 1 Impreso del Formulario y todo lo cargado al Sistema de Inscripci\u00f3n on line, a excepci\u00f3n del Cvar de el\/los Directores<\/p><p>* 1 CD con todo lo cargado al sistema de inscripci\u00f3n on line (Formulario de Presentaci\u00f3n, Cert. Anal\u00edtico, CVar Directores, Documentaci\u00f3n Probatoria del alumno)<\/p><p><strong>RESULTADO CONVOCATORIA<\/strong><\/p><p>NOMINA DE EVALUADORES UNAM-FCEQYN BECA CIN 2018 &#8211; <a href=\"https:\/\/secretarias.fceqyn.unam.edu.ar\/secidi\/wp-content\/uploads\/2023\/02\/RESOLUCION_EVALUADORES_CIN_2018.pdf\">Descargar<\/a><\/p><p>LISTA DE BENEFICIARIOS: RESOLUCION CIN 403\/2018 &#8211; <a href=\"https:\/\/secretarias.fceqyn.unam.edu.ar\/secidi\/wp-content\/uploads\/2023\/02\/RESULTADOS_BECA_CIN_2018_UNAM_FCEQYN_3.pdf\">Descargar<\/a><\/p><p>Modelo Certificaci\u00f3n de Trabajo Mensual \u00a0&#8211; <a href=\"http:\/\/secretarias.fceqyn.unam.edu.ar\/secidi\/wp-content\/uploads\/sites\/2\/2023\/02\/Certificado_Becas_EVC2018.doc\">Descargar<\/a><\/p><p>Modelo de Informe Final &#8211; <a href=\"http:\/\/secretarias.fceqyn.unam.edu.ar\/secidi\/wp-content\/uploads\/sites\/2\/2023\/02\/Modelo_Final_CIN_2018.doc\">Descargar<\/a><\/p><\/div>\n\t\t\t\t<\/div>\n\t\t\t\t\t\t\t<div class=\"elementor-toggle-item\">\n\t\t\t\t\t<div id=\"elementor-tab-title-13720\" class=\"elementor-tab-title\" data-tab=\"20\" role=\"button\" aria-controls=\"elementor-tab-content-13720\" aria-expanded=\"false\">\n\t\t\t\t\t\t\t\t\t\t\t\t<span class=\"elementor-toggle-icon elementor-toggle-icon-left\" aria-hidden=\"true\">\n\t\t\t\t\t\t\t\t\t\t\t\t\t\t\t<span class=\"elementor-toggle-icon-closed\"><i class=\"fas fa-caret-right\"><\/i><\/span>\n\t\t\t\t\t\t\t\t<span class=\"elementor-toggle-icon-opened\"><i class=\"elementor-toggle-icon-opened fas fa-caret-up\"><\/i><\/span>\n\t\t\t\t\t\t\t\t\t\t\t\t\t<\/span>\n\t\t\t\t\t\t\t\t\t\t\t\t<a class=\"elementor-toggle-title\" tabindex=\"0\">Becas EVC - CIN 2017<\/a>\n\t\t\t\t\t<\/div>\n\n\t\t\t\t\t<div id=\"elementor-tab-content-13720\" class=\"elementor-tab-content elementor-clearfix\" data-tab=\"20\" role=\"region\" aria-labelledby=\"elementor-tab-title-13720\"><p><strong>Convocatoria 2017<\/strong><br \/>Programa de Becas de Est\u00edmulo a las Vocaciones Cient\u00edficas (Becas EVC)<br \/>Est\u00e1 abierta la convocatoria del Programa de Becas de Est\u00edmulo a las Vocaciones Cient\u00edficas <a href=\"http:\/\/www.cin.edu.ar\/becas-evc-cin-convocatoria-2017\/\">http:\/\/www.cin.edu.ar\/becas-evc-cin-convocatoria-2017\/<\/a>\u00a0que promueve el Consejo Interuniversitario Nacional a trav\u00e9s del Programa Estrat\u00e9gico de Investigaci\u00f3n y Desarrollo (PEID).<br \/>Esta destinado a alumnos avanzados que puedan desarrollar un programa de actividades anual en el marco de un proyecto de investigaci\u00f3n acreditado y vigente en la UNaM.<br \/>Toda la informaci\u00f3n esta disponible para su descarga.<br \/>Apertura 31 de Julio 2017<br \/>Cierre 25 de Agosto 2017 a las 12 horas<\/p><p><strong>Documentaci\u00f3n<\/strong><br \/>Cronograma &#8211; <a href=\"http:\/\/secretarias.fceqyn.unam.edu.ar\/secidi\/wp-content\/uploads\/sites\/2\/2023\/02\/Cronograma_GESTION_BECAS_EVC__2017.docx\">Descargar<\/a><\/p><p>Cronograma Actualizado- <a href=\"http:\/\/secretarias.fceqyn.unam.edu.ar\/secidi\/wp-content\/uploads\/sites\/2\/2023\/02\/ACTUALIZACION_CRONOGRAMA.pdf\">Descargar<\/a><\/p><p>Afiche Becas 2017 &#8211; <a href=\"http:\/\/secretarias.fceqyn.unam.edu.ar\/secidi\/wp-content\/uploads\/sites\/2\/2023\/02\/afiche_becas_2017.pdf\">Descargar<\/a><\/p><p>Reglamento 2017 &#8211; <a href=\"http:\/\/secretarias.fceqyn.unam.edu.ar\/secidi\/wp-content\/uploads\/sites\/2\/2023\/02\/Reglamento_2017.pdf\">Descargar<\/a><\/p><p>Instructivo 2017 &#8211; <a href=\"http:\/\/secretarias.fceqyn.unam.edu.ar\/secidi\/wp-content\/uploads\/sites\/2\/2023\/02\/instructivo_postulantes_2017.pdf\">Descargar<\/a><\/p><p>Bases 2017 &#8211; <a href=\"http:\/\/secretarias.fceqyn.unam.edu.ar\/secidi\/wp-content\/uploads\/sites\/2\/2023\/02\/Bases_2017.pdf\">Descargar<\/a><\/p><p><strong>Instructivo de la Presentacion (1 Impreso + CD)<\/strong><\/p><p>* 1 Impreso del Formulario y todo lo cargado al Sistema de Inscripci\u00f3n on line, a excepci\u00f3n del Cvar de el\/los Directores<\/p><p>* 1 CD con todo lo cargado al sistema de inscripci\u00f3n on line (Formulario de Presentaci\u00f3n, Cert. Anal\u00edtico, CVar Directores, Documentaci\u00f3n Probatoria del alumno)<\/p><p><strong>Resultados<\/strong><\/p><p>Postulantes Evaluados &#8211; <a href=\"http:\/\/secretarias.fceqyn.unam.edu.ar\/secidi\/wp-content\/uploads\/sites\/2\/2023\/02\/POSTULACIONES_EVALUADAS_UNaM.pdf\">Descargar<\/a><\/p><p>Ganadores FCEQyN &#8211; <a href=\"http:\/\/secretarias.fceqyn.unam.edu.ar\/secidi\/wp-content\/uploads\/sites\/2\/2023\/02\/GANADORES_FCEQYN.pdf\">Descargar<\/a><\/p><p>Resolucion CIN 389\/18 &#8211; <a href=\"http:\/\/secretarias.fceqyn.unam.edu.ar\/secidi\/wp-content\/uploads\/sites\/2\/2023\/02\/Resol_389_18_UNaM.pdf\">Descargar<\/a><\/p><p>Modelo Certificaci\u00f3n de Trabajo Mensual \u00a0&#8211; <a href=\"http:\/\/secretarias.fceqyn.unam.edu.ar\/secidi\/wp-content\/uploads\/sites\/2\/2023\/02\/Certificado-Becas_EVC2017.doc\">Descargar<\/a><\/p><p>Modelo de Informe Final &#8211; <a href=\"http:\/\/secretarias.fceqyn.unam.edu.ar\/secidi\/wp-content\/uploads\/sites\/2\/2023\/02\/Modelo_Final_CIN_2017.doc\">Descargar<\/a><\/p><\/div>\n\t\t\t\t<\/div>\n\t\t\t\t\t\t\t<div class=\"elementor-toggle-item\">\n\t\t\t\t\t<div id=\"elementor-tab-title-13721\" class=\"elementor-tab-title\" data-tab=\"21\" role=\"button\" aria-controls=\"elementor-tab-content-13721\" aria-expanded=\"false\">\n\t\t\t\t\t\t\t\t\t\t\t\t<span class=\"elementor-toggle-icon elementor-toggle-icon-left\" aria-hidden=\"true\">\n\t\t\t\t\t\t\t\t\t\t\t\t\t\t\t<span class=\"elementor-toggle-icon-closed\"><i class=\"fas fa-caret-right\"><\/i><\/span>\n\t\t\t\t\t\t\t\t<span class=\"elementor-toggle-icon-opened\"><i class=\"elementor-toggle-icon-opened fas fa-caret-up\"><\/i><\/span>\n\t\t\t\t\t\t\t\t\t\t\t\t\t<\/span>\n\t\t\t\t\t\t\t\t\t\t\t\t<a class=\"elementor-toggle-title\" tabindex=\"0\">Becas EVC - CIN 2016<\/a>\n\t\t\t\t\t<\/div>\n\n\t\t\t\t\t<div id=\"elementor-tab-content-13721\" class=\"elementor-tab-content elementor-clearfix\" data-tab=\"21\" role=\"region\" aria-labelledby=\"elementor-tab-title-13721\"><div><strong>Convocatoria 2016\u00a0<\/strong><\/div><div>Programa de Becas de Est\u00edmulo a las Vocaciones Cient\u00edficas (Becas EVC)<\/div><div>Est\u00e1 abierta la convocatoria del Programa de Becas de Est\u00edmulo a las Vocaciones Cient\u00edficas que promueve el Consejo Interuniversitario Nacional a trav\u00e9s del Programa Estrat\u00e9gico de Investigaci\u00f3n y Desarrollo (PEID).<\/div><div>Esta destinado a alumnos avanzados que puedan desarrollar un programa de actividades anual en el marco de un proyecto de investigaci\u00f3n acreditado y vigente en la UNaM.<\/div><div>Toda la informaci\u00f3n esta disponible para su descarga.<\/div><div>Apertura 02 de Mayo 2016<\/div><div>Cierre 17 de Junio 2016 a las 12 horas<\/div><div>\u00a0<\/div><div><strong>Documentaci\u00f3n<\/strong><\/div><div><ul><li>Resolucion Aprobacion Convocatoria Nro 1137\/16\u00a0&#8211; <a href=\"http:\/\/secretarias.fceqyn.unam.edu.ar\/secidi\/wp-content\/uploads\/sites\/2\/2023\/02\/Resol.CE_1137_16.pdf\">Descargar<\/a><\/li><li>Cronograma &#8211; <a href=\"http:\/\/secretarias.fceqyn.unam.edu.ar\/secidi\/wp-content\/uploads\/sites\/2\/2023\/02\/Cronograma.pdf\">Descargar<\/a><\/li><li>Resolucion Aprobacion reglamento y Bases Nro 351\/16 &#8211; <a href=\"http:\/\/secretarias.fceqyn.unam.edu.ar\/secidi\/wp-content\/uploads\/sites\/2\/2023\/02\/Resol.P.N_351-16.pdf\">Descargar<\/a><\/li><li>Anexo I &#8211; Bases &#8211; <a href=\"http:\/\/secretarias.fceqyn.unam.edu.ar\/secidi\/wp-content\/uploads\/sites\/2\/2023\/02\/Resol.P.N_351-16_-_AnexoI_Bases_Convocatoria.pdf\">Descargar<\/a><\/li><li>Anexo II &#8211; Reglamento &#8211; <a href=\"http:\/\/secretarias.fceqyn.unam.edu.ar\/secidi\/wp-content\/uploads\/sites\/2\/2023\/02\/Resol.P.N_351-16_-_AnexoII_Reglamento.pdf\">Descargar<\/a><\/li><li>Anexo III &#8211; Instructivo Postulantes &#8211; <a href=\"http:\/\/secretarias.fceqyn.unam.edu.ar\/secidi\/wp-content\/uploads\/sites\/2\/2023\/02\/Resol.P.N_351-16_-_AnexoIII_Instructivo_Postulantes.pdf\">Descargar<\/a><\/li><li>Anexo IV &#8211; Datos Formulario Solicitud Inscripcion &#8211; <a href=\"http:\/\/secretarias.fceqyn.unam.edu.ar\/secidi\/wp-content\/uploads\/sites\/2\/2023\/02\/Resol.P.N_351-16_-_AnexoIV_Solicitud_Inscripcion.pdf\">Descargar<\/a><\/li><li>Anexo Vc &#8211;\u00a0Antecedentes Academicos &#8211; <a href=\"http:\/\/secretarias.fceqyn.unam.edu.ar\/secidi\/wp-content\/uploads\/sites\/2\/2023\/02\/Resol.P.N_351-16_-_AnexoVc_Antecedentes_Academicos.pdf\">Descargar<\/a><\/li><li>Anexo VI &#8211; Afiche Becas 2016 &#8211; <a href=\"http:\/\/secretarias.fceqyn.unam.edu.ar\/secidi\/wp-content\/uploads\/sites\/2\/2023\/02\/Afiche_becas_2016_2.pdf\">Descargar<\/a><\/li><\/ul><p><strong>Para quienes soliciten reconduccion de Beca para el A\u00f1o 2017<\/strong><\/p><ul><li>Anexo Va &#8211; Solicitud de Extension y Aval Director &#8211; <a href=\"http:\/\/secretarias.fceqyn.unam.edu.ar\/secidi\/wp-content\/uploads\/sites\/2\/2023\/02\/Resol.P.N_351-16_-_AnexoVa_Extension_y_Aval.pdf\">Descargar<\/a><\/li><li>Anexo Vb &#8211; Conformidad del Director \u00a0&#8211; <a href=\"http:\/\/secretarias.fceqyn.unam.edu.ar\/secidi\/wp-content\/uploads\/sites\/2\/2023\/02\/Resol.P.N_351-16_-_AnexoVb_ConformidadDirectorant.pdf\">Descargar<\/a><\/li><\/ul><p><strong>Resultados \u00a0<\/strong><\/p><ul><li>Resolucion CIN 361\/16 &#8211; <a href=\"http:\/\/secretarias.fceqyn.unam.edu.ar\/secidi\/wp-content\/uploads\/sites\/2\/2023\/02\/Resol._P._361-16__RESULTADOS.pdf\">Descargar<\/a><\/li><li>Resolucion UNaM 0263\/17 &#8211; <a href=\"http:\/\/secretarias.fceqyn.unam.edu.ar\/secidi\/wp-content\/uploads\/sites\/2\/2023\/02\/RESOL_0263_CIN_UNAM_FINAL.pdf\">Descargar<\/a><\/li><li>Modelo Certificaci\u00f3n de Trabajo Mensual &#8211; <a href=\"http:\/\/secretarias.fceqyn.unam.edu.ar\/secidi\/wp-content\/uploads\/sites\/2\/2023\/02\/Modelo_Certificacion.pdf\">Descargar<\/a><\/li><li>Modelo Informe Final &#8211; <a href=\"http:\/\/secretarias.fceqyn.unam.edu.ar\/secidi\/wp-content\/uploads\/sites\/2\/2023\/02\/Modelo_Final_CIN_2016.doc\">Descargar<\/a><\/li><li>Comite Evaluador de Informes Finales 2016 y Resultados de la Evaluacion &#8211; <a href=\"http:\/\/secretarias.fceqyn.unam.edu.ar\/secidi\/wp-content\/uploads\/sites\/2\/2023\/02\/Disposicion_Evaluadores_INFORMES_FINALES_BECAS_EVCCIN_2016_FCEQYN.pdf\">Descargar<\/a><\/li><\/ul><\/div><\/div>\n\t\t\t\t<\/div>\n\t\t\t\t\t\t\t<div class=\"elementor-toggle-item\">\n\t\t\t\t\t<div id=\"elementor-tab-title-13722\" class=\"elementor-tab-title\" data-tab=\"22\" role=\"button\" aria-controls=\"elementor-tab-content-13722\" aria-expanded=\"false\">\n\t\t\t\t\t\t\t\t\t\t\t\t<span class=\"elementor-toggle-icon elementor-toggle-icon-left\" aria-hidden=\"true\">\n\t\t\t\t\t\t\t\t\t\t\t\t\t\t\t<span class=\"elementor-toggle-icon-closed\"><i class=\"fas fa-caret-right\"><\/i><\/span>\n\t\t\t\t\t\t\t\t<span class=\"elementor-toggle-icon-opened\"><i class=\"elementor-toggle-icon-opened fas fa-caret-up\"><\/i><\/span>\n\t\t\t\t\t\t\t\t\t\t\t\t\t<\/span>\n\t\t\t\t\t\t\t\t\t\t\t\t<a class=\"elementor-toggle-title\" tabindex=\"0\">Becas EVC - CIN 2015<\/a>\n\t\t\t\t\t<\/div>\n\n\t\t\t\t\t<div id=\"elementor-tab-content-13722\" class=\"elementor-tab-content elementor-clearfix\" data-tab=\"22\" role=\"region\" aria-labelledby=\"elementor-tab-title-13722\"><p><strong>Convocatoria 2015<\/strong> <br \/>Programa de Becas de Est\u00edmulo a las Vocaciones Cient\u00edficas (Becas EVC)<br \/>Est\u00e1 abierta la convocatoria del Programa de Becas de Est\u00edmulo a las Vocaciones Cient\u00edficas que promueve el Consejo Interuniversitario Nacional a trav\u00e9s del Programa Estrat\u00e9gico de Investigaci\u00f3n y Desarrollo (PEID).<br \/>Esta destinado a alumnos avanzados que puedan desarrollar un programa de actividades anual en el marco de un proyecto de investigaci\u00f3n acreditado y vigente en la UNaM.<br \/>Toda la informaci\u00f3n esta disponible para su descarga.<br \/>Apertura 13 de abril 2015<br \/>Cierre 13 de mayo 2015 a las 12 horas<\/p><p><strong>Documentaci\u00f3n<\/strong><\/p><ul><li>Resolucion Convocatoria &#8211; <a href=\"http:\/\/secretarias.fceqyn.unam.edu.ar\/secidi\/wp-content\/uploads\/sites\/2\/2023\/02\/Resol_CEN1028_ConvocatoriaBecasEVC2015.doc\">Descargar<\/a><\/li><li>Bases becas &#8211; <a href=\"http:\/\/secretarias.fceqyn.unam.edu.ar\/secidi\/wp-content\/uploads\/sites\/2\/2023\/02\/Bases_Convocatoria_EVC2015.docx\">Descargar<\/a><\/li><li>Reglamento &#8211; <a href=\"http:\/\/secretarias.fceqyn.unam.edu.ar\/secidi\/wp-content\/uploads\/sites\/2\/2023\/02\/Reglamentos-Becas-EVC_2015.doc\">Descargar<\/a><\/li><li>Instructivo &#8211; <a href=\"http:\/\/secretarias.fceqyn.unam.edu.ar\/secidi\/wp-content\/uploads\/sites\/2\/2023\/02\/Instructivo_EVC2015.docx\">Descargar<\/a><\/li><li>Afiche Becas &#8211; <a href=\"http:\/\/secretarias.fceqyn.unam.edu.ar\/secidi\/wp-content\/uploads\/sites\/2\/2023\/02\/Afiche-EVC_2015.pdf\">Descargar<\/a><\/li><li>Car\u00e1tula &#8211; <a href=\"http:\/\/secretarias.fceqyn.unam.edu.ar\/secidi\/wp-content\/uploads\/sites\/2\/2023\/02\/Caratula-Becas-CIN.doc\">Descargar<\/a><\/li><li>Cronograma &#8211; <a href=\"http:\/\/secretarias.fceqyn.unam.edu.ar\/secidi\/wp-content\/uploads\/sites\/2\/2023\/02\/Cronograma_EVC2015.doc\">Descargar<\/a><\/li><li>Formulario &#8211; <a href=\"http:\/\/secretarias.fceqyn.unam.edu.ar\/secidi\/wp-content\/uploads\/sites\/2\/2023\/02\/Formulario_EVC2015.doc\">Descargar<\/a><\/li><li>Aval Director (Solo para casos de Reconduccion) &#8211; <a href=\"http:\/\/secretarias.fceqyn.unam.edu.ar\/secidi\/wp-content\/uploads\/sites\/2\/2023\/02\/Carta-Aval-Director_EVC2015.doc\">Descargar<\/a><\/li><li>CV Director (Co-director) de la beca &#8211; <a href=\"http:\/\/secretarias.fceqyn.unam.edu.ar\/secidi\/wp-content\/uploads\/sites\/2\/2023\/02\/CV-Director_EVC2015.doc\">Descargar<\/a><\/li><li>Acta Dictamen &#8211; <a href=\"http:\/\/secretarias.fceqyn.unam.edu.ar\/secidi\/wp-content\/uploads\/sites\/2\/2023\/02\/Acta-Dictamen-Evaluacion_EVC2015.doc\">Descargar<\/a><\/li><li>Resoluci\u00f3n CIN 318\/15 &#8211; Designacion de Becarios &#8211; <a href=\"http:\/\/secretarias.fceqyn.unam.edu.ar\/secidi\/wp-content\/uploads\/sites\/2\/2023\/02\/Resol._P.N_318_2015.pdf\">Descargar<\/a><\/li><li>Resoluci\u00f3n 1651\/15 &#8211;\u00a0Designacion de Becarios Complementaria &#8211; <a href=\"http:\/\/secretarias.fceqyn.unam.edu.ar\/secidi\/wp-content\/uploads\/sites\/2\/2023\/02\/Beca_Rectoral_1651_15_EVCUNaM15.pdf\">Descargar<\/a><\/li><li>Formulario Declaracion Jurada &#8211; <a href=\"http:\/\/secretarias.fceqyn.unam.edu.ar\/secidi\/wp-content\/uploads\/sites\/2\/2023\/02\/Declaracion_Jurada_EVC_2015.pdf\">Descargar<\/a><\/li><li>Acta de Toma de Posesi\u00f3n &#8211; <a href=\"http:\/\/secretarias.fceqyn.unam.edu.ar\/secidi\/wp-content\/uploads\/sites\/2\/2023\/02\/ACTA_TOMA_POSESION_EVC_CIN_2015.doc\">Descargar<\/a><\/li><li>Modelo Certificaci\u00f3n de Trabajo Mensual &#8211; <a href=\"http:\/\/secretarias.fceqyn.unam.edu.ar\/secidi\/wp-content\/uploads\/sites\/2\/2023\/02\/Certificado-Becas_EVC2015.doc\">Descargar<\/a><\/li><li>Modelo de Informe Final &#8211; <a href=\"http:\/\/secretarias.fceqyn.unam.edu.ar\/secidi\/wp-content\/uploads\/sites\/2\/2023\/02\/Modelo_Final_CIN_2015.doc\">Descargar<\/a><\/li><\/ul><\/div>\n\t\t\t\t<\/div>\n\t\t\t\t\t\t\t<div class=\"elementor-toggle-item\">\n\t\t\t\t\t<div id=\"elementor-tab-title-13723\" class=\"elementor-tab-title\" data-tab=\"23\" role=\"button\" aria-controls=\"elementor-tab-content-13723\" aria-expanded=\"false\">\n\t\t\t\t\t\t\t\t\t\t\t\t<span class=\"elementor-toggle-icon elementor-toggle-icon-left\" aria-hidden=\"true\">\n\t\t\t\t\t\t\t\t\t\t\t\t\t\t\t<span class=\"elementor-toggle-icon-closed\"><i class=\"fas fa-caret-right\"><\/i><\/span>\n\t\t\t\t\t\t\t\t<span class=\"elementor-toggle-icon-opened\"><i class=\"elementor-toggle-icon-opened fas fa-caret-up\"><\/i><\/span>\n\t\t\t\t\t\t\t\t\t\t\t\t\t<\/span>\n\t\t\t\t\t\t\t\t\t\t\t\t<a class=\"elementor-toggle-title\" tabindex=\"0\">Becas EVC - CIN 2014<\/a>\n\t\t\t\t\t<\/div>\n\n\t\t\t\t\t<div id=\"elementor-tab-content-13723\" class=\"elementor-tab-content elementor-clearfix\" data-tab=\"23\" role=\"region\" aria-labelledby=\"elementor-tab-title-13723\"><p><strong>Convocatoria 2014<\/strong><\/p><p>Programa de Becas de Est\u00edmulo a las Vocaciones Cient\u00edficas (Becas EVC)<\/p><p>Est\u00e1 abierta la convocatoria del Programa de Becas de Est\u00edmulo a las Vocaciones Cient\u00edficas que promueve el Consejo Interuniversitario Nacional a trav\u00e9s del Programa Estrat\u00e9gico de Investigaci\u00f3n y Desarrollo (PEID).<\/p><p>Est\u00e1 destinado a alumnos avanzados que puedan desarrollar un programa de actividades anual en el marco de un proyecto de investigaci\u00f3n acreditado y vigente en la UNaM.<\/p><p>Toda la informaci\u00f3n est\u00e1 disponible para su descarga.<\/p><p>\u00a0Apertura 14 de abril 2014<\/p><p>Cierre 14 de mayo 2014 a las 13 horas<\/p><p><strong>Documentaci\u00f3n<\/strong><\/p><ul><li>Bases becas &#8211; <a href=\"https:\/\/secretarias.fceqyn.unam.edu.ar\/secidi\/wp-content\/uploads\/2023\/02\/Bases_Convocatoria_EVC2014.pdf\">Descargar<\/a><\/li><li>Reglamento &#8211; <a href=\"https:\/\/secretarias.fceqyn.unam.edu.ar\/secidi\/wp-content\/uploads\/2023\/02\/Becas_CIN_Reglamento_EVC2014.pdf\">Descargar<\/a><\/li><li>Afiche Becas &#8211;<\/li><li>Car\u00e1tula &#8211; <a href=\"https:\/\/secretarias.fceqyn.unam.edu.ar\/secidi\/wp-content\/uploads\/2023\/02\/Caratula-Becas_EVC2014.doc\">Descargar<\/a><\/li><li>Formulario &#8211; <a href=\"https:\/\/secretarias.fceqyn.unam.edu.ar\/secidi\/wp-content\/uploads\/2023\/02\/Formulario_EVC2014.doc\">Descargar<\/a><\/li><li>Aval Director (Solo para casos de Reconducci\u00f3n) &#8211; <a href=\"https:\/\/secretarias.fceqyn.unam.edu.ar\/secidi\/wp-content\/uploads\/2023\/02\/Carta-Aval-Director_EVC2014.doc\">Descargar<\/a><\/li><li>CV Director (Co-director) de la beca &#8211; <a href=\"https:\/\/secretarias.fceqyn.unam.edu.ar\/secidi\/wp-content\/uploads\/2023\/02\/CV-Director_EVC2014.doc\">Descargar<\/a><\/li><li>Modelo Certificaci\u00f3n de Trabajo Mensual &#8211; <a href=\"https:\/\/secretarias.fceqyn.unam.edu.ar\/secidi\/wp-content\/uploads\/2023\/02\/Certificado-Becas_EVC2014.doc\">Descargar<\/a><\/li><li>Modelo de Informe Final &#8211; <a href=\"https:\/\/secretarias.fceqyn.unam.edu.ar\/secidi\/wp-content\/uploads\/2023\/02\/Informes_finales_EVC_CIN14.pdf\">Descargar<\/a><\/li><\/ul><hr \/><p><strong>Resultados<\/strong><\/p><p>Resoluci\u00f3n CIN 264\/14 Otorgamiento UNAM &#8211; Misiones &#8211; <a href=\"https:\/\/secretarias.fceqyn.unam.edu.ar\/secidi\/wp-content\/uploads\/2023\/02\/Res-CIN_264-14.pdf\">Descargar<\/a><\/p><p>Resoluci\u00f3n Rectoral UNAM 1371\/14 Otorgamiento &#8211; <a href=\"https:\/\/secretarias.fceqyn.unam.edu.ar\/secidi\/wp-content\/uploads\/2023\/02\/Res-Rector_1371-14.pdf\">Descargar<\/a><\/p><\/div>\n\t\t\t\t<\/div>\n\t\t\t\t\t\t\t<div class=\"elementor-toggle-item\">\n\t\t\t\t\t<div id=\"elementor-tab-title-13724\" class=\"elementor-tab-title\" data-tab=\"24\" role=\"button\" aria-controls=\"elementor-tab-content-13724\" aria-expanded=\"false\">\n\t\t\t\t\t\t\t\t\t\t\t\t<span class=\"elementor-toggle-icon elementor-toggle-icon-left\" aria-hidden=\"true\">\n\t\t\t\t\t\t\t\t\t\t\t\t\t\t\t<span class=\"elementor-toggle-icon-closed\"><i class=\"fas fa-caret-right\"><\/i><\/span>\n\t\t\t\t\t\t\t\t<span class=\"elementor-toggle-icon-opened\"><i class=\"elementor-toggle-icon-opened fas fa-caret-up\"><\/i><\/span>\n\t\t\t\t\t\t\t\t\t\t\t\t\t<\/span>\n\t\t\t\t\t\t\t\t\t\t\t\t<a class=\"elementor-toggle-title\" tabindex=\"0\">Becas EVC - CIN 2013<\/a>\n\t\t\t\t\t<\/div>\n\n\t\t\t\t\t<div id=\"elementor-tab-content-13724\" class=\"elementor-tab-content elementor-clearfix\" data-tab=\"24\" role=\"region\" aria-labelledby=\"elementor-tab-title-13724\"><p><strong>Convocatoria 2013<\/strong><br \/>Programa de Becas de Est\u00edmulo a las Vocaciones Cient\u00edficas (Becas EVC)<\/p><p>Apertura 15 de abril<br \/>Cierre 15 de mayo a las 13 horas<\/p><p><strong>Documentaci\u00f3n<\/strong><\/p><ul><li>Bases becas &#8211; <a href=\"https:\/\/secretarias.fceqyn.unam.edu.ar\/secidi\/wp-content\/uploads\/2023\/02\/Bases_Convocatoria_EVC2013.pdf\">Descargar<\/a><\/li><li>Afiche Becas\u00a0&#8211;<\/li><li>Car\u00e1tula\u00a0&#8211; <a href=\"https:\/\/secretarias.fceqyn.unam.edu.ar\/secidi\/wp-content\/uploads\/2023\/02\/Caratula-Becas_EVC2013.doc\">Descargar<\/a><\/li><li>Formulario\u00a0&#8211; <a href=\"https:\/\/secretarias.fceqyn.unam.edu.ar\/secidi\/wp-content\/uploads\/2023\/02\/Formulario_EVC2013.doc\">Descargar<\/a><\/li><li>Aval Director\u00a0&#8211; <a href=\"https:\/\/secretarias.fceqyn.unam.edu.ar\/secidi\/wp-content\/uploads\/2023\/02\/Carta-Aval-Director_EVC2013.doc\">Descargar<\/a><\/li><li>CV Director (Co-director) de la beca\u00a0&#8211; <a href=\"https:\/\/secretarias.fceqyn.unam.edu.ar\/secidi\/wp-content\/uploads\/2023\/02\/CV-Director_EVC2013.doc\">Descargar<\/a><\/li><li>Modelo Certificaci\u00f3n de Trabajo Mensual &#8211; <a href=\"https:\/\/secretarias.fceqyn.unam.edu.ar\/secidi\/wp-content\/uploads\/2023\/02\/Certificado-Becas_EVC2013.doc\">Descargar<\/a><\/li><li>Modelo de Informe Final <a href=\"https:\/\/secretarias.fceqyn.unam.edu.ar\/secidi\/wp-content\/uploads\/2023\/02\/Nota_127_Informe_Final_EVC_13.pdf\">Descargar<\/a><\/li><\/ul><p><strong>Resultados<\/strong><\/p><ul><li>Acta de Evaluaci\u00f3n y Orden de Merito &#8211; <a href=\"https:\/\/secretarias.fceqyn.unam.edu.ar\/secidi\/wp-content\/uploads\/2023\/02\/Evaluacion-Orden-Merito_EVC2013.pdf\">Descargar<\/a><\/li><li>Resoluci\u00f3n de Otorgamiento &#8211; <a href=\"https:\/\/secretarias.fceqyn.unam.edu.ar\/secidi\/wp-content\/uploads\/2023\/02\/Resultados-Becas_EVC2013.pdf\">Descargar<\/a><\/li><\/ul><\/div>\n\t\t\t\t<\/div>\n\t\t\t\t\t\t\t<div class=\"elementor-toggle-item\">\n\t\t\t\t\t<div id=\"elementor-tab-title-13725\" class=\"elementor-tab-title\" data-tab=\"25\" role=\"button\" aria-controls=\"elementor-tab-content-13725\" aria-expanded=\"false\">\n\t\t\t\t\t\t\t\t\t\t\t\t<span class=\"elementor-toggle-icon elementor-toggle-icon-left\" aria-hidden=\"true\">\n\t\t\t\t\t\t\t\t\t\t\t\t\t\t\t<span class=\"elementor-toggle-icon-closed\"><i class=\"fas fa-caret-right\"><\/i><\/span>\n\t\t\t\t\t\t\t\t<span class=\"elementor-toggle-icon-opened\"><i class=\"elementor-toggle-icon-opened fas fa-caret-up\"><\/i><\/span>\n\t\t\t\t\t\t\t\t\t\t\t\t\t<\/span>\n\t\t\t\t\t\t\t\t\t\t\t\t<a class=\"elementor-toggle-title\" tabindex=\"0\">Becas EVC - CIN 2012<\/a>\n\t\t\t\t\t<\/div>\n\n\t\t\t\t\t<div id=\"elementor-tab-content-13725\" class=\"elementor-tab-content elementor-clearfix\" data-tab=\"25\" role=\"region\" aria-labelledby=\"elementor-tab-title-13725\"><p><strong>Convocatoria 2012<\/strong><\/p><p>Programa de Becas de Est\u00edmulo a las Vocaciones Cient\u00edficas (Becas EVC)<\/p><p>Est\u00e1 abierta la convocatoria del Programa de Becas de Est\u00edmulo a las Vocaciones Cient\u00edficas que promueve el Consejo Interuniversitario Nacional a trav\u00e9s del Programa Estrat\u00e9gico de Investigaci\u00f3n y Desarrollo (PEID).<\/p><p>Las becas tendr\u00e1n una duraci\u00f3n de doce (12) meses, con posibilidad de presentarse para un nuevo per\u00edodo de igual cantidad de meses. La beca tiene un estipendio de $900 y es incompatible con cualquier otra actividad rentada, con excepci\u00f3n de un cargo docente con dedicaci\u00f3n simple y los beneficios que perciba en car\u00e1cter de ayuda econ\u00f3mica o premio acad\u00e9mico. El alumno que termine su carrera durante el beneficio de una beca de grado, gozar\u00e1 del beneficio hasta la finalizaci\u00f3n del per\u00edodo otorgado.<\/p><p><strong>Requisitos para postulantes:<\/strong><\/p><ul><li>Estudiantes avanzados (50% de las materias aprobadas de la carrera).<\/li><li>Hasta 28 a\u00f1os de edad al 31 de diciembre de 2012.<\/li><li>Promedio de al menos seis (6) puntos (incluidos aplazos).<\/li><\/ul><p><strong>\u00a0Requisitos para director y\/o codirector:<\/strong><\/p><p>Al menos uno de los miembros de la direcci\u00f3n debe poseer los siguientes requisitos<\/p><ul><li>Ser docente-investigador de la UNaM rentado y con, al menos, dedicaci\u00f3n semi-exclusiva (20 horas semanales)<\/li><li>Poseer t\u00edtulo de Maestr\u00eda o Doctorado; o Categor\u00eda III o superior en el Programa Nacional de Incentivos<\/li><li>Director y, en caso de haber, codirector deben participar en un proyecto acreditado radicado en la UNaM<\/li><\/ul><p>Se considerar\u00e1 con dedicaci\u00f3n exclusiva a investigadores y becarios postdoctorales del CONICET.<\/p><p>S\u00f3lo se admitir\u00e1 un postulante por director o codirector. No podr\u00e1n desempe\u00f1arse como director o codirector quienes tengan una relaci\u00f3n de parentesco de hasta tercer grado con el becario.<\/p><p>Fecha de apertura 18 de abril de 2012<\/p><p>Fecha de cierre 11 de mayo de 2012<\/p><p>Prorroga 18 de mayo &#8211; 12 horas<\/p><p><strong>Documentaci\u00f3n<\/strong><\/p><p>Los formularios deber\u00e1n presentarse en la Secretaria de Investigaci\u00f3n y Posgrado de la FCEQyN.<\/p><ul><li>Programa EVC-CIN &#8211; Reglamento &#8211; <a href=\"https:\/\/secretarias.fceqyn.unam.edu.ar\/secidi\/wp-content\/uploads\/2023\/02\/Reglamento_EVC2012.pdf\">Descargar<\/a><\/li><li>Requisitos a tener en cuenta &#8211; <a href=\"https:\/\/secretarias.fceqyn.unam.edu.ar\/secidi\/wp-content\/uploads\/2023\/02\/Requisitos_EVC2012.pdf\">Descargar<\/a><\/li><li>Formularios solicitud &#8211; <a href=\"https:\/\/secretarias.fceqyn.unam.edu.ar\/secidi\/wp-content\/uploads\/2023\/02\/Formulario_EVC2012.doc\">Descargar<\/a><\/li><li>Carta aval Director &#8211; <a href=\"https:\/\/secretarias.fceqyn.unam.edu.ar\/secidi\/wp-content\/uploads\/2023\/02\/Carta-Aval-Director_EVC2012.pdf\">Descargar<\/a><\/li><li>CV Director &#8211; <a href=\"https:\/\/secretarias.fceqyn.unam.edu.ar\/secidi\/wp-content\/uploads\/2023\/02\/CV-Director_EVC2012.doc\">Descargar<\/a><\/li><\/ul><\/div>\n\t\t\t\t<\/div>\n\t\t\t\t\t\t\t<div class=\"elementor-toggle-item\">\n\t\t\t\t\t<div id=\"elementor-tab-title-13726\" class=\"elementor-tab-title\" data-tab=\"26\" role=\"button\" aria-controls=\"elementor-tab-content-13726\" aria-expanded=\"false\">\n\t\t\t\t\t\t\t\t\t\t\t\t<span class=\"elementor-toggle-icon elementor-toggle-icon-left\" aria-hidden=\"true\">\n\t\t\t\t\t\t\t\t\t\t\t\t\t\t\t<span class=\"elementor-toggle-icon-closed\"><i class=\"fas fa-caret-right\"><\/i><\/span>\n\t\t\t\t\t\t\t\t<span class=\"elementor-toggle-icon-opened\"><i class=\"elementor-toggle-icon-opened fas fa-caret-up\"><\/i><\/span>\n\t\t\t\t\t\t\t\t\t\t\t\t\t<\/span>\n\t\t\t\t\t\t\t\t\t\t\t\t<a class=\"elementor-toggle-title\" tabindex=\"0\">Becas EVC CIN - 2011<\/a>\n\t\t\t\t\t<\/div>\n\n\t\t\t\t\t<div id=\"elementor-tab-content-13726\" class=\"elementor-tab-content elementor-clearfix\" data-tab=\"26\" role=\"region\" aria-labelledby=\"elementor-tab-title-13726\"><p><strong>Convocatoria 2011<\/strong><\/p><p>Por indicaci\u00f3n del Se\u00f1or Secretario General de Ciencia y Tecnolog\u00eda, se publica la Resoluci\u00f3n del CIN P. 97\/11 con el listado de los aspirantes adjudicatarios de las becas, cuyos datos deber\u00e1n ser verificados y certificados.<br \/>En el transcurso de la semana del 29\/08\/11 se enviar\u00e1n los instructivos para la notificaci\u00f3n y cumplimentaci\u00f3n de formularios por parte de cada uno de los becarios.<br \/>Todo ello (notificaciones, formularios debidamente cumplimentados y listado con los datos certificados) se deber\u00e1 devolver a la Secretar\u00eda General de Ciencia y Tecnolog\u00eda, que ser\u00e1 la encargada de gestionar los desembolsos ante el CIN.<\/p><p><strong>Documentaci\u00f3n<\/strong><\/p><ul><li>Res. P. N\u00ba 97\/11 &#8211; <a href=\"https:\/\/secretarias.fceqyn.unam.edu.ar\/secidi\/wp-content\/uploads\/2023\/02\/Res-CIN_EVC2011.pdf\">Descargar<\/a><\/li><li>Becas UNaM &#8211; <a href=\"https:\/\/secretarias.fceqyn.unam.edu.ar\/secidi\/wp-content\/uploads\/2023\/02\/Becas-UNaM_EVC2011.pdf\">Descargar<\/a><\/li><li>Formulario Informes 2011 &#8211; <a href=\"https:\/\/secretarias.fceqyn.unam.edu.ar\/secidi\/wp-content\/uploads\/2023\/02\/Informe-Becas_EVC2011.doc\">Descargar<\/a><\/li><\/ul><\/div>\n\t\t\t\t<\/div>\n\t\t\t\t\t\t\t<div class=\"elementor-toggle-item\">\n\t\t\t\t\t<div id=\"elementor-tab-title-13727\" class=\"elementor-tab-title\" data-tab=\"27\" role=\"button\" aria-controls=\"elementor-tab-content-13727\" aria-expanded=\"false\">\n\t\t\t\t\t\t\t\t\t\t\t\t<span class=\"elementor-toggle-icon elementor-toggle-icon-left\" aria-hidden=\"true\">\n\t\t\t\t\t\t\t\t\t\t\t\t\t\t\t<span class=\"elementor-toggle-icon-closed\"><i class=\"fas fa-caret-right\"><\/i><\/span>\n\t\t\t\t\t\t\t\t<span class=\"elementor-toggle-icon-opened\"><i class=\"elementor-toggle-icon-opened fas fa-caret-up\"><\/i><\/span>\n\t\t\t\t\t\t\t\t\t\t\t\t\t<\/span>\n\t\t\t\t\t\t\t\t\t\t\t\t<a class=\"elementor-toggle-title\" tabindex=\"0\">Becas Doctorales<\/a>\n\t\t\t\t\t<\/div>\n\n\t\t\t\t\t<div id=\"elementor-tab-content-13727\" class=\"elementor-tab-content elementor-clearfix\" data-tab=\"27\" role=\"region\" aria-labelledby=\"elementor-tab-title-13727\"><p><strong>Convocatoria a Becas Doctorales 2012<\/strong><\/p><p>Las bases de dicha convocatoria se encuentran disponibles en la p\u00e1gina de la Secretar\u00eda General de Ciencia y Tecnolog\u00eda en el sitio de la Universidad Nacional de Misiones:<\/p><ul><li><a href=\"http:\/\/www.unam.edu.ar\/index.php\/becas-sgcyt\/becas-doctorales.html\" target=\"_blank\" rel=\"noopener\">http:\/\/www.unam.edu.ar\/<\/a><\/li><\/ul><p>De acuerdo la reglamentaci\u00f3n aprobada para realizar la solicitud de la beca, el postulante deber\u00e1 contar indefectiblemente con el certificado de admisi\u00f3n a la carrera de posgrado.<\/p><p>El Curr\u00edculum Vitae mencionado en la Ordenanza 095\/11 forma parte del cuerpo de dicha norma accesible desde Internet en el link antes mencionado.<\/p><hr \/><p><strong>Resultados de la Convocatoria<\/strong><\/p><ul><li>Resolucion 1091\/12 &#8211; <a href=\"https:\/\/secretarias.fceqyn.unam.edu.ar\/secidi\/wp-content\/uploads\/2023\/02\/Becas-Doctorales-2012_Res-Rect_1091-12.pdf\">Descargar<\/a><\/li><li>Anexo I &#8211; Resolucion 1091\/12 &#8211; <a href=\"https:\/\/secretarias.fceqyn.unam.edu.ar\/secidi\/wp-content\/uploads\/2023\/02\/Anexo-Becas-Doctorales-2012_Res-Rect_1091-12.pdf\">Descargar<\/a><\/li><\/ul><\/div>\n\t\t\t\t<\/div>\n\t\t\t\t\t\t\t\t<\/div>\n\t\t\t\t<\/div>\n\t\t\t\t<\/div>\n\t\t\t\t\t<\/div>\n\t\t<\/div>\n\t\t\t\t\t<\/div>\n\t\t<\/section>\n\t\t\t\t<\/div>\n\t\t","protected":false},"excerpt":{"rendered":"<p>\/*! elementor &#8211; v3.20.0 &#8211; 20-03-2024 *\/ .elementor-toggle{text-align:left}.elementor-toggle .elementor-tab-title{font-weight:700;line-height:1;margin:0;padding:15px;border-bottom:1px solid #d5d8dc;cursor:pointer;outline:none}.elementor-toggle .elementor-tab-title .elementor-toggle-icon{display:inline-block;width:1em}.elementor-toggle .elementor-tab-title .elementor-toggle-icon svg{margin-inline-start:-5px;width:1em;height:1em}.elementor-toggle .elementor-tab-title .elementor-toggle-icon.elementor-toggle-icon-right{float:right;text-align:right}.elementor-toggle .elementor-tab-title .elementor-toggle-icon.elementor-toggle-icon-left{float:left;text-align:left}.elementor-toggle .elementor-tab-title .elementor-toggle-icon .elementor-toggle-icon-closed{display:block}.elementor-toggle .elementor-tab-title .elementor-toggle-icon .elementor-toggle-icon-opened{display:none}.elementor-toggle .elementor-tab-title.elementor-active{border-bottom:none}.elementor-toggle .elementor-tab-title.elementor-active .elementor-toggle-icon-closed{display:none}.elementor-toggle .elementor-tab-title.elementor-active .elementor-toggle-icon-opened{display:block}.elementor-toggle .elementor-tab-content{padding:15px;border-bottom:1px solid #d5d8dc;display:none}@media (max-width:767px){.elementor-toggle .elementor-tab-title{padding:12px}.elementor-toggle .elementor-tab-content{padding:12px 10px}}.e-con-inner&gt;.elementor-widget-toggle,.e-con&gt;.elementor-widget-toggle{width:var(&#8211;container-widget-width);&#8211;flex-grow:var(&#8211;container-widget-flex-grow)} Becas de Posgrado 2017 Convocatoria a Becas de Posgrado UNaM \u2013 FCEQyN 2017 para Exenci\u00f3n de Matricula [&hellip;]<\/p>\n","protected":false},"author":1,"featured_media":0,"parent":0,"menu_order":0,"comment_status":"closed","ping_status":"closed","template":"","meta":[],"_links":{"self":[{"href":"https:\/\/secretarias.fceqyn.unam.edu.ar\/secidi\/wp-json\/wp\/v2\/pages\/42"}],"collection":[{"href":"https:\/\/secretarias.fceqyn.unam.edu.ar\/secidi\/wp-json\/wp\/v2\/pages"}],"about":[{"href":"https:\/\/secretarias.fceqyn.unam.edu.ar\/secidi\/wp-json\/wp\/v2\/types\/page"}],"author":[{"embeddable":true,"href":"https:\/\/secretarias.fceqyn.unam.edu.ar\/secidi\/wp-json\/wp\/v2\/users\/1"}],"replies":[{"embeddable":true,"href":"https:\/\/secretarias.fceqyn.unam.edu.ar\/secidi\/wp-json\/wp\/v2\/comments?post=42"}],"version-history":[{"count":256,"href":"https:\/\/secretarias.fceqyn.unam.edu.ar\/secidi\/wp-json\/wp\/v2\/pages\/42\/revisions"}],"predecessor-version":[{"id":1231,"href":"https:\/\/secretarias.fceqyn.unam.edu.ar\/secidi\/wp-json\/wp\/v2\/pages\/42\/revisions\/1231"}],"wp:attachment":[{"href":"https:\/\/secretarias.fceqyn.unam.edu.ar\/secidi\/wp-json\/wp\/v2\/media?parent=42"}],"curies":[{"name":"wp","href":"https:\/\/api.w.org\/{rel}","templated":true}]}}