{"id":672,"date":"2024-05-21T14:22:42","date_gmt":"2024-05-21T17:22:42","guid":{"rendered":"https:\/\/secretarias.fceqyn.unam.edu.ar\/extension\/?page_id=672"},"modified":"2024-05-21T14:31:30","modified_gmt":"2024-05-21T17:31:30","slug":"programa-de-educacion-ambiental","status":"publish","type":"page","link":"https:\/\/secretarias.fceqyn.unam.edu.ar\/extension\/programa-de-educacion-ambiental\/","title":{"rendered":"Programa de Educaci\u00f3n Ambiental"},"content":{"rendered":"\t\t<div data-elementor-type=\"wp-page\" data-elementor-id=\"672\" class=\"elementor elementor-672\" data-elementor-post-type=\"page\">\n\t\t\t\t<div data-particle_enable=\"false\" data-particle-mobile-disabled=\"false\" class=\"elementor-element elementor-element-b14f614 e-flex e-con-boxed e-con e-parent\" data-id=\"b14f614\" data-element_type=\"container\" data-core-v316-plus=\"true\">\n\t\t\t\t\t<div class=\"e-con-inner\">\n\t\t\t\t<div class=\"elementor-element elementor-element-09dcb14 elementor-widget elementor-widget-text-editor\" data-id=\"09dcb14\" data-element_type=\"widget\" data-widget_type=\"text-editor.default\">\n\t\t\t\t<div class=\"elementor-widget-container\">\n\t\t\t<style>\/*! elementor - v3.20.0 - 20-03-2024 *\/\n.elementor-widget-text-editor.elementor-drop-cap-view-stacked .elementor-drop-cap{background-color:#69727d;color:#fff}.elementor-widget-text-editor.elementor-drop-cap-view-framed .elementor-drop-cap{color:#69727d;border:3px solid;background-color:transparent}.elementor-widget-text-editor:not(.elementor-drop-cap-view-default) .elementor-drop-cap{margin-top:8px}.elementor-widget-text-editor:not(.elementor-drop-cap-view-default) .elementor-drop-cap-letter{width:1em;height:1em}.elementor-widget-text-editor .elementor-drop-cap{float:left;text-align:center;line-height:1;font-size:50px}.elementor-widget-text-editor .elementor-drop-cap-letter{display:inline-block}<\/style>\t\t\t\t<p><!-- wp:paragraph --><\/p><p>EDUCACION AMBIENTAL PARA EL DESARROLLO SOSTENIBLE<\/p><p><!-- \/wp:paragraph --> <!-- wp:separator {\"opacity\":\"css\"} --><\/p><hr class=\"wp-block-separator has-css-opacity\" \/><p><!-- \/wp:separator --> <!-- wp:paragraph --><\/p><p><a href=\"\/extension\/wp-content\/uploads\/sites\/4\/2019\/02\/Disposicion_1880.pdf\" target=\"_blank\" rel=\"noreferrer noopener\" aria-label=\"Disposici\u00f3n N\u00b0 1880 (abre en una nueva pesta\u00f1a)\">Disposici\u00f3n N\u00b0 1880<\/a><\/p><p><!-- \/wp:paragraph --> <!-- wp:separator {\"opacity\":\"css\"} --><\/p><hr class=\"wp-block-separator has-css-opacity\" \/><p><!-- \/wp:separator --> <!-- wp:paragraph --><\/p><p>La Educaci\u00f3n Ambiental para el Desarrollo Sostenible busca desarrollar competencias que <strong>EMPODEREN<\/strong> a los individuos para <strong>reflexionar sobre sus propias acciones<\/strong>, tomando en cuenta sus efectos sociales, culturales, econ\u00f3micos y ambientales actuales y futuros desde una perspectiva local y mundial.<\/p><p><!-- \/wp:paragraph --> <!-- wp:paragraph --><\/p><p>El PEA tiene los siguientes objetivos<\/p><p><!-- \/wp:paragraph --> <!-- wp:paragraph --><\/p><p>1. Desarrollar acciones que integren los principios, valores y pr\u00e1cticas del desarrollo sostenible en todas las facetas de la educaci\u00f3n y el aprendizaje.<\/p><p><!-- \/wp:paragraph --> <!-- wp:paragraph --><\/p><p>\u00a02. Fortalecer la educaci\u00f3n y el aprendizaje en actividades de promoci\u00f3n del desarrollo sostenible.<\/p><p><!-- \/wp:paragraph --> <!-- wp:paragraph --><\/p><p>3. Promover conciencia sobre el desarrollo humano basado en la sostenibilidad y responsabilidad global.<\/p><p><!-- \/wp:paragraph --> <!-- wp:paragraph --><\/p><p>4. Desarrollar la capacidad transformadora y participativa con significaci\u00f3n positiva hacia la sociedad<\/p><p><!-- \/wp:paragraph --> <!-- wp:list --><\/p><ul><!-- wp:list-item --><li>Proyecto 1. Educaci\u00f3n Ambiental. Dictado de Talleres de Educaci\u00f3n Ambiental a trav\u00e9s de convenios con otras Instituciones.<\/li><!-- \/wp:list-item --> <!-- wp:list-item --><li>Proyecto 2. Curso de Capacitaci\u00f3n y\u00a0 Actualizaci\u00f3n Metodol\u00f3gica en Educaci\u00f3n Ambiental. Aprobado por Res CD 481\/13. Curso dirigidos a docentes\u00a0 en actividad.<\/li><!-- \/wp:list-item --> <!-- wp:list-item --><li>Proyecto 3. REFLEXION Y DIVULGACION DEL DIA DEL AMBIENTE. Desde el 2013 y continua. Jornada Acad\u00e9mica dirigida a la comunidad educativa declarado de inter\u00e9s institucional.<\/li><!-- \/wp:list-item --> <!-- wp:list-item --><li>Res CD 511\/2013; 780\/2014; 339\/2015; 679\/2016; 574\/2017;<\/li><!-- \/wp:list-item --><\/ul><p><!-- \/wp:list --> <!-- wp:paragraph --><\/p><p>Link ICADES http:\/\/icades.fceqyn.unam.edu.ar\/<\/p><p><!-- \/wp:paragraph --><\/p>\t\t\t\t\t\t<\/div>\n\t\t\t\t<\/div>\n\t\t\t\t\t<\/div>\n\t\t\t\t<\/div>\n\t\t\t\t<\/div>\n\t\t","protected":false},"excerpt":{"rendered":"<p>EDUCACION AMBIENTAL PARA EL DESARROLLO SOSTENIBLE Disposici\u00f3n N\u00b0 1880 La Educaci\u00f3n Ambiental para el Desarrollo Sostenible busca desarrollar competencias que EMPODEREN a los individuos para reflexionar sobre sus propias acciones, tomando en cuenta sus efectos sociales, culturales, econ\u00f3micos y ambientales actuales y futuros desde una perspectiva local y mundial. El PEA tiene los siguientes objetivos [&hellip;]<\/p>\n","protected":false},"author":1,"featured_media":0,"parent":0,"menu_order":0,"comment_status":"closed","ping_status":"closed","template":"","meta":[],"_links":{"self":[{"href":"https:\/\/secretarias.fceqyn.unam.edu.ar\/extension\/wp-json\/wp\/v2\/pages\/672"}],"collection":[{"href":"https:\/\/secretarias.fceqyn.unam.edu.ar\/extension\/wp-json\/wp\/v2\/pages"}],"about":[{"href":"https:\/\/secretarias.fceqyn.unam.edu.ar\/extension\/wp-json\/wp\/v2\/types\/page"}],"author":[{"embeddable":true,"href":"https:\/\/secretarias.fceqyn.unam.edu.ar\/extension\/wp-json\/wp\/v2\/users\/1"}],"replies":[{"embeddable":true,"href":"https:\/\/secretarias.fceqyn.unam.edu.ar\/extension\/wp-json\/wp\/v2\/comments?post=672"}],"version-history":[{"count":4,"href":"https:\/\/secretarias.fceqyn.unam.edu.ar\/extension\/wp-json\/wp\/v2\/pages\/672\/revisions"}],"predecessor-version":[{"id":690,"href":"https:\/\/secretarias.fceqyn.unam.edu.ar\/extension\/wp-json\/wp\/v2\/pages\/672\/revisions\/690"}],"wp:attachment":[{"href":"https:\/\/secretarias.fceqyn.unam.edu.ar\/extension\/wp-json\/wp\/v2\/media?parent=672"}],"curies":[{"name":"wp","href":"https:\/\/api.w.org\/{rel}","templated":true}]}}